{"id":77,"date":"2025-03-30T17:19:19","date_gmt":"2025-03-30T20:19:19","guid":{"rendered":"http:\/\/pontocomletra.nossopapel.org.br\/?page_id=77"},"modified":"2026-02-20T12:37:02","modified_gmt":"2026-02-20T15:37:02","slug":"navegando-pela-ong-o-nosso-papel","status":"publish","type":"page","link":"https:\/\/pontocomletra.nossopapel.org.br\/?page_id=77","title":{"rendered":"NAVEGANDO PELA ONG O NOSSO PAPEL"},"content":{"rendered":"\n<p class=\"has-text-align-center has-black-color has-vivid-cyan-blue-background-color has-text-color has-background has-link-color has-medium-font-size wp-elements-79b4aa23c816df71f3d8d607edfc7fe1\"><strong>ONG O NOSSO PAPEL:<\/strong><\/p>\n\n\n\n<p class=\"has-black-color has-white-background-color has-text-color has-background has-link-color wp-elements-505e2f628a24c3ee57891c07849ea546\"><font dir=\"auto\" style=\"vertical-align: inherit;\"><font dir=\"auto\" style=\"vertical-align: inherit;\">\u00a0 <\/font><\/font>A Ong O Nosso Papel foi constitu\u00edda como pessoa jur\u00eddica a partir de agosto de 2001, como fruto de um trabalho em educa\u00e7\u00e3o ambiental, realizado, de 1991 ao ano 2000, pelo Programa de V\u00eddeos Ecol\u00f3gicos da PUC\/Rio. O PVE PUC\/Rio beneficiou cerca de 20 mil alunos das escolas p\u00fablicas e particulares do bairro da G\u00e1vea e replicou sua experi\u00eancia para 14 cidades do Estado do Rio de Janeiro atrav\u00e9s de diversos patrocinadores.<br>A partir da cria\u00e7\u00e3o da Ong O Nosso Papel, a \u00e1rea de atua\u00e7\u00e3o foi ampliada e al\u00e9m de semear a educa\u00e7\u00e3o ambiental, passou a realizar projetos socioculturais e educacionais com o objetivo de estimular a inclus\u00e3o de crian\u00e7as, jovens e adultos, atrav\u00e9s de cursos e oficinas art\u00edsticas, liter\u00e1rias, audiovisuais e tecnol\u00f3gicas, que contribuam para o posicionamento cr\u00edtico, empreendedor e criativo do p\u00fablico beneficiado.<br>O Nosso Papel j\u00e1 atuou em diversas comunidades no munic\u00edpio do Rio de Janeiro, como por exemplo: Cerro Cora, Guararapes e Vila C\u00e2ndida, localizadas no bairro do Cosme Velho; Tavares Bastos, localizada no bairro do Catete; J\u00falio Otoni, localizada no bairro de Santa Teresa; Morro da Provid\u00eancia, localizada na Gamboa; e Ilha de Paquet\u00e1, bairro que faz parte do Centro do Rio. No Estado do Rio de Janeiro, realizou atividades nas comunidades de Maru\u00ed Grande, no bairro do Barreto, Mag\u00e9, Maric\u00e1, Saquarema, Duque de Caxias, Mendes, entre outras.<\/p>\n\n\n\n<p class=\"has-black-color has-white-background-color has-text-color has-background has-link-color wp-elements-18bc78fc6f4e68213880307499cd044a\"><\/p>\n\n\n\n<p class=\"has-black-color has-pale-cyan-blue-background-color has-text-color has-background has-link-color wp-elements-e224322c4c893c2c67984470fa456c99\"><strong>NOSSA HISTORIA EM PAQUET\u00c1:<\/strong><strong><\/strong><\/p>\n\n\n\n<p class=\"has-black-color has-text-color has-link-color wp-elements-a1976f96e0247a320950900a9f5e01ab\">   <font dir=\"auto\" style=\"vertical-align: inherit;\"><font dir=\"auto\" style=\"vertical-align: inherit;\">O projeto Ponto de Cultura Fazendo a Diferen\u00e7a em Paquet\u00e1, nasceu na ilha em 1999, sendo fruto do sonho de moradores especiais como o Gato e a Flor, que realizavam mostras de cinema na pra\u00e7a; Ana Claudia Casado, Valeria Maia (in memoriam), M\u00e1rcia Ferraz (in memoriam) e outros amigos que participavam da Ong Garoupa e do Bloco das Crian\u00e7as. J\u00falio Cesar da Silva, mais conhecido como Sorriso, que dava aulas de fotografia para alunos das escolas p\u00fablicas locais como voluntario e, posteriormente, Cec\u00edlia Fonseca, que fizeram um trabalho de excel\u00eancia com a fotografia. Em maio de 2008, com o in\u00edcio das atividades, a Capoeira foi acrescida ao Ponto de Cultura com a participa\u00e7\u00e3o de \u00c1tila Maciel, Hudson Rosa e Mestre Pedra. Florence Jacq, na \u00e9poca moradora de Paquet\u00e1, reuniu em um projeto todas as atividades j\u00e1 existentes e enviou o material para M\u00e1rcio Carvalho (in memoriam) que encaminhou o \u201csonho\u201d para Claudia Luna da Ong O Nosso Papel em uma reuni\u00e3o de diretoria do SEERJ \u2014 Sindicato dos Escritores do Estado do Rio de Janeiro, gest\u00e3o do poeta e escritor Tanussi Cardoso, do qual ambos faziam parte. Claudia Luna acreditou na import\u00e2ncia do sonho e encaminhou o projeto para o Edital Cultura Viva do Minist\u00e9rio da Cultura de 2005. Com a aprova\u00e7\u00e3o no Edital e gra\u00e7as ao empenho, carinho e dedica\u00e7\u00e3o da equipe local e de todos os parceiros ao longo dos anos, o que era sonho se transformou em realidade. Projeto Ponto de Cultura Fazendo a Diferen\u00e7a em Paquet\u00e1 nasceu na Ilha em 1999 sendo fruto do sonho de Paquetaenses especiais, como o Gato e a Flor que realizaram Mostras de Cinema na Pra\u00e7a, Ana Claudia Casado, Val\u00e9ria Maia, M\u00e1rcia Ferraz e muitos amigos que participaram da Ong Garopa e do Bloco das Crian\u00e7as, \u00c0tila Maciel e Hudson Rosa aulas do Mestre Pedra com aulas de Capoeira, Julio Cesar da Silva (Sorriso) e Cec\u00edlia Fonseca, fot\u00f3grafos da Ilha e Flor (Florence Jacq), que reuniram em um projeto todas as atividades organizadas de forma volunt\u00e1ria para crian\u00e7as, jovens e adultos. O projeto passou tamb\u00e9m pelas m\u00e3os de M\u00e1rcio Carvalho (In Memorium), professor de Teatro e escritor que encaminhou o sonho\/projeto a Claudia Luna da Ong O Nosso Papel, que acreditou na import\u00e2ncia do sonho de pessoas que fazem o ideal de um mundo mais digno e solid\u00e1rio a sua verdadeira miss\u00e3o.<\/font><\/font><\/p>\n\n\n\n<p class=\"has-black-color has-text-color has-link-color wp-elements-9ac00cf961d1ea846fe5a532228b76c6\"><\/p>\n\n\n\n<p class=\"has-black-color has-pale-cyan-blue-background-color has-text-color has-background has-link-color wp-elements-39f43af99d9ca6590d17545d695ea0ea\"><strong>SOBRE A ILHA DE PAQUET\u00c1:<\/strong><strong><\/strong><\/p>\n\n\n\n<p class=\"has-black-color has-text-color has-link-color wp-elements-cd2064541fca39ddd55a55cdd934df46\">  <font dir=\"auto\" style=\"vertical-align: inherit;\"><font dir=\"auto\" style=\"vertical-align: inherit;\">A ilha foi encontrada em 1555, por Andr\u00e9 Thevet, cosm\u00f3grafo da expedi\u00e7\u00e3o de Villegaignon e est\u00e1 localizada no interior da Ba\u00eda de Guanabara sendo bairro da cidade do Rio de Janeiro. A ilha tem uma \u00e1rea de 1,2km, com cerca de 3.612 habitantes e \u00e9 conhecida pelas suas caracter\u00edsticas peculiares em hist\u00f3rias e lendas, recantos buc\u00f3licos, praias pequenas, bens arquitet\u00f4nicos do per\u00edodo colonial tombados e eventos tradicionais como as festas de S\u00e3o Roque e S\u00e3o Pedro, al\u00e9m de \u00e1reas verdes. A ilha integra um arquip\u00e9lago com outras pequenas ilhas e possui relevo com nove morros e \u00e1reas verdes. Paquet\u00e1 \u00e9 protegida como uma \u00e1rea de Prote\u00e7\u00e3o do Ambiente Cultural \u2014 APAC. A Ilha de Paquet\u00e1 tem forte apelo tur\u00edstico, \u00e9 acess\u00edvel por barcas que saem da Pra\u00e7a XV e a mobilidade interna \u00e9 feita com bicicletas e eco t\u00e1xis.<\/font><\/font><\/p>\n\n\n\n<p class=\"has-black-color has-text-color has-link-color wp-elements-9ac00cf961d1ea846fe5a532228b76c6\"><\/p>\n\n\n\n<p class=\"has-black-color has-pale-cyan-blue-background-color has-text-color has-background has-link-color wp-elements-7841f8b19ac5e10234b64a759763fe1b\"><strong>PARA FAZER A DIFEREN\u00c7A:<\/strong><\/p>\n\n\n\n<p class=\"has-black-color has-text-color has-link-color wp-elements-bb923f2a48ac2b1086c3a21131a8107f\">  Trabalhamos com pessoas locais, que j\u00e1 desenvolviam trabalhos socioculturais, potencializando suas a\u00e7\u00f5es. De acordo com as palavras da aluna Helena Gerard: \u201cO Ponto funciona em Paquet\u00e1 como uma janela para o mundo\u201d.<\/p>\n\n\n\n<p>  Em 2008 quando iniciamos o projeto do Ponto de Cultura Fazendo a Diferen\u00e7a em Paquet\u00e1, fomos recebidos pela gerente da Biblioteca Municipal Joaquim Manuel de Macedo Rosangela Fernandes no Solar Del Rey, que com autoriza\u00e7\u00e3o da Secretaria Municipal de Cultura do Rio de Janeiro, abriu as portas para a implanta\u00e7\u00e3o do ponto de refer\u00eancia para o projeto.<\/p>\n\n\n\n<p class=\"has-black-color has-text-color has-link-color wp-elements-881549c0fa514a907f903b268528090e\">  A partir da aprova\u00e7\u00e3o do Ponto de Cultura Fazendo a Diferen\u00e7a em Paquet\u00e1 no edital SMCRJ \u2014 Secretaria Municipal de Cultura do Rio de Janeiro, para Pontos de Cultura da Rede Carioca em 2014, o projeto passou a ser organizado em tr\u00eas ilhas: Ilha digital \u2014 Realiza atividades relacionadas a tecnologia como oficinas de inform\u00e1tica e realidade virtual. Em 2015 atrav\u00e9s do envio do projeto por Jos\u00e9 Felipe Lima para o Edital do Minist\u00e9rio da Cultura de Pontos de M\u00eddia Livre foi premiado e chancelado. Essa Ilha beneficiou a comunidade devido \u00e0 parceria da Ong O Nosso Papel e a empresa Google, viabilizando, atrav\u00e9s de seu coordenador a inser\u00e7\u00e3o de Paquet\u00e1 no Google Street View; Ilha audiovisual \u2014 Realiza atividades relacionadas a fotografia para crian\u00e7as e jovens. Atrav\u00e9s do olhar dos alunos, diversos aspectos da ilha s\u00e3o registrados e, a partir de 2014, foi poss\u00edvel realizar a cobertura fotogr\u00e1fica do entorno da Ba\u00eda de Guanabara, contribuindo para a amplia\u00e7\u00e3o do acervo de imagens e produ\u00e7\u00e3o de novas exposi\u00e7\u00f5es de cunho itinerante; Ilha difusiva \u2014 Re\u00fane diversas a\u00e7\u00f5es como palestras, oficinas art\u00edsticas e ambientais, literatura e eventos.<\/p>\n\n\n\n<p class=\"has-black-color has-text-color has-link-color wp-elements-9ac00cf961d1ea846fe5a532228b76c6\"><\/p>\n\n\n\n<p class=\"has-black-color has-text-color has-link-color wp-elements-9ac00cf961d1ea846fe5a532228b76c6\"><\/p>\n\n\n\n<p><\/p>\n","protected":false},"excerpt":{"rendered":"<p>ONG O NOSSO PAPEL: \u00a0 A Ong O Nosso Papel foi constitu\u00edda como pessoa jur\u00eddica a partir de agosto de<\/p>\n","protected":false},"author":2,"featured_media":0,"parent":0,"menu_order":0,"comment_status":"closed","ping_status":"closed","template":"","meta":{"colormag_page_layout":"default_layout","_editorskit_title_hidden":false,"_editorskit_reading_time":0,"_editorskit_is_block_options_detached":false,"_editorskit_block_options_position":"{}","footnotes":""},"class_list":["post-77","page","type-page","status-publish","hentry"],"_links":{"self":[{"href":"https:\/\/pontocomletra.nossopapel.org.br\/index.php?rest_route=\/wp\/v2\/pages\/77","targetHints":{"allow":["GET"]}}],"collection":[{"href":"https:\/\/pontocomletra.nossopapel.org.br\/index.php?rest_route=\/wp\/v2\/pages"}],"about":[{"href":"https:\/\/pontocomletra.nossopapel.org.br\/index.php?rest_route=\/wp\/v2\/types\/page"}],"author":[{"embeddable":true,"href":"https:\/\/pontocomletra.nossopapel.org.br\/index.php?rest_route=\/wp\/v2\/users\/2"}],"replies":[{"embeddable":true,"href":"https:\/\/pontocomletra.nossopapel.org.br\/index.php?rest_route=%2Fwp%2Fv2%2Fcomments&post=77"}],"version-history":[{"count":3,"href":"https:\/\/pontocomletra.nossopapel.org.br\/index.php?rest_route=\/wp\/v2\/pages\/77\/revisions"}],"predecessor-version":[{"id":1800,"href":"https:\/\/pontocomletra.nossopapel.org.br\/index.php?rest_route=\/wp\/v2\/pages\/77\/revisions\/1800"}],"wp:attachment":[{"href":"https:\/\/pontocomletra.nossopapel.org.br\/index.php?rest_route=%2Fwp%2Fv2%2Fmedia&parent=77"}],"curies":[{"name":"wp","href":"https:\/\/api.w.org\/{rel}","templated":true}]}}