{"id":434,"date":"2025-06-09T12:03:10","date_gmt":"2025-06-09T15:03:10","guid":{"rendered":"https:\/\/pontocomletra.nossopapel.org.br\/?page_id=434"},"modified":"2026-02-25T10:09:20","modified_gmt":"2026-02-25T13:09:20","slug":"livros","status":"publish","type":"page","link":"https:\/\/pontocomletra.nossopapel.org.br\/?page_id=434","title":{"rendered":"LIVROS"},"content":{"rendered":"\n<p class=\"has-text-align-center has-white-color has-black-background-color has-text-color has-background has-link-color has-medium-font-size wp-elements-0add655abbf4f6ff63aed1c7155d7cef\" style=\"margin-top:0px;margin-bottom:0px;padding-top:0px;padding-bottom:0px\">  O QUE SABIA O COLIBRI?<\/p>\n\n\n\n<p class=\"has-text-align-center has-white-color has-black-background-color has-text-color has-background has-link-color has-medium-font-size wp-elements-7119129a8ef002f7ac77828ec09c9df1\" style=\"margin-top:0px;margin-bottom:0px;padding-top:0px;padding-bottom:0px\">AUTORA :Priscila Fernanda<\/p>\n\n\n\n<p class=\"has-text-align-center has-white-color has-black-background-color has-text-color has-background has-link-color has-medium-font-size wp-elements-d9c2a698373e2a923ed3b4f1783ed8c3\" style=\"margin-top:0px;margin-bottom:0px;padding-top:0px;padding-bottom:0px\">INLUSTRADORA: Val Mello<\/p>\n\n\n\n<p>O livro<strong>&nbsp;O QUE SABIA O COLIBRI?<\/strong>&nbsp;de Priscila Fernanda,\u00e9 uma fascinante hist\u00f3ria para crian\u00e7as, ambientada em um bosque encantado. O livro explora autoconhecimento e amizade, ensina a import\u00e2ncia de sentir, pensar e se conectar com os outros. Possui capa e ilustra\u00e7\u00f5es produzidas por Val Mello, que al\u00e9m de ilustradora \u00e9 tamb\u00e9m escritora. Foi publicado pela Ventura Editora em 2024.<\/p>\n\n\n\n<figure class=\"wp-block-image size-large\"><img loading=\"lazy\" decoding=\"async\" width=\"1024\" height=\"768\" src=\"http:\/\/pontocomletra.nossopapel.org.br\/wp-content\/uploads\/2025\/06\/WhatsApp-Image-2025-06-09-at-12.48.02-1024x768.jpeg\" alt=\"\" class=\"wp-image-452\" srcset=\"https:\/\/pontocomletra.nossopapel.org.br\/wp-content\/uploads\/2025\/06\/WhatsApp-Image-2025-06-09-at-12.48.02-1024x768.jpeg 1024w, https:\/\/pontocomletra.nossopapel.org.br\/wp-content\/uploads\/2025\/06\/WhatsApp-Image-2025-06-09-at-12.48.02-300x225.jpeg 300w, https:\/\/pontocomletra.nossopapel.org.br\/wp-content\/uploads\/2025\/06\/WhatsApp-Image-2025-06-09-at-12.48.02-768x576.jpeg 768w, https:\/\/pontocomletra.nossopapel.org.br\/wp-content\/uploads\/2025\/06\/WhatsApp-Image-2025-06-09-at-12.48.02-1536x1152.jpeg 1536w, https:\/\/pontocomletra.nossopapel.org.br\/wp-content\/uploads\/2025\/06\/WhatsApp-Image-2025-06-09-at-12.48.02.jpeg 1600w\" sizes=\"auto, (max-width: 1024px) 100vw, 1024px\" \/><\/figure>\n\n\n\n<figure class=\"wp-block-gallery has-nested-images columns-default is-cropped wp-block-gallery-1 is-layout-flex wp-block-gallery-is-layout-flex\">\n<figure class=\"wp-block-image size-large\"><img loading=\"lazy\" decoding=\"async\" width=\"661\" height=\"1024\" data-id=\"455\" src=\"https:\/\/pontocomletra.nossopapel.org.br\/wp-content\/uploads\/2025\/06\/WhatsApp-Image-2025-06-09-at-12.48.00-2-661x1024.jpeg\" alt=\"\" class=\"wp-image-455\" srcset=\"https:\/\/pontocomletra.nossopapel.org.br\/wp-content\/uploads\/2025\/06\/WhatsApp-Image-2025-06-09-at-12.48.00-2-661x1024.jpeg 661w, https:\/\/pontocomletra.nossopapel.org.br\/wp-content\/uploads\/2025\/06\/WhatsApp-Image-2025-06-09-at-12.48.00-2-194x300.jpeg 194w, https:\/\/pontocomletra.nossopapel.org.br\/wp-content\/uploads\/2025\/06\/WhatsApp-Image-2025-06-09-at-12.48.00-2-768x1190.jpeg 768w, https:\/\/pontocomletra.nossopapel.org.br\/wp-content\/uploads\/2025\/06\/WhatsApp-Image-2025-06-09-at-12.48.00-2-992x1536.jpeg 992w, https:\/\/pontocomletra.nossopapel.org.br\/wp-content\/uploads\/2025\/06\/WhatsApp-Image-2025-06-09-at-12.48.00-2.jpeg 1033w\" sizes=\"auto, (max-width: 661px) 100vw, 661px\" \/><\/figure>\n\n\n\n<figure class=\"wp-block-image size-large\"><img loading=\"lazy\" decoding=\"async\" width=\"768\" height=\"1024\" data-id=\"453\" src=\"https:\/\/pontocomletra.nossopapel.org.br\/wp-content\/uploads\/2025\/06\/WhatsApp-Image-2025-06-09-at-12.48.01-1-768x1024.jpeg\" alt=\"\" class=\"wp-image-453\" srcset=\"https:\/\/pontocomletra.nossopapel.org.br\/wp-content\/uploads\/2025\/06\/WhatsApp-Image-2025-06-09-at-12.48.01-1-768x1024.jpeg 768w, https:\/\/pontocomletra.nossopapel.org.br\/wp-content\/uploads\/2025\/06\/WhatsApp-Image-2025-06-09-at-12.48.01-1-225x300.jpeg 225w, https:\/\/pontocomletra.nossopapel.org.br\/wp-content\/uploads\/2025\/06\/WhatsApp-Image-2025-06-09-at-12.48.01-1-1152x1536.jpeg 1152w, https:\/\/pontocomletra.nossopapel.org.br\/wp-content\/uploads\/2025\/06\/WhatsApp-Image-2025-06-09-at-12.48.01-1.jpeg 1200w\" sizes=\"auto, (max-width: 768px) 100vw, 768px\" \/><\/figure>\n<\/figure>\n\n\n\n<figure class=\"wp-block-image size-large\"><img loading=\"lazy\" decoding=\"async\" width=\"1024\" height=\"768\" src=\"http:\/\/pontocomletra.nossopapel.org.br\/wp-content\/uploads\/2025\/06\/WhatsApp-Image-2025-06-09-at-12.48.00-1024x768.jpeg\" alt=\"\" class=\"wp-image-457\" srcset=\"https:\/\/pontocomletra.nossopapel.org.br\/wp-content\/uploads\/2025\/06\/WhatsApp-Image-2025-06-09-at-12.48.00-1024x768.jpeg 1024w, https:\/\/pontocomletra.nossopapel.org.br\/wp-content\/uploads\/2025\/06\/WhatsApp-Image-2025-06-09-at-12.48.00-300x225.jpeg 300w, https:\/\/pontocomletra.nossopapel.org.br\/wp-content\/uploads\/2025\/06\/WhatsApp-Image-2025-06-09-at-12.48.00-768x576.jpeg 768w, https:\/\/pontocomletra.nossopapel.org.br\/wp-content\/uploads\/2025\/06\/WhatsApp-Image-2025-06-09-at-12.48.00-1536x1152.jpeg 1536w, https:\/\/pontocomletra.nossopapel.org.br\/wp-content\/uploads\/2025\/06\/WhatsApp-Image-2025-06-09-at-12.48.00.jpeg 1600w\" sizes=\"auto, (max-width: 1024px) 100vw, 1024px\" \/><\/figure>\n\n\n\n<figure class=\"wp-block-image size-large\"><img loading=\"lazy\" decoding=\"async\" width=\"1024\" height=\"768\" src=\"http:\/\/pontocomletra.nossopapel.org.br\/wp-content\/uploads\/2025\/06\/WhatsApp-Image-2025-06-09-at-12.48.00-1-1024x768.jpeg\" alt=\"\" class=\"wp-image-456\" srcset=\"https:\/\/pontocomletra.nossopapel.org.br\/wp-content\/uploads\/2025\/06\/WhatsApp-Image-2025-06-09-at-12.48.00-1-1024x768.jpeg 1024w, https:\/\/pontocomletra.nossopapel.org.br\/wp-content\/uploads\/2025\/06\/WhatsApp-Image-2025-06-09-at-12.48.00-1-300x225.jpeg 300w, https:\/\/pontocomletra.nossopapel.org.br\/wp-content\/uploads\/2025\/06\/WhatsApp-Image-2025-06-09-at-12.48.00-1-768x576.jpeg 768w, https:\/\/pontocomletra.nossopapel.org.br\/wp-content\/uploads\/2025\/06\/WhatsApp-Image-2025-06-09-at-12.48.00-1-1536x1152.jpeg 1536w, https:\/\/pontocomletra.nossopapel.org.br\/wp-content\/uploads\/2025\/06\/WhatsApp-Image-2025-06-09-at-12.48.00-1.jpeg 1600w\" sizes=\"auto, (max-width: 1024px) 100vw, 1024px\" \/><\/figure>\n\n\n\n<figure class=\"wp-block-image size-large\"><img loading=\"lazy\" decoding=\"async\" width=\"1024\" height=\"725\" src=\"http:\/\/pontocomletra.nossopapel.org.br\/wp-content\/uploads\/2025\/06\/WhatsApp-Image-2025-06-09-at-12.48.01-1024x725.jpeg\" alt=\"\" class=\"wp-image-454\" srcset=\"https:\/\/pontocomletra.nossopapel.org.br\/wp-content\/uploads\/2025\/06\/WhatsApp-Image-2025-06-09-at-12.48.01-1024x725.jpeg 1024w, https:\/\/pontocomletra.nossopapel.org.br\/wp-content\/uploads\/2025\/06\/WhatsApp-Image-2025-06-09-at-12.48.01-300x212.jpeg 300w, https:\/\/pontocomletra.nossopapel.org.br\/wp-content\/uploads\/2025\/06\/WhatsApp-Image-2025-06-09-at-12.48.01-768x544.jpeg 768w, https:\/\/pontocomletra.nossopapel.org.br\/wp-content\/uploads\/2025\/06\/WhatsApp-Image-2025-06-09-at-12.48.01-1536x1088.jpeg 1536w, https:\/\/pontocomletra.nossopapel.org.br\/wp-content\/uploads\/2025\/06\/WhatsApp-Image-2025-06-09-at-12.48.01.jpeg 1600w\" sizes=\"auto, (max-width: 1024px) 100vw, 1024px\" \/><\/figure>\n\n\n\n<figure class=\"wp-block-gallery has-nested-images columns-default is-cropped wp-block-gallery-2 is-layout-flex wp-block-gallery-is-layout-flex\">\n<figure class=\"wp-block-image size-large\"><img loading=\"lazy\" decoding=\"async\" width=\"1024\" height=\"768\" data-id=\"458\" src=\"https:\/\/pontocomletra.nossopapel.org.br\/wp-content\/uploads\/2025\/06\/WhatsApp-Image-2025-06-09-at-12.47.59-1024x768.jpeg\" alt=\"\" class=\"wp-image-458\" srcset=\"https:\/\/pontocomletra.nossopapel.org.br\/wp-content\/uploads\/2025\/06\/WhatsApp-Image-2025-06-09-at-12.47.59-1024x768.jpeg 1024w, https:\/\/pontocomletra.nossopapel.org.br\/wp-content\/uploads\/2025\/06\/WhatsApp-Image-2025-06-09-at-12.47.59-300x225.jpeg 300w, https:\/\/pontocomletra.nossopapel.org.br\/wp-content\/uploads\/2025\/06\/WhatsApp-Image-2025-06-09-at-12.47.59-768x576.jpeg 768w, https:\/\/pontocomletra.nossopapel.org.br\/wp-content\/uploads\/2025\/06\/WhatsApp-Image-2025-06-09-at-12.47.59-1536x1152.jpeg 1536w, https:\/\/pontocomletra.nossopapel.org.br\/wp-content\/uploads\/2025\/06\/WhatsApp-Image-2025-06-09-at-12.47.59.jpeg 1600w\" sizes=\"auto, (max-width: 1024px) 100vw, 1024px\" \/><\/figure>\n\n\n\n<figure class=\"wp-block-image size-large\"><img loading=\"lazy\" decoding=\"async\" width=\"783\" height=\"1024\" data-id=\"451\" src=\"https:\/\/pontocomletra.nossopapel.org.br\/wp-content\/uploads\/2025\/06\/WhatsApp-Image-2025-06-09-at-12.48.02-1-783x1024.jpeg\" alt=\"\" class=\"wp-image-451\" srcset=\"https:\/\/pontocomletra.nossopapel.org.br\/wp-content\/uploads\/2025\/06\/WhatsApp-Image-2025-06-09-at-12.48.02-1-783x1024.jpeg 783w, https:\/\/pontocomletra.nossopapel.org.br\/wp-content\/uploads\/2025\/06\/WhatsApp-Image-2025-06-09-at-12.48.02-1-229x300.jpeg 229w, https:\/\/pontocomletra.nossopapel.org.br\/wp-content\/uploads\/2025\/06\/WhatsApp-Image-2025-06-09-at-12.48.02-1-768x1005.jpeg 768w, https:\/\/pontocomletra.nossopapel.org.br\/wp-content\/uploads\/2025\/06\/WhatsApp-Image-2025-06-09-at-12.48.02-1-1174x1536.jpeg 1174w, https:\/\/pontocomletra.nossopapel.org.br\/wp-content\/uploads\/2025\/06\/WhatsApp-Image-2025-06-09-at-12.48.02-1.jpeg 1214w\" sizes=\"auto, (max-width: 783px) 100vw, 783px\" \/><\/figure>\n<\/figure>\n\n\n\n<p><\/p>\n\n\n\n<p><\/p>\n\n\n\n<p class=\"has-text-align-center has-white-color has-black-background-color has-text-color has-background has-link-color has-medium-font-size wp-elements-a48ab59fe6ebecf3253fd8e7146fd7e1\" style=\"border-radius:1px;border-right-style:none;border-right-width:0px;border-bottom-style:none;border-bottom-width:0px;border-left-style:none;border-left-width:0px;margin-top:0;margin-right:0;margin-bottom:0;margin-left:0\">VAI PINTA &#8211; Luna Maggalh\u00e3es<\/p>\n\n\n\n<iframe loading=\"lazy\" width=\"560\" height=\"315\" src=\"https:\/\/www.youtube.com\/embed\/ITMTzRm7kVc?si=l6ydgAQ6f82vnxr_\" title=\"YouTube video player\" frameborder=\"0\" allow=\"accelerometer; autoplay; clipboard-write; encrypted-media; gyroscope; picture-in-picture; web-share\" referrerpolicy=\"strict-origin-when-cross-origin\" allowfullscreen><\/iframe>\n\n\n\n<p>Vai Pintar, o 2\u00ba Lan\u00e7amento do Livro de Luna Maggalh\u00e3es, com exposi\u00e7\u00e3o de arte, sarau, muito afeto e microfone aberto!<br>No cora\u00e7\u00e3o da Lapa, dia 18 de junho, o encontro pulsante com muita poesia viva e espa\u00e7o para quem quiser recitar, cantar ou compartilhar sentimentos.<br>A partir das 17h, na Coffeebreak Cafeteria (Av. Henrique Valadares, 17A \u2013 Lapa).<\/p>\n\n\n\n<p>O livro \u00e9 beneficente e parte da renda ser\u00e1 revertida para o @versosevozesprojetosocial. <\/p>\n\n\n\n<p>Publicado pela Ventura Editora. <\/p>\n\n\n\n<p>\u00c9 a arte usada como ferramenta de transforma\u00e7\u00e3o social.<\/p>\n\n\n\n<figure class=\"wp-block-gallery has-nested-images columns-default is-cropped wp-block-gallery-3 is-layout-flex wp-block-gallery-is-layout-flex\">\n<figure class=\"wp-block-image size-large\"><img loading=\"lazy\" decoding=\"async\" width=\"986\" height=\"1024\" data-id=\"553\" src=\"https:\/\/pontocomletra.nossopapel.org.br\/wp-content\/uploads\/2025\/06\/WhatsApp-Image-2025-06-15-at-11.44.32-1-986x1024.jpeg\" alt=\"\" class=\"wp-image-553\" srcset=\"https:\/\/pontocomletra.nossopapel.org.br\/wp-content\/uploads\/2025\/06\/WhatsApp-Image-2025-06-15-at-11.44.32-1-986x1024.jpeg 986w, https:\/\/pontocomletra.nossopapel.org.br\/wp-content\/uploads\/2025\/06\/WhatsApp-Image-2025-06-15-at-11.44.32-1-289x300.jpeg 289w, https:\/\/pontocomletra.nossopapel.org.br\/wp-content\/uploads\/2025\/06\/WhatsApp-Image-2025-06-15-at-11.44.32-1-768x797.jpeg 768w, https:\/\/pontocomletra.nossopapel.org.br\/wp-content\/uploads\/2025\/06\/WhatsApp-Image-2025-06-15-at-11.44.32-1-1479x1536.jpeg 1479w, https:\/\/pontocomletra.nossopapel.org.br\/wp-content\/uploads\/2025\/06\/WhatsApp-Image-2025-06-15-at-11.44.32-1.jpeg 1541w\" sizes=\"auto, (max-width: 986px) 100vw, 986px\" \/><\/figure>\n\n\n\n<figure class=\"wp-block-image size-large\"><img loading=\"lazy\" decoding=\"async\" width=\"953\" height=\"1024\" data-id=\"554\" src=\"https:\/\/pontocomletra.nossopapel.org.br\/wp-content\/uploads\/2025\/06\/WhatsApp-Image-2025-06-15-at-11.44.32-953x1024.jpeg\" alt=\"\" class=\"wp-image-554\" srcset=\"https:\/\/pontocomletra.nossopapel.org.br\/wp-content\/uploads\/2025\/06\/WhatsApp-Image-2025-06-15-at-11.44.32-953x1024.jpeg 953w, https:\/\/pontocomletra.nossopapel.org.br\/wp-content\/uploads\/2025\/06\/WhatsApp-Image-2025-06-15-at-11.44.32-279x300.jpeg 279w, https:\/\/pontocomletra.nossopapel.org.br\/wp-content\/uploads\/2025\/06\/WhatsApp-Image-2025-06-15-at-11.44.32-768x825.jpeg 768w, https:\/\/pontocomletra.nossopapel.org.br\/wp-content\/uploads\/2025\/06\/WhatsApp-Image-2025-06-15-at-11.44.32.jpeg 976w\" sizes=\"auto, (max-width: 953px) 100vw, 953px\" \/><\/figure>\n\n\n\n<figure class=\"wp-block-image size-large\"><img loading=\"lazy\" decoding=\"async\" width=\"749\" height=\"1024\" data-id=\"552\" src=\"https:\/\/pontocomletra.nossopapel.org.br\/wp-content\/uploads\/2025\/06\/WhatsApp-Image-2025-06-15-at-11.44.33-749x1024.jpeg\" alt=\"\" class=\"wp-image-552\" srcset=\"https:\/\/pontocomletra.nossopapel.org.br\/wp-content\/uploads\/2025\/06\/WhatsApp-Image-2025-06-15-at-11.44.33-749x1024.jpeg 749w, https:\/\/pontocomletra.nossopapel.org.br\/wp-content\/uploads\/2025\/06\/WhatsApp-Image-2025-06-15-at-11.44.33-220x300.jpeg 220w, https:\/\/pontocomletra.nossopapel.org.br\/wp-content\/uploads\/2025\/06\/WhatsApp-Image-2025-06-15-at-11.44.33-768x1049.jpeg 768w, https:\/\/pontocomletra.nossopapel.org.br\/wp-content\/uploads\/2025\/06\/WhatsApp-Image-2025-06-15-at-11.44.33.jpeg 901w\" sizes=\"auto, (max-width: 749px) 100vw, 749px\" \/><\/figure>\n<\/figure>\n\n\n\n<p><\/p>\n\n\n\n<p class=\"has-text-align-center has-white-color has-black-background-color has-text-color has-background has-link-color has-medium-font-size wp-elements-9f049ef74e656c5b9f7b505f95be1643\"><strong> ESCRITORA L\u00cdGIA FEIJ\u00d3<\/strong><\/p>\n\n\n\n<p>L\u00edgia Feij\u00f3 \u00e9 qu\u00edmica aposentada, jornalista, professora de yoga, arte terapeuta, escritora e contadora de hist\u00f3rias. Realiza em creches, escolas, centros comunit\u00e1rios, entre outros locais, atividades com sensibiliza\u00e7\u00e3o e conta\u00e7\u00e3o de hist\u00f3rias para crian\u00e7as e adultos.<\/p>\n\n\n\n<p>Escreveu o &#8220;Para onde vai a Folha&#8221;, &#8220;Jo\u00e3o e o Medo&#8221;, que trabalha junto \u00e0s crian\u00e7as, pais e educadores os medos das crian\u00e7as, no final do livro se encontra um exerc\u00edcio para esse di\u00e1logo com os adultos. Escreveu tamb\u00e9m a &#8220;Amiga On\u00e7a&#8221;, um livro que al\u00e9m de oferecer uma s\u00e9rie de yoga para ser praticada, fala de empatia e acolhimento, traz tamb\u00e9m uma m\u00fasica para ser compartilhada, e &#8220;Para brincar no c\u00e9u&#8221;, nesse livro \u00e9 apresentado o ciclo das \u00e1guas na natureza, a classifica\u00e7\u00e3o das nuvens de forma divertida e tem uma proposta de exerc\u00edcio l\u00fadico ao final do livro, foi ilustrado por uma crian\u00e7a de 11 anos.<\/p>\n\n\n\n<figure class=\"wp-block-image size-large\"><img loading=\"lazy\" decoding=\"async\" width=\"604\" height=\"1024\" src=\"http:\/\/pontocomletra.nossopapel.org.br\/wp-content\/uploads\/2025\/06\/WhatsApp-Image-2025-06-23-at-08.09.51-1-1-604x1024.jpeg\" alt=\"\" class=\"wp-image-605\" srcset=\"https:\/\/pontocomletra.nossopapel.org.br\/wp-content\/uploads\/2025\/06\/WhatsApp-Image-2025-06-23-at-08.09.51-1-1-604x1024.jpeg 604w, https:\/\/pontocomletra.nossopapel.org.br\/wp-content\/uploads\/2025\/06\/WhatsApp-Image-2025-06-23-at-08.09.51-1-1-177x300.jpeg 177w, https:\/\/pontocomletra.nossopapel.org.br\/wp-content\/uploads\/2025\/06\/WhatsApp-Image-2025-06-23-at-08.09.51-1-1-768x1302.jpeg 768w, https:\/\/pontocomletra.nossopapel.org.br\/wp-content\/uploads\/2025\/06\/WhatsApp-Image-2025-06-23-at-08.09.51-1-1-906x1536.jpeg 906w, https:\/\/pontocomletra.nossopapel.org.br\/wp-content\/uploads\/2025\/06\/WhatsApp-Image-2025-06-23-at-08.09.51-1-1.jpeg 944w\" sizes=\"auto, (max-width: 604px) 100vw, 604px\" \/><\/figure>\n\n\n\n<p><\/p>\n\n\n\n<figure class=\"wp-block-gallery has-nested-images columns-default is-cropped wp-block-gallery-4 is-layout-flex wp-block-gallery-is-layout-flex\">\n<figure class=\"wp-block-image size-large\"><img loading=\"lazy\" decoding=\"async\" width=\"732\" height=\"1024\" data-id=\"611\" src=\"https:\/\/pontocomletra.nossopapel.org.br\/wp-content\/uploads\/2025\/06\/IMG-20250623-WA0041-732x1024.jpg\" alt=\"\" class=\"wp-image-611\" srcset=\"https:\/\/pontocomletra.nossopapel.org.br\/wp-content\/uploads\/2025\/06\/IMG-20250623-WA0041-732x1024.jpg 732w, https:\/\/pontocomletra.nossopapel.org.br\/wp-content\/uploads\/2025\/06\/IMG-20250623-WA0041-214x300.jpg 214w, https:\/\/pontocomletra.nossopapel.org.br\/wp-content\/uploads\/2025\/06\/IMG-20250623-WA0041-768x1074.jpg 768w, https:\/\/pontocomletra.nossopapel.org.br\/wp-content\/uploads\/2025\/06\/IMG-20250623-WA0041.jpg 1085w\" sizes=\"auto, (max-width: 732px) 100vw, 732px\" \/><\/figure>\n\n\n\n<figure class=\"wp-block-image size-large\"><img loading=\"lazy\" decoding=\"async\" width=\"714\" height=\"1024\" data-id=\"612\" src=\"https:\/\/pontocomletra.nossopapel.org.br\/wp-content\/uploads\/2025\/06\/IMG-20250623-WA0040-714x1024.jpg\" alt=\"\" class=\"wp-image-612\" srcset=\"https:\/\/pontocomletra.nossopapel.org.br\/wp-content\/uploads\/2025\/06\/IMG-20250623-WA0040-714x1024.jpg 714w, https:\/\/pontocomletra.nossopapel.org.br\/wp-content\/uploads\/2025\/06\/IMG-20250623-WA0040-209x300.jpg 209w, https:\/\/pontocomletra.nossopapel.org.br\/wp-content\/uploads\/2025\/06\/IMG-20250623-WA0040-768x1101.jpg 768w, https:\/\/pontocomletra.nossopapel.org.br\/wp-content\/uploads\/2025\/06\/IMG-20250623-WA0040-1071x1536.jpg 1071w, https:\/\/pontocomletra.nossopapel.org.br\/wp-content\/uploads\/2025\/06\/IMG-20250623-WA0040.jpg 1116w\" sizes=\"auto, (max-width: 714px) 100vw, 714px\" \/><\/figure>\n\n\n\n<figure class=\"wp-block-image size-large\"><img loading=\"lazy\" decoding=\"async\" width=\"1024\" height=\"1003\" data-id=\"609\" src=\"https:\/\/pontocomletra.nossopapel.org.br\/wp-content\/uploads\/2025\/06\/IMG-20250623-WA0042-1024x1003.jpg\" alt=\"\" class=\"wp-image-609\" srcset=\"https:\/\/pontocomletra.nossopapel.org.br\/wp-content\/uploads\/2025\/06\/IMG-20250623-WA0042-1024x1003.jpg 1024w, https:\/\/pontocomletra.nossopapel.org.br\/wp-content\/uploads\/2025\/06\/IMG-20250623-WA0042-300x294.jpg 300w, https:\/\/pontocomletra.nossopapel.org.br\/wp-content\/uploads\/2025\/06\/IMG-20250623-WA0042-768x752.jpg 768w, https:\/\/pontocomletra.nossopapel.org.br\/wp-content\/uploads\/2025\/06\/IMG-20250623-WA0042-1536x1504.jpg 1536w, https:\/\/pontocomletra.nossopapel.org.br\/wp-content\/uploads\/2025\/06\/IMG-20250623-WA0042.jpg 1600w\" sizes=\"auto, (max-width: 1024px) 100vw, 1024px\" \/><\/figure>\n<\/figure>\n\n\n\n<figure class=\"wp-block-image size-large\"><img loading=\"lazy\" decoding=\"async\" width=\"1024\" height=\"988\" src=\"http:\/\/pontocomletra.nossopapel.org.br\/wp-content\/uploads\/2025\/06\/IMG-20250623-WA0043-1024x988.jpg\" alt=\"\" class=\"wp-image-608\" srcset=\"https:\/\/pontocomletra.nossopapel.org.br\/wp-content\/uploads\/2025\/06\/IMG-20250623-WA0043-1024x988.jpg 1024w, https:\/\/pontocomletra.nossopapel.org.br\/wp-content\/uploads\/2025\/06\/IMG-20250623-WA0043-300x289.jpg 300w, https:\/\/pontocomletra.nossopapel.org.br\/wp-content\/uploads\/2025\/06\/IMG-20250623-WA0043-768x741.jpg 768w, https:\/\/pontocomletra.nossopapel.org.br\/wp-content\/uploads\/2025\/06\/IMG-20250623-WA0043-1536x1481.jpg 1536w, https:\/\/pontocomletra.nossopapel.org.br\/wp-content\/uploads\/2025\/06\/IMG-20250623-WA0043.jpg 1600w\" sizes=\"auto, (max-width: 1024px) 100vw, 1024px\" \/><\/figure>\n\n\n\n<figure class=\"wp-block-image size-large\"><img loading=\"lazy\" decoding=\"async\" width=\"1024\" height=\"547\" src=\"http:\/\/pontocomletra.nossopapel.org.br\/wp-content\/uploads\/2025\/06\/IMG-20250623-WA0044-1024x547.jpg\" alt=\"\" class=\"wp-image-610\" srcset=\"https:\/\/pontocomletra.nossopapel.org.br\/wp-content\/uploads\/2025\/06\/IMG-20250623-WA0044-1024x547.jpg 1024w, https:\/\/pontocomletra.nossopapel.org.br\/wp-content\/uploads\/2025\/06\/IMG-20250623-WA0044-300x160.jpg 300w, https:\/\/pontocomletra.nossopapel.org.br\/wp-content\/uploads\/2025\/06\/IMG-20250623-WA0044-768x410.jpg 768w, https:\/\/pontocomletra.nossopapel.org.br\/wp-content\/uploads\/2025\/06\/IMG-20250623-WA0044-1536x821.jpg 1536w, https:\/\/pontocomletra.nossopapel.org.br\/wp-content\/uploads\/2025\/06\/IMG-20250623-WA0044.jpg 1600w\" sizes=\"auto, (max-width: 1024px) 100vw, 1024px\" \/><\/figure>\n\n\n\n<figure class=\"wp-block-image size-large\"><img loading=\"lazy\" decoding=\"async\" width=\"1024\" height=\"484\" src=\"http:\/\/pontocomletra.nossopapel.org.br\/wp-content\/uploads\/2025\/06\/IMG-20250623-WA0045-1024x484.jpg\" alt=\"\" class=\"wp-image-607\" srcset=\"https:\/\/pontocomletra.nossopapel.org.br\/wp-content\/uploads\/2025\/06\/IMG-20250623-WA0045-1024x484.jpg 1024w, https:\/\/pontocomletra.nossopapel.org.br\/wp-content\/uploads\/2025\/06\/IMG-20250623-WA0045-300x142.jpg 300w, https:\/\/pontocomletra.nossopapel.org.br\/wp-content\/uploads\/2025\/06\/IMG-20250623-WA0045-768x363.jpg 768w, https:\/\/pontocomletra.nossopapel.org.br\/wp-content\/uploads\/2025\/06\/IMG-20250623-WA0045-1536x726.jpg 1536w, https:\/\/pontocomletra.nossopapel.org.br\/wp-content\/uploads\/2025\/06\/IMG-20250623-WA0045.jpg 1600w\" sizes=\"auto, (max-width: 1024px) 100vw, 1024px\" \/><\/figure>\n\n\n\n<p><\/p>\n\n\n\n<p class=\"has-text-align-center has-white-color has-black-background-color has-text-color has-background has-link-color has-medium-font-size wp-elements-be304fa57175267d9e1ad37d42ac085b\"><strong>ESCRITOR MARCELO GULARTE<\/strong><\/p>\n\n\n\n<iframe loading=\"lazy\" width=\"560\" height=\"315\" src=\"https:\/\/www.youtube.com\/embed\/GSlCsYnJLUg?si=O9fbQrsi2WUq3hbY\" title=\"YouTube video player\" frameborder=\"0\" allow=\"accelerometer; autoplay; clipboard-write; encrypted-media; gyroscope; picture-in-picture; web-share\" referrerpolicy=\"strict-origin-when-cross-origin\" allowfullscreen><\/iframe>\n\n\n\n<figure class=\"wp-block-image size-full\"><img loading=\"lazy\" decoding=\"async\" width=\"280\" height=\"280\" src=\"http:\/\/pontocomletra.nossopapel.org.br\/wp-content\/uploads\/2025\/07\/WhatsApp-Image-2025-06-29-at-15.58.22.jpeg\" alt=\"\" class=\"wp-image-745\" srcset=\"https:\/\/pontocomletra.nossopapel.org.br\/wp-content\/uploads\/2025\/07\/WhatsApp-Image-2025-06-29-at-15.58.22.jpeg 280w, https:\/\/pontocomletra.nossopapel.org.br\/wp-content\/uploads\/2025\/07\/WhatsApp-Image-2025-06-29-at-15.58.22-150x150.jpeg 150w\" sizes=\"auto, (max-width: 280px) 100vw, 280px\" \/><\/figure>\n\n\n\n<iframe loading=\"lazy\" width=\"560\" height=\"315\" src=\"https:\/\/www.youtube.com\/embed\/RKzH317FMv4?si=hp8s4VM4W4KPCbot\" title=\"YouTube video player\" frameborder=\"0\" allow=\"accelerometer; autoplay; clipboard-write; encrypted-media; gyroscope; picture-in-picture; web-share\" referrerpolicy=\"strict-origin-when-cross-origin\" allowfullscreen><\/iframe>\n\n\n\n<p>  Marcelo Gularte \u00e9 poeta, escritor e recordista mundial no campo da literatura; autor da cole\u00e7\u00e3o \u201cO dito pelo n\u00e3o dito\u201d, tr\u00eas volumes que comp\u00f5e a maior narrativa liter\u00e1ria do mundo, constru\u00edda poeticamente com ditados populares. Autor do livro \u201cA Lenda do Funk Carioca, maior romance brasileiro de todos os tempos por n\u00famero de p\u00e1ginas, com 1.500 laudas. Autor da Enciclop\u00e9dia do Funk, 12 volumes, com 500 p\u00e1ginas cada obra; o primeiro volume sobre o Movimento Black Power, foi tombado como patrim\u00f4nio imaterial do Rio de Janeiro e patrim\u00f4nio hist\u00f3rico e cultural do Estado do Rio de Janeiro. Autor dos romances ainda in\u00e9ditos: \u201cO Quilombo do Leblon\u201d e \u201cO V\u00e3o dos Livros\u201d, ambientado no Rio de Janeiro de 1818.<\/p>\n\n\n\n<figure class=\"wp-block-image size-full\"><img loading=\"lazy\" decoding=\"async\" width=\"720\" height=\"960\" src=\"http:\/\/pontocomletra.nossopapel.org.br\/wp-content\/uploads\/2025\/07\/WhatsApp-Image-2025-06-29-at-16.00.20.jpeg\" alt=\"\" class=\"wp-image-746\" srcset=\"https:\/\/pontocomletra.nossopapel.org.br\/wp-content\/uploads\/2025\/07\/WhatsApp-Image-2025-06-29-at-16.00.20.jpeg 720w, https:\/\/pontocomletra.nossopapel.org.br\/wp-content\/uploads\/2025\/07\/WhatsApp-Image-2025-06-29-at-16.00.20-225x300.jpeg 225w\" sizes=\"auto, (max-width: 720px) 100vw, 720px\" \/><\/figure>\n\n\n\n<p><\/p>\n\n\n\n<p class=\"has-text-align-center has-white-color has-black-background-color has-text-color has-background has-link-color has-medium-font-size wp-elements-5b0f4c5bc13df38d575f7acb04430a59\"><strong>O CERVO E O LAGO &#8211; Mozart Carvalho<\/strong><\/p>\n\n\n\n<figure class=\"wp-block-image size-full\"><img loading=\"lazy\" decoding=\"async\" width=\"200\" height=\"217\" src=\"http:\/\/pontocomletra.nossopapel.org.br\/wp-content\/uploads\/2025\/06\/IMG-20250630-WA0007.jpg\" alt=\"\" class=\"wp-image-700\"\/><\/figure>\n\n\n\n<p>O CERVO E O LAGO, Mozart Carvalho Oficina Editores\/Rio de Janeiro, 2010<\/p>\n\n\n\n<p>  Carioca. Professor universit\u00e1rio. Mestre em Humanidades, Culturas e Artes. O primeiro de uma s\u00e9rie de tr\u00eas da Cole\u00e7\u00e3o F\u00e1bulas, Lendas e Mitos &#8211; S\u00e9rie Esopo.<\/p>\n\n\n\n<p>  Pr\u00eamio de Melhor livro infantojuvenil do ano de 2011, pelo Congresso da Sociedade de Cultura Latina &#8211; Sec\u00e7\u00e3o Brasil.&#8221;Toda hist\u00f3ria come\u00e7a com &#8220;era uma vez&#8221;. Essa come\u00e7ar\u00e1 com um sorriso. Com um menino e uma li\u00e7\u00e3o. N\u00e3o contarei uma hist\u00f3ria comum, mas uma hist\u00f3ria de verdade.&#8221; Assim Mozart Carvalho inicia a sua saga infantojuvenil atrav\u00e9s dos contos de Esopo. O Cervo e o Lago:  livro que encanta pela linguagem flu\u00edda, belas ilustra\u00e7\u00f5es feitas pelo autor e, sem d\u00favida, a atmosfera m\u00e1gica da hist\u00f3ria. Sergio Ger\u00f4nimo &#8211;  editor<\/p>\n\n\n\n<p>Mozart, gostei de O CERVO E O LAGO, bem escrito, econ\u00f4mico e direto no texto &#8211; como deve ser &#8211; e com belas ilustra\u00e7\u00f5es, muito elegantes, principalmente quando voc\u00ea desenha os animais, o cervo e a raposa. Parab\u00e9ns, tamb\u00e9m, pelo objeto livro, obra digna de se ter. Olga Savary &#8211; escritora<\/p>\n\n\n\n<p><\/p>\n\n\n\n<p>AGAMAN &#8211; S\u00e9rgio Ger\u00f4nimo &amp; Khaled Delgado<\/p>\n\n\n\n<figure class=\"wp-block-image size-large\"><img loading=\"lazy\" decoding=\"async\" width=\"754\" height=\"1024\" src=\"http:\/\/pontocomletra.nossopapel.org.br\/wp-content\/uploads\/2025\/06\/IMG-20250630-WA00081-754x1024.jpg\" alt=\"\" class=\"wp-image-704\" srcset=\"https:\/\/pontocomletra.nossopapel.org.br\/wp-content\/uploads\/2025\/06\/IMG-20250630-WA00081-754x1024.jpg 754w, https:\/\/pontocomletra.nossopapel.org.br\/wp-content\/uploads\/2025\/06\/IMG-20250630-WA00081-221x300.jpg 221w, https:\/\/pontocomletra.nossopapel.org.br\/wp-content\/uploads\/2025\/06\/IMG-20250630-WA00081-768x1042.jpg 768w, https:\/\/pontocomletra.nossopapel.org.br\/wp-content\/uploads\/2025\/06\/IMG-20250630-WA00081.jpg 943w\" sizes=\"auto, (max-width: 754px) 100vw, 754px\" \/><\/figure>\n\n\n\n<p>  AGAMAN, S\u00e9rgio Ger\u00f4nimo &amp; Khaled Delgado<br>Oficina Editores\/Rio de Janeiro, 2017<\/p>\n\n\n\n<p>  Cariocas, Pai no texto, filho nas ilustra\u00e7\u00f5es.<\/p>\n\n\n\n<p>  Agaman. Achei muito criativo. \u00c9 interessante um monstro discoteca, mas eu sei que os autores estavam nos anos 80, por causa dos recursos dos her\u00f3is. O monstro preferido para mim \u00e9 o TRONCOR, porque um tronco qualquer virou vil\u00e3o da hist\u00f3ria. Sucesso para os autores! Achei o livro legal, pois \u00e9 uma obra de pai e filho.<br>Bruno luz (neto da escritora Celi Luz)<\/p>\n\n\n\n<p><\/p>\n\n\n\n<p>PUPA &#8211; Fernanda Oliveira<\/p>\n\n\n\n<figure class=\"wp-block-image size-large\"><img loading=\"lazy\" decoding=\"async\" width=\"682\" height=\"1024\" src=\"http:\/\/pontocomletra.nossopapel.org.br\/wp-content\/uploads\/2025\/07\/WhatsApp-Image-2025-07-01-at-08.18.08-682x1024.jpeg\" alt=\"\" class=\"wp-image-742\" srcset=\"https:\/\/pontocomletra.nossopapel.org.br\/wp-content\/uploads\/2025\/07\/WhatsApp-Image-2025-07-01-at-08.18.08-682x1024.jpeg 682w, https:\/\/pontocomletra.nossopapel.org.br\/wp-content\/uploads\/2025\/07\/WhatsApp-Image-2025-07-01-at-08.18.08-200x300.jpeg 200w, https:\/\/pontocomletra.nossopapel.org.br\/wp-content\/uploads\/2025\/07\/WhatsApp-Image-2025-07-01-at-08.18.08-768x1153.jpeg 768w, https:\/\/pontocomletra.nossopapel.org.br\/wp-content\/uploads\/2025\/07\/WhatsApp-Image-2025-07-01-at-08.18.08-1023x1536.jpeg 1023w, https:\/\/pontocomletra.nossopapel.org.br\/wp-content\/uploads\/2025\/07\/WhatsApp-Image-2025-07-01-at-08.18.08.jpeg 1066w\" sizes=\"auto, (max-width: 682px) 100vw, 682px\" \/><\/figure>\n\n\n\n<p>SINOPSE:<\/p>\n\n\n\n<p> &#8220;S\u00ea bem-vindo!<br>Para algu\u00e9m que percorreu algumas l\u00e9guas sem saber bem o que necessitava encontrar, um lugar de recolhimento, que permite transforma\u00e7\u00e3o \u00e9 motivo de comemora\u00e7\u00e3o e compartilhamento. Assim \u00e9 Pupa. Um doce espa\u00e7o de ressignifica\u00e7\u00e3o do papel da palavra em minha vida. Entre resist\u00eancias e pot\u00eancias, este breve universo de versos me inaugura. Inaugura meu olhar sob a \u00e9gide tradutora dos poemas. Uma experi\u00eancia especial que ressoa a minha gratid\u00e3o \u00e0 vida por ter um dia tocado minha alma com poesia. Se voc\u00ea tamb\u00e9m foi tocado, que a vida nos permita nunca mais fazer o caminho de volta.<br>Boa leitura!&#8221;<br>Fernanda Oliveira<\/p>\n\n\n\n<p>Fernanda Oliveira \u00e9 fonoaudi\u00f3loga, arteterapeuta, poeta e m\u00e3e. Autora de dez livros publicados, trabalha como assistente editorial da Hanoi Editora e \u00e9 membro do projeto Escrita Essencial. Gosta de se definir como pessoa que escreve. E enquanto escreve costuma ver as palavras, not\u00e1-las bem e com cuidado. Ela cria, escolhe, cultiva. Ent\u00e3o, abre as palavras, como caixinhas, uma por uma, fazendo com que nelas caibam os sonhos, os sentimentos, os desejos e at\u00e9 mesmo o imposs\u00edvel. E depois de abertas as caixinhas, suas palavras, cheias de vida, costumam voar, pelos misteriosos mundos de nossos pensamentos. Fortalecer e encorajar palavras \u00e9 a profiss\u00e3o generosa da Fernanda. Ela sabe como s\u00e3o especiais as letras quando v\u00eam morar em nossas mentes e cora\u00e7\u00f5es. (Thais Boulanger)<\/p>\n\n\n\n<p><\/p>\n\n\n\n<p class=\"has-text-align-center has-white-color has-black-background-color has-text-color has-background has-link-color has-medium-font-size wp-elements-0feb9e5e12db56b0c151bb374d476f48\"><strong> LEO MOTTA<\/strong><\/p>\n\n\n\n<figure class=\"wp-block-image size-full\"><img loading=\"lazy\" decoding=\"async\" width=\"494\" height=\"723\" src=\"http:\/\/pontocomletra.nossopapel.org.br\/wp-content\/uploads\/2025\/07\/WhatsApp-Image-2025-07-12-at-08.23.56.jpeg\" alt=\"\" class=\"wp-image-831\" srcset=\"https:\/\/pontocomletra.nossopapel.org.br\/wp-content\/uploads\/2025\/07\/WhatsApp-Image-2025-07-12-at-08.23.56.jpeg 494w, https:\/\/pontocomletra.nossopapel.org.br\/wp-content\/uploads\/2025\/07\/WhatsApp-Image-2025-07-12-at-08.23.56-205x300.jpeg 205w\" sizes=\"auto, (max-width: 494px) 100vw, 494px\" \/><\/figure>\n\n\n\n<p>   Trilogia liter\u00e1ria, H\u00e1 vida depois das marquises e Do outro lado da rua, s\u00e3o os meus tr\u00eas livros em um com o objetivo de ser reconhecido pelo Guinness book, como o primeiro ex-morador de rua no mundo a produzir uma trilogia liter\u00e1ria.<\/p>\n\n\n\n<iframe loading=\"lazy\" width=\"560\" height=\"315\" src=\"https:\/\/www.youtube.com\/embed\/rL8YxYRzK_Q?si=zX2oQTm0zRw8EJ_G\" title=\"YouTube video player\" frameborder=\"0\" allow=\"accelerometer; autoplay; clipboard-write; encrypted-media; gyroscope; picture-in-picture; web-share\" referrerpolicy=\"strict-origin-when-cross-origin\" allowfullscreen><\/iframe>\n\n\n\n<iframe loading=\"lazy\" width=\"560\" height=\"315\" src=\"https:\/\/www.youtube.com\/embed\/rW9wB_D48II?si=2ssSArOVhFPXrAip\" title=\"YouTube video player\" frameborder=\"0\" allow=\"accelerometer; autoplay; clipboard-write; encrypted-media; gyroscope; picture-in-picture; web-share\" referrerpolicy=\"strict-origin-when-cross-origin\" allowfullscreen><\/iframe>\n\n\n\n<p><\/p>\n\n\n\n<p class=\"has-text-align-center has-white-color has-black-background-color has-text-color has-background has-link-color has-medium-font-size wp-elements-c6febcf3a0b4b6a548951ef69d88d962\"><strong>Aqu\u00e9m do Amor: Anjo ou Dem\u00f4nio &#8211; Beth Gueiredo<\/strong><\/p>\n\n\n\n<figure class=\"wp-block-image size-full\"><img loading=\"lazy\" decoding=\"async\" width=\"225\" height=\"295\" src=\"http:\/\/pontocomletra.nossopapel.org.br\/wp-content\/uploads\/2025\/07\/WhatsApp-Image-2025-07-12-at-09.07.32.jpeg\" alt=\"\" class=\"wp-image-842\"\/><\/figure>\n\n\n\n<p>Beth Gueiredo \u00e9 Escritora, Arteterapeura e Arte-educadora. Mestra em educa\u00e7\u00e3o e Professora. Fundadora do Coletivo TransformArt. Fisioterapeuta e Acupunturista. Gestora P\u00fablica e Gestora em Sa\u00fade P\u00fablica. Acad\u00eamica imortal da ACLAPTCTC e Conselheira de literatura.<\/p>\n\n\n\n<p>Tem obras incr\u00edveis publicadas, como o &#8220;Aqu\u00e9m do Amor: Anjo ou Dem\u00f4nio&#8221;.   <\/p>\n\n\n\n<p>SINOPSE<br> O livro conta a hist\u00f3ria de Helena, uma mulher forte, decidida, corajosa, sonhadora, batalhadora\u2026 O estere\u00f3tipo perfeito de uma mulher guerreira, que busca aposentar suas armas e viver sua vida em total plenitude at\u00e9 que\u2026 Acontece uma pandemia, Karllos, uma estrela do rock falida ou estelionat\u00e1rio em ascens\u00e3o, entra em sua vida de uma maneira inusitada e vira seu mundo de cabe\u00e7a pra baixo. N\u00e3o, isso n\u00e3o \u00e9 um livro de romance, mas com certeza \u00e9 uma obra que te levar\u00e1 a refletir sobre relacionamentos, saud\u00e1veis e abusivos, amizade, fam\u00edlia, amor e vida.<\/p>\n\n\n\n<p><\/p>\n\n\n\n<p class=\"has-text-align-center has-white-color has-black-background-color has-text-color has-background has-link-color has-medium-font-size wp-elements-3dafa36fa7345c5c9cebe450b51e1a2a\"><strong>BOTO TUCUXI &#8211; Papi\u00f5n Cristiane Santos<\/strong><\/p>\n\n\n\n<figure class=\"wp-block-gallery has-nested-images columns-default is-cropped wp-block-gallery-5 is-layout-flex wp-block-gallery-is-layout-flex\">\n<figure class=\"wp-block-image size-large\"><img loading=\"lazy\" decoding=\"async\" width=\"576\" height=\"1024\" data-id=\"870\" src=\"https:\/\/pontocomletra.nossopapel.org.br\/wp-content\/uploads\/2025\/07\/WhatsApp-Image-2025-07-24-at-08.40.25-1-576x1024.jpeg\" alt=\"\" class=\"wp-image-870\" srcset=\"https:\/\/pontocomletra.nossopapel.org.br\/wp-content\/uploads\/2025\/07\/WhatsApp-Image-2025-07-24-at-08.40.25-1-576x1024.jpeg 576w, https:\/\/pontocomletra.nossopapel.org.br\/wp-content\/uploads\/2025\/07\/WhatsApp-Image-2025-07-24-at-08.40.25-1-169x300.jpeg 169w, https:\/\/pontocomletra.nossopapel.org.br\/wp-content\/uploads\/2025\/07\/WhatsApp-Image-2025-07-24-at-08.40.25-1.jpeg 720w\" sizes=\"auto, (max-width: 576px) 100vw, 576px\" \/><\/figure>\n\n\n\n<figure class=\"wp-block-image size-large\"><img loading=\"lazy\" decoding=\"async\" width=\"576\" height=\"1024\" data-id=\"872\" src=\"https:\/\/pontocomletra.nossopapel.org.br\/wp-content\/uploads\/2025\/07\/WhatsApp-Image-2025-07-24-at-08.40.25-2-576x1024.jpeg\" alt=\"\" class=\"wp-image-872\" srcset=\"https:\/\/pontocomletra.nossopapel.org.br\/wp-content\/uploads\/2025\/07\/WhatsApp-Image-2025-07-24-at-08.40.25-2-576x1024.jpeg 576w, https:\/\/pontocomletra.nossopapel.org.br\/wp-content\/uploads\/2025\/07\/WhatsApp-Image-2025-07-24-at-08.40.25-2-169x300.jpeg 169w, https:\/\/pontocomletra.nossopapel.org.br\/wp-content\/uploads\/2025\/07\/WhatsApp-Image-2025-07-24-at-08.40.25-2.jpeg 720w\" sizes=\"auto, (max-width: 576px) 100vw, 576px\" \/><\/figure>\n\n\n\n<figure class=\"wp-block-image size-large\"><img loading=\"lazy\" decoding=\"async\" width=\"1024\" height=\"970\" data-id=\"871\" src=\"https:\/\/pontocomletra.nossopapel.org.br\/wp-content\/uploads\/2025\/07\/WhatsApp-Image-2025-07-24-at-08.40.25-1024x970.jpeg\" alt=\"\" class=\"wp-image-871\" srcset=\"https:\/\/pontocomletra.nossopapel.org.br\/wp-content\/uploads\/2025\/07\/WhatsApp-Image-2025-07-24-at-08.40.25-1024x970.jpeg 1024w, https:\/\/pontocomletra.nossopapel.org.br\/wp-content\/uploads\/2025\/07\/WhatsApp-Image-2025-07-24-at-08.40.25-300x284.jpeg 300w, https:\/\/pontocomletra.nossopapel.org.br\/wp-content\/uploads\/2025\/07\/WhatsApp-Image-2025-07-24-at-08.40.25-768x728.jpeg 768w, https:\/\/pontocomletra.nossopapel.org.br\/wp-content\/uploads\/2025\/07\/WhatsApp-Image-2025-07-24-at-08.40.25.jpeg 1140w\" sizes=\"auto, (max-width: 1024px) 100vw, 1024px\" \/><\/figure>\n<\/figure>\n\n\n\n<p><\/p>\n\n\n\n<p>    A autora Papi\u00f5n Cristiane Santos \u00e9 ativista social , escritora, designer de moda religiosa do Culto a Jurema , atua em diversas causas humanit\u00e1rias e com foco na moda decolonial e o clima , membro do Instituto Religare desse 2011 , e do Di\u00e1logos de paz da Rede Don Elder Camar\u00e1 , premiada com o Diploma Heloneida Stuart, idealizadora e coordenadora do Oca Observat\u00f3rio Cultural das Aldeias e do projeto com mulheres Oca Arte Brasileira marca de moda Decolonial lan\u00e7ada no pr\u00eamio ID_ Festival &#8211; Niter\u00f3i em Abril de 2025.<\/p>\n\n\n\n<p><\/p>\n\n\n\n<p class=\"has-text-align-center has-white-color has-black-background-color has-text-color has-background has-link-color has-medium-font-size wp-elements-03a47494921a61810362487a7a6509eb\"><strong>FORA DE \u00d3RBITA- Luiz Ot\u00e1vio Oliani<\/strong><\/p>\n\n\n\n<figure class=\"wp-block-image size-large\"><img loading=\"lazy\" decoding=\"async\" width=\"768\" height=\"1024\" src=\"http:\/\/pontocomletra.nossopapel.org.br\/wp-content\/uploads\/2025\/07\/WhatsApp-Image-2025-07-24-at-09.39.24-768x1024.jpeg\" alt=\"\" class=\"wp-image-877\" srcset=\"https:\/\/pontocomletra.nossopapel.org.br\/wp-content\/uploads\/2025\/07\/WhatsApp-Image-2025-07-24-at-09.39.24-768x1024.jpeg 768w, https:\/\/pontocomletra.nossopapel.org.br\/wp-content\/uploads\/2025\/07\/WhatsApp-Image-2025-07-24-at-09.39.24-225x300.jpeg 225w, https:\/\/pontocomletra.nossopapel.org.br\/wp-content\/uploads\/2025\/07\/WhatsApp-Image-2025-07-24-at-09.39.24-1152x1536.jpeg 1152w, https:\/\/pontocomletra.nossopapel.org.br\/wp-content\/uploads\/2025\/07\/WhatsApp-Image-2025-07-24-at-09.39.24.jpeg 1200w\" sizes=\"auto, (max-width: 768px) 100vw, 768px\" \/><\/figure>\n\n\n\n<p> Estamos diante de um livro maduro, que sugere profunda reflex\u00e3o. Necess\u00e1rio se faz, pois, sairmos da \u201c\u00f3rbita\u201d que nos imp\u00f5e o \u201cconfinamento\u201d e nos \u201cimpede a vista da liberdade\u201d. Nada de versos rom\u00e2nticos, melosos. Olhos atentos para o que est\u00e1 ao redor. Indigna\u00e7\u00e3o. Uma possibilidade de atravessar o tempo. Tempo-hoje, cotidiano, que est\u00e1 sempre correndo, inconformado. Tempo que transita no ir e vir, onisciente. Tempo que limita o ser humano entre o nascer e a morte. Vida que \u201cpulsa em hiatos\u201d. Morte que \u201cn\u00e3o \u00e9 dalt\u00f4nica\u201d. Cren\u00e7a na eternidade, que tem como \u201cpassaporte\u201d o verso. \u201cVerso a burilar os homens\u201d. Verso-soco-no-est\u00f4mago. Verso-arte. Arte que aproxima o artista de Deus, por participar \u201cainda mais claramente do Poder Criador do Pai\u201d, como disse Dom H\u00e9lder C\u00e2mara, em \u201cO deserto \u00e9 f\u00e9rtil\u201d. Mas se o poeta est\u00e1 sentado \u00e0 \u201csombra de Deus\u201d, seria mesmo, para o autor, uma \u201cin\u00fatil tentativa de ser Deus por um minuto\u201d?<br>Luiz Ot\u00e1vio Oliani faz sua \u201coferta de palavras e n\u00e3o de peixes\u201d. Impregnadas de poiesis, fortes e concisas, as palavras saltam dos versos, sacudindo o leitor: \u201ca eternidade tem pressa enquanto o homem nunca sabe esperar\u201d, mas \u201cquem se indigna diante de quem sangra?\u201d, \u201ccarpe diem enquanto h\u00e1 tempo, os coveiros nem se importam em repetir o seu of\u00edcio\u201d. At\u00e9 a sensualidade tem \u201cef\u00eamero prazer fundido em pedra\u201d. Mas \u00e9 \u201ctarefa dif\u00edcil desfazer a m\u00f3 de pedra\u201d.<br>A poesia deve ser \u201calinhavo\u201d, sem pontos definitivos, pronta para novas costuras interpretativas. Assim, \u201cFora de \u00f3rbita\u201d, convida a uma viagem em torno da palavra, percorrendo o universo de signos e significados. Uma obra rica, digna de atravessar os pr\u00f3ximos s\u00e9culos.<\/p>\n\n\n\n<p>Teresa Drummond<br>Orelha a \u201cFora de \u00f3rbita\u201d, Editora da Palavra, Rio de Janeiro, 2007.<\/p>\n\n\n\n<p>LUIZ OT\u00c1VIO OLIANI cursou Letras e Direito. \u00c9 professor e escritor. Publicou 23 livros, sendo 10 de poemas, 5 de contos, 3 pe\u00e7as de teatro, 3 infantis, 1 livro de cr\u00f4nica e 1 livro de cr\u00edtica liter\u00e1ria e ensaios. Participa de mais de 400 livros coletivos. Consta em mais de 700 jornais, revistas, alternativos. Em 2017, a convite de Mariza Sorriso, representou o Brasil no IV EPLP (Encontro de Poetas da L\u00edngua Portuguesa) em Lisboa. Recebeu o t\u00edtulo de \u201cMelhor Autor Apperjiano 2019\u201d, em reconhecimento no conjunto da obra em verso, prosa e drama. Desde 2020, \u00e9 o Diretor de Comunica\u00e7\u00e3o Social da APPERJ (Associa\u00e7\u00e3o Profissional de Poetas no Estado do Rio de Janeiro). Foi citado como poeta contempor\u00e2neo no livro Hist\u00f3ria da literatura brasileira: Da carta de Caminha aos contempor\u00e2neos, Carlos Nejar, 4\u00aa edi\u00e7\u00e3o, revista e ampliada, S\u00e3o Paulo, Noeses, 2022. Em 26 de novembro de 2024, a Academia Luso-Brasileira de Letras instituiu o Pr\u00eamio Luiz Ot\u00e1vio Oliani na categoria Minicontos, sendo o concurso anual a partir dessa data. Recebeu mais de 100 pr\u00eamios liter\u00e1rios. Possui textos traduzidos para ingl\u00eas, franc\u00eas, italiano, alem\u00e3o, espanhol, holand\u00eas, romeno e chin\u00eas.<\/p>\n\n\n\n<p><\/p>\n\n\n\n<p class=\"has-text-align-center has-white-color has-black-background-color has-text-color has-background has-link-color has-medium-font-size wp-elements-f8ce8e7938b513f6a38484b056855ffb\"><strong>O Tesouro dos Mil Livros &#8211; Laura Sp\u00edndola<\/strong><\/p>\n\n\n\n<figure class=\"wp-block-image size-large\"><img loading=\"lazy\" decoding=\"async\" width=\"682\" height=\"1024\" src=\"http:\/\/pontocomletra.nossopapel.org.br\/wp-content\/uploads\/2025\/08\/IMG-20250807-WA0016-682x1024.jpg\" alt=\"\" class=\"wp-image-1035\" srcset=\"https:\/\/pontocomletra.nossopapel.org.br\/wp-content\/uploads\/2025\/08\/IMG-20250807-WA0016-682x1024.jpg 682w, https:\/\/pontocomletra.nossopapel.org.br\/wp-content\/uploads\/2025\/08\/IMG-20250807-WA0016-200x300.jpg 200w, https:\/\/pontocomletra.nossopapel.org.br\/wp-content\/uploads\/2025\/08\/IMG-20250807-WA0016-768x1153.jpg 768w, https:\/\/pontocomletra.nossopapel.org.br\/wp-content\/uploads\/2025\/08\/IMG-20250807-WA0016-1023x1536.jpg 1023w, https:\/\/pontocomletra.nossopapel.org.br\/wp-content\/uploads\/2025\/08\/IMG-20250807-WA0016.jpg 1066w\" sizes=\"auto, (max-width: 682px) 100vw, 682px\" \/><\/figure>\n\n\n\n<p>Sinopse:<br>Com texto e ilustra\u00e7\u00f5es de Laura Sp\u00edndola, O Tesouro dos Mil Livros traz muitas viradas inesperadas, jogos de linguagem e esquetes engra\u00e7adas sobre a import\u00e2ncia e o prazer da leitura. \u00c9 uma aventura leve, divertida e recomendada para todas as idades.<br>A hist\u00f3ria apresenta Calaz\u00e3o, capit\u00e3o de um navio pirata e criador de planos mirabolantes, e Spindolita, a vice-capit\u00e3 que \u00e9 obcecada por chocolate. Acompanhados de uma tripula\u00e7\u00e3o bem divertida e atrapalhada, os dois piratas devoradores de livros resolvem ir atr\u00e1s de um tesouro que cont\u00e9m os mil livros mais raros do mundo.<br>Ao longo dessa busca, enfrentam muitos perrengues: tubar\u00f5es, lutas de espadas, motins e at\u00e9 mesmo um poderoso feiticeiro! Ser\u00e1 que, no final das contas, eles conseguem achar O Tesouro dos Mil Livros?<\/p>\n\n\n\n<p>Sobre a autora:<br>Laura Sp\u00edndola \u00e9 autora, ilustradora e designer editorial. Graduada em Estudos de M\u00eddia pela UFF, fundou a Estante Volante, editora voltada ao p\u00fablico infantojuvenil, e o selo L\u00e2mpada M\u00e1gica, onde ajuda autores independentes a tirarem seus projetos do papel. Por meio de suas hist\u00f3rias e de seu trabalho, que inclui palestras sobre o universo da publica\u00e7\u00e3o de livros, busca formar e inspirar leitores de todas as idades e contextos.<\/p>\n\n\n\n<p><\/p>\n\n\n\n<p class=\"has-text-align-center has-white-color has-text-color has-link-color has-medium-font-size wp-elements-dc19ea84f452ec830f2476413595655f\"><strong>Aprendizagens Decoloniais &#8211; Elaine Barbosa<\/strong><\/p>\n\n\n\n<figure class=\"wp-block-image size-large\"><img loading=\"lazy\" decoding=\"async\" width=\"771\" height=\"1024\" src=\"http:\/\/pontocomletra.nossopapel.org.br\/wp-content\/uploads\/2025\/08\/IMG-20250806-WA0014-771x1024.jpg\" alt=\"\" class=\"wp-image-991\" srcset=\"https:\/\/pontocomletra.nossopapel.org.br\/wp-content\/uploads\/2025\/08\/IMG-20250806-WA0014-771x1024.jpg 771w, https:\/\/pontocomletra.nossopapel.org.br\/wp-content\/uploads\/2025\/08\/IMG-20250806-WA0014-226x300.jpg 226w, https:\/\/pontocomletra.nossopapel.org.br\/wp-content\/uploads\/2025\/08\/IMG-20250806-WA0014-768x1021.jpg 768w, https:\/\/pontocomletra.nossopapel.org.br\/wp-content\/uploads\/2025\/08\/IMG-20250806-WA0014-1156x1536.jpg 1156w, https:\/\/pontocomletra.nossopapel.org.br\/wp-content\/uploads\/2025\/08\/IMG-20250806-WA0014.jpg 1204w\" sizes=\"auto, (max-width: 771px) 100vw, 771px\" \/><\/figure>\n\n\n\n<p>Elaine Barbosa \u00e9 advogada, escritora, feminista abolicionista e ativista s\u00f3 Movimento de Mulheres Negras, sobretudo dos movimentos sociais antiprisionais do Estado do Rio de Janeiro. Como membra-diretora do Instituto de Cultura e Consci\u00eancia Negra Nelson Mandela, desenvolve pesquisas no campo da Justi\u00e7a Racial e das Pol\u00edticas Penais junto \u00e0s pessoas que s\u00e3o impactadas pelo sistema de justi\u00e7a criminal e penitenci\u00e1rio. Al\u00e9m disso, coordena o projeto Incluir Direito, da Universidade Federal do Rio de Janeiro (UFRJ), em parceria com o Centro de Estudos da Sociedade de Advogados (Cesa), e atua como assessora pol\u00edtica na Comiss\u00e3o dos Direitos Humanos da Assembl\u00e9ia Legislativa do Estado do Rio de Janeiro (Alerj). Com a disserta\u00e7\u00e3o de mestrado em Educa\u00e7\u00e3o que deu origem a este livro, a autora recebeu em 2018 o Pr\u00eamio Internacional de Direitos Humanos Ella Baker, em congresso da Associa\u00e7\u00e3o Americana de Pesquisa em Educa\u00e7\u00e3o (Aera).<\/p>\n\n\n\n<p><\/p>\n\n\n\n<p class=\"has-text-align-center has-white-color has-black-background-color has-text-color has-background has-link-color has-medium-font-size wp-elements-e0998d870b09eaf29fdda995a8c995ae\"><strong>As Aventuras de Ana e Bia em O Sr. Le\u00e3o &#8211; Celi Luz<\/strong><\/p>\n\n\n\n<p>Aventuras de Ana e Bia em: O Sr. Le\u00e3o, 2023, \u00e9 uma f\u00e1bula contempor\u00e2nea que mostra, entre outras coisas, a import\u00e2ncia do BIO PARQUE na preserva\u00e7\u00e3o e respeito aos animais. Recebeu o Pr\u00eamio da Diretoria UBE .<\/p>\n\n\n\n<p><\/p>\n\n\n\n<figure class=\"wp-block-image size-large\"><img loading=\"lazy\" decoding=\"async\" width=\"576\" height=\"1024\" src=\"http:\/\/pontocomletra.nossopapel.org.br\/wp-content\/uploads\/2025\/08\/IMG-20250804-WA0011-576x1024.jpg\" alt=\"\" class=\"wp-image-986\" srcset=\"https:\/\/pontocomletra.nossopapel.org.br\/wp-content\/uploads\/2025\/08\/IMG-20250804-WA0011-576x1024.jpg 576w, https:\/\/pontocomletra.nossopapel.org.br\/wp-content\/uploads\/2025\/08\/IMG-20250804-WA0011-169x300.jpg 169w, https:\/\/pontocomletra.nossopapel.org.br\/wp-content\/uploads\/2025\/08\/IMG-20250804-WA0011-768x1365.jpg 768w, https:\/\/pontocomletra.nossopapel.org.br\/wp-content\/uploads\/2025\/08\/IMG-20250804-WA0011-864x1536.jpg 864w, https:\/\/pontocomletra.nossopapel.org.br\/wp-content\/uploads\/2025\/08\/IMG-20250804-WA0011.jpg 900w\" sizes=\"auto, (max-width: 576px) 100vw, 576px\" \/><\/figure>\n\n\n\n<p><\/p>\n\n\n\n<p class=\"has-text-align-center has-white-color has-black-background-color has-text-color has-background has-link-color has-medium-font-size wp-elements-f6b54359a51d5f11f88eaecb2fbd782c\"><strong>A Cigarra e a Coruja &#8211;  Mozart Carvalho<\/strong><\/p>\n\n\n\n<figure class=\"wp-block-image size-large\"><img loading=\"lazy\" decoding=\"async\" width=\"1024\" height=\"1020\" src=\"http:\/\/pontocomletra.nossopapel.org.br\/wp-content\/uploads\/2025\/08\/IMG-20250730-WA0004-1024x1020.jpg\" alt=\"\" class=\"wp-image-983\" srcset=\"https:\/\/pontocomletra.nossopapel.org.br\/wp-content\/uploads\/2025\/08\/IMG-20250730-WA0004-1024x1020.jpg 1024w, https:\/\/pontocomletra.nossopapel.org.br\/wp-content\/uploads\/2025\/08\/IMG-20250730-WA0004-300x300.jpg 300w, https:\/\/pontocomletra.nossopapel.org.br\/wp-content\/uploads\/2025\/08\/IMG-20250730-WA0004-150x150.jpg 150w, https:\/\/pontocomletra.nossopapel.org.br\/wp-content\/uploads\/2025\/08\/IMG-20250730-WA0004-768x765.jpg 768w, https:\/\/pontocomletra.nossopapel.org.br\/wp-content\/uploads\/2025\/08\/IMG-20250730-WA0004.jpg 1280w\" sizes=\"auto, (max-width: 1024px) 100vw, 1024px\" \/><\/figure>\n\n\n\n<p>Oficina Editores\/Rio de Janeiro, 2015, 30 p\u00e1ginas, 21x21cm. Carioca. Professor universit\u00e1rio. Mestre em Humanidades, Culturas e Artes. O terceiro livro da s\u00e9rie Cole\u00e7\u00e3o F\u00e1bulas, Lendas e Mitos &#8211; S\u00e9rie Esopo.<\/p>\n\n\n\n<p>Permiti-me viajar nas asas do meu imagin\u00e1rio atrav\u00e9s da f\u00e1bula relatada pelo autor Mozart Carvalho, admirando sua capacidade de bem escrever (no sentido de empregar uma real linguagem culta, t\u00e3o abandonada pelo cotidiano da escrita), sem jamais deixar perder a ess\u00eancia da poesia, t\u00e3o bem expressa nos di\u00e1logos quase visuais travados entre as personagens do texto, durante toda a obra. Parab\u00e9ns, autor, por ter mexido com o que h\u00e1 de melhor na leitora que existe em mim.<\/p>\n\n\n\n<p>Catarina Maul &#8211; Escritora<\/p>\n\n\n\n<p><\/p>\n\n\n\n<p class=\"has-text-align-center has-white-color has-black-background-color has-text-color has-background has-link-color has-medium-font-size wp-elements-21a27ff2b67083c043ca5dea3f7b9368\"><strong>ROSEIRAL &#8211; Autora Fernanda Oliveira, com ilustra\u00e7\u00e3o de Elaine Ladeira.<\/strong><\/p>\n\n\n\n<p><\/p>\n\n\n\n<figure class=\"wp-block-image size-full\"><img loading=\"lazy\" decoding=\"async\" width=\"432\" height=\"435\" src=\"http:\/\/pontocomletra.nossopapel.org.br\/wp-content\/uploads\/2025\/07\/IMG-20250731-WA0003.jpg\" alt=\"\" class=\"wp-image-975\" srcset=\"https:\/\/pontocomletra.nossopapel.org.br\/wp-content\/uploads\/2025\/07\/IMG-20250731-WA0003.jpg 432w, https:\/\/pontocomletra.nossopapel.org.br\/wp-content\/uploads\/2025\/07\/IMG-20250731-WA0003-298x300.jpg 298w, https:\/\/pontocomletra.nossopapel.org.br\/wp-content\/uploads\/2025\/07\/IMG-20250731-WA0003-150x150.jpg 150w\" sizes=\"auto, (max-width: 432px) 100vw, 432px\" \/><\/figure>\n\n\n\n<p><\/p>\n\n\n\n<p>   OSEIRAL &#8211; A mam\u00e3e do Leandro e do Rodrigo, junto \u00e0 mam\u00e3e do Luiz Felipe, trazem para n\u00f3s uma mistura de franqueza e encantamento. Fernanda Oliveira iniciou a vida profissional como fonoaudi\u00f3loga, mas foi no encontro com a Arteterapia que viu sua vida ser transformada pela escrita. Aprendeu a chamar de profiss\u00e3o o prazer do universo das letras. Parte terapeuta, parte artista, ela &#8211; que se diz aprendiz da poesia &#8211; nos presenteou &#8220;Roseiral&#8221; em &#8220;Pupa&#8221;, seu primeiro livro de poemas, publicado em 2021. Seguramente, um texto t\u00e3o especial que mereceu ilustra\u00e7\u00f5es de Elaine Ladeira s\u00f3 para si. No livro &#8220;Roseiral&#8221;, Fernanda e Elaine compartilham conosco algumas das suas percep\u00e7\u00f5es sobre a maternidade e esse universo de desafiadoras emo\u00e7\u00f5es. Sejam seus olhos de m\u00e3e, sejam de crian\u00e7a&#8230; \u00e9 imposs\u00edvel n\u00e3o se emocionar.<\/p>\n\n\n\n<p><\/p>\n\n\n\n<p class=\"has-text-align-center has-white-color has-black-background-color has-text-color has-background has-link-color has-medium-font-size wp-elements-cf1b0e72ccf43aeae1689a098a183628\"><strong>CANAVIAL- Joilson Pinheiro<\/strong><\/p>\n\n\n\n<p><\/p>\n\n\n\n<figure class=\"wp-block-image size-large\"><img loading=\"lazy\" decoding=\"async\" width=\"1024\" height=\"515\" src=\"http:\/\/pontocomletra.nossopapel.org.br\/wp-content\/uploads\/2025\/08\/IMG-20250823-WA0042-1024x515.jpg\" alt=\"\" class=\"wp-image-1090\" srcset=\"https:\/\/pontocomletra.nossopapel.org.br\/wp-content\/uploads\/2025\/08\/IMG-20250823-WA0042-1024x515.jpg 1024w, https:\/\/pontocomletra.nossopapel.org.br\/wp-content\/uploads\/2025\/08\/IMG-20250823-WA0042-300x151.jpg 300w, https:\/\/pontocomletra.nossopapel.org.br\/wp-content\/uploads\/2025\/08\/IMG-20250823-WA0042-768x386.jpg 768w, https:\/\/pontocomletra.nossopapel.org.br\/wp-content\/uploads\/2025\/08\/IMG-20250823-WA0042-1536x772.jpg 1536w, https:\/\/pontocomletra.nossopapel.org.br\/wp-content\/uploads\/2025\/08\/IMG-20250823-WA0042.jpg 1600w\" sizes=\"auto, (max-width: 1024px) 100vw, 1024px\" \/><\/figure>\n\n\n\n<p>Hist\u00f3rico Joilson Pinheiro<\/p>\n\n\n\n<p>Mora no Rio de Janeiro desde 1999, ano que come\u00e7ou a trabalhar em r\u00e1dios e TVs Comunit\u00e1rias, em 2005 lan\u00e7a o primeiro livro de poesia, em sequ\u00eancia lan\u00e7a em 2008, 2010 e 2012. Naquele ano leva o Sarau Letras da Favela para a Biblioteca Parque da Rocinha, em 2016 cria o Sarau Beco Poema e nesses eventos multi culturais come\u00e7a a produzir suas m\u00fasicas. \u00c9 R\u00e9veillon foi composta em 2010 e gravada no ano seguinte, s\u00f3 em 2019 Joilson Pinheiro volta a produ\u00e7\u00e3o musical com a cantora Lu Foga\u00e7a e agora em 2020 faz parceria com o jovem produtor Pedro Scherr. Gravam juntos \u00c9 R\u00e9veillon com o grupo Ascendente Koringa e tr\u00eas convidados. Para 2021 j\u00e1 existe um projeto para regrava\u00e7\u00e3o da m\u00fasica e outro onde pretende revelar novos talentos das favelas e periferias cariocas.<\/p>\n\n\n\n<p><\/p>\n\n\n\n<p class=\"has-text-align-center has-white-color has-black-background-color has-text-color has-background has-link-color has-medium-font-size wp-elements-7c054705831c05eb7e8485087e19ccc3\"><strong>LILA EM MO\u00c7AMBIQUE &#8211; Andreia Prestes<\/strong><\/p>\n\n\n\n<p><\/p>\n\n\n\n<figure class=\"wp-block-image size-full\"><img loading=\"lazy\" decoding=\"async\" width=\"709\" height=\"985\" src=\"http:\/\/pontocomletra.nossopapel.org.br\/wp-content\/uploads\/2025\/08\/IMG-20250822-WA00371.jpg\" alt=\"\" class=\"wp-image-1093\" srcset=\"https:\/\/pontocomletra.nossopapel.org.br\/wp-content\/uploads\/2025\/08\/IMG-20250822-WA00371.jpg 709w, https:\/\/pontocomletra.nossopapel.org.br\/wp-content\/uploads\/2025\/08\/IMG-20250822-WA00371-216x300.jpg 216w\" sizes=\"auto, (max-width: 709px) 100vw, 709px\" \/><\/figure>\n\n\n\n<p><\/p>\n\n\n\n<p>  Andreia Prestes nasceu em Moscou, na antiga Uni\u00e3o Sovi\u00e9tica, durante o ex\u00edlio de seus pais, no per\u00edodo da Ditadura Militar no Brasil. Com um ano de idade, Andreia e sua fam\u00edlia se mudaram para Maputo, capital de Mo\u00e7ambique, onde viveu at\u00e9 completar nove anos. Neste per\u00edodo, toda a fam\u00edlia retornou para o Brasil. Andreia \u00e9 mestre em hist\u00f3ria pela UFRJ. A autora tamb\u00e9m integra o Sarau Po\u00e9tico de Manguinhos, no Rio de Janeiro, espa\u00e7o voltado para poesia e literatura na capital carioca.<\/p>\n\n\n\n<p><\/p>\n\n\n\n<p class=\"has-text-align-center has-white-color has-black-background-color has-text-color has-background has-link-color has-medium-font-size wp-elements-cf450d604e00d69c46fbbcb534c70385\"><strong>EXTRAVAZO &#8211; Renata Quiroga<\/strong><\/p>\n\n\n\n<figure class=\"wp-block-image size-full\"><img loading=\"lazy\" decoding=\"async\" width=\"778\" height=\"878\" src=\"http:\/\/pontocomletra.nossopapel.org.br\/wp-content\/uploads\/2025\/08\/Screenshot_20250807_155143_Gmail.jpg\" alt=\"\" class=\"wp-image-1111\" srcset=\"https:\/\/pontocomletra.nossopapel.org.br\/wp-content\/uploads\/2025\/08\/Screenshot_20250807_155143_Gmail.jpg 778w, https:\/\/pontocomletra.nossopapel.org.br\/wp-content\/uploads\/2025\/08\/Screenshot_20250807_155143_Gmail-266x300.jpg 266w, https:\/\/pontocomletra.nossopapel.org.br\/wp-content\/uploads\/2025\/08\/Screenshot_20250807_155143_Gmail-768x867.jpg 768w\" sizes=\"auto, (max-width: 778px) 100vw, 778px\" \/><\/figure>\n\n\n\n<p>Em Extravazo, Renata Quiroga navega pelas fronteiras estreitas entre arte e psican\u00e1lise, explorando a complexidade da experi\u00eancia humana por meio de uma narrativa que mergulha nas mem\u00f3rias, emo\u00e7\u00f5es e possibilidades de transforma\u00e7\u00e3o. Seu texto introspectivo revela o di\u00e1logo entre dois Quirogas, suas trajet\u00f3rias entrela\u00e7adas por encontros que oscilam entre o \u00edntimo e o coletivo, o concreto e o simb\u00f3lico. Com uma escrita sens\u00edvel e experimental, a autora convida o leitor a refletir sobre o vazio criativo, o ato de criar a partir do nada (ex nihilo) e os processos de cura e descoberta interior. Extravazo \u00e9 um convite \u00e0 reflex\u00e3o sobre o poder do artista e do analista no processo de extravasar emo\u00e7\u00f5es, confrontar o sil\u00eancio e transformar o excesso em s\u00edmbolo.<\/p>\n\n\n\n<p><\/p>\n\n\n\n<p>Como adquirir: <a href=\"https:\/\/www.lojaventuraeditora.com.br\/pd-97e024-extravazo.html?ct=&amp;p=1&amp;s=1\" data-type=\"link\" data-id=\"https:\/\/www.lojaventuraeditora.com.br\/pd-97e024-extravazo.html?ct=&amp;p=1&amp;s=1\">https:\/\/www.lojaventuraeditora.com.br\/pd-97e024-extravazo.html?ct=&amp;p=1&amp;s=1<\/a><\/p>\n\n\n\n<figure class=\"wp-block-image size-full\"><img loading=\"lazy\" decoding=\"async\" width=\"450\" height=\"647\" src=\"http:\/\/pontocomletra.nossopapel.org.br\/wp-content\/uploads\/2025\/08\/IMG-20250828-WA0007.jpg\" alt=\"\" class=\"wp-image-1112\" srcset=\"https:\/\/pontocomletra.nossopapel.org.br\/wp-content\/uploads\/2025\/08\/IMG-20250828-WA0007.jpg 450w, https:\/\/pontocomletra.nossopapel.org.br\/wp-content\/uploads\/2025\/08\/IMG-20250828-WA0007-209x300.jpg 209w\" sizes=\"auto, (max-width: 450px) 100vw, 450px\" \/><\/figure>\n\n\n\n<p><\/p>\n\n\n\n<p>Um lan\u00e7amento VENTURA EDITORA <\/p>\n\n\n\n<p>A Ventura Editora atua h\u00e1 anos publicando livros de poetas e escritores do Rio de Janeiro e de outros locais do Brasil. Tendo o premiado poeta, escritor e s\u00f3cio propriet\u00e1rio Jorge Ventura a frente da editora, a editora promove aos escritores suporte completo no processo de publica\u00e7\u00e3o da obra, sempre com respeito e profissionalismo.<br>Instagram: @venturaeditoralancamentos<br>Loja Online: https:\/\/www.lojaventuraeditora.com.br\/<\/p>\n\n\n\n<p><\/p>\n\n\n\n<p class=\"has-white-color has-black-background-color has-text-color has-background has-link-color has-medium-font-size wp-elements-f774c485cecacd1d95f98f265d3615fa\"><strong>TRAVESSIA- Celi Luz<\/strong> <\/p>\n\n\n\n<figure class=\"wp-block-image size-large\"><img loading=\"lazy\" decoding=\"async\" width=\"576\" height=\"1024\" src=\"http:\/\/pontocomletra.nossopapel.org.br\/wp-content\/uploads\/2025\/09\/IMG-20250910-WA0005-576x1024.jpg\" alt=\"\" class=\"wp-image-1124\" srcset=\"https:\/\/pontocomletra.nossopapel.org.br\/wp-content\/uploads\/2025\/09\/IMG-20250910-WA0005-576x1024.jpg 576w, https:\/\/pontocomletra.nossopapel.org.br\/wp-content\/uploads\/2025\/09\/IMG-20250910-WA0005-169x300.jpg 169w, https:\/\/pontocomletra.nossopapel.org.br\/wp-content\/uploads\/2025\/09\/IMG-20250910-WA0005-768x1365.jpg 768w, https:\/\/pontocomletra.nossopapel.org.br\/wp-content\/uploads\/2025\/09\/IMG-20250910-WA0005-864x1536.jpg 864w, https:\/\/pontocomletra.nossopapel.org.br\/wp-content\/uploads\/2025\/09\/IMG-20250910-WA0005.jpg 900w\" sizes=\"auto, (max-width: 576px) 100vw, 576px\" \/><\/figure>\n\n\n\n<p><\/p>\n\n\n\n<p>Travessia, 2020 Ed. Batel Poemas de Celi Luz sobre lugares por onde passeou.Pr\u00eamio Livro In\u00e9dito no Concurso Internacional de Literatura da UBE RJ<\/p>\n\n\n\n<p><\/p>\n\n\n\n<p class=\"has-text-align-center has-white-color has-black-background-color has-text-color has-background has-link-color has-medium-font-size wp-elements-b95b46ed15e0cb2a84a9cb1e9ea78faa\"><strong>AERERNIDADE DOS DIAS &#8211; Luiz Ot\u00e1vio Oliani <\/strong><\/p>\n\n\n\n<figure class=\"wp-block-image size-large\"><img loading=\"lazy\" decoding=\"async\" width=\"768\" height=\"1024\" src=\"http:\/\/pontocomletra.nossopapel.org.br\/wp-content\/uploads\/2025\/09\/IMG-20250910-WA0006-768x1024.jpg\" alt=\"\" class=\"wp-image-1127\" srcset=\"https:\/\/pontocomletra.nossopapel.org.br\/wp-content\/uploads\/2025\/09\/IMG-20250910-WA0006-768x1024.jpg 768w, https:\/\/pontocomletra.nossopapel.org.br\/wp-content\/uploads\/2025\/09\/IMG-20250910-WA0006-225x300.jpg 225w, https:\/\/pontocomletra.nossopapel.org.br\/wp-content\/uploads\/2025\/09\/IMG-20250910-WA0006-1152x1536.jpg 1152w, https:\/\/pontocomletra.nossopapel.org.br\/wp-content\/uploads\/2025\/09\/IMG-20250910-WA0006.jpg 1200w\" sizes=\"auto, (max-width: 768px) 100vw, 768px\" \/><\/figure>\n\n\n\n<p><\/p>\n\n\n\n<p>Com A eternidade dos dias, Luiz Ot\u00e1vio Oliani compara o processo de escritura \u00e0 pr\u00f3pria exist\u00eancia se fazendo eterna. No poema que fecha o livro, o autor nos conduz ao vazio que o eterno nos mostra, n\u00e3o podendo, portanto, ser medido pela l\u00f3gica racional. A \u201ceterna imagina\u00e7\u00e3o\u201d das palavras nos leva \u00e0 for\u00e7a do imagin\u00e1rio que \u00e9 eterno como uma \u201corquestra\u201d, elevando-nos pelo ritmo e pela m\u00fasica. Seus versos secos, como descreve sua poesia, \u201cn\u00e3o deixa rastros\u201d, pois n\u00e3o tem enfeites ou coloridos artificiais. O poeta, qual \u201coper\u00e1rio\u201d faz seus versos com precis\u00e3o, construindo o espa\u00e7o da liberdade a partir de \u201cpalavras rebeldes\u201d que n\u00e3o se deixam conter pelo excesso. A linguagem \u00e9 de conten\u00e7\u00e3o e n\u00e3o de excesso, mas o seu contido se afoga no abismo, no eterno e no vazio do sem-limite da express\u00e3o po\u00e9tica. Sem \u201cl\u00e1grimas\u201d e sem \u201c\u00e1guas\u201d que \u201clavam o poeta\u201d seu estilo seco e contido \u00e9 de uma riqueza extraordin\u00e1ria. Em Epit\u00e1fio, \u201co verbo contido\u201d traduz o m\u00e1ximo a partir do m\u00ednimo que a experi\u00eancia da morte expressa, pois a conten\u00e7\u00e3o \u00e9 sua reserva de poetar. O espa\u00e7o do sagrado tamb\u00e9m se faz presente, alimentando como h\u00f3stia seus seguidores: \u201co poema tamb\u00e9m alimenta\u201d. Neste livro, o dom\u00ednio da escritura ultrapassa a pr\u00f3pria dimens\u00e3o do sagrado, pois \u201co poeta escreve\u201d enquanto \u201cDeus se cansa de acariciar o vento\u201d. Portanto, sua poesia, ao mesmo tempo livre e contida, cria um paradoxo rico que vai deixar marcas para as gera\u00e7\u00f5es futuras. Alexandra Vieira de AlmeidaDoutora em Literatura Comparada (UERJ)Orelha ao livro \u201cA eternidade dos dias\u201d, Editora da Palavra, Rio de Janeiro.<\/p>\n\n\n\n<p><\/p>\n\n\n\n<p class=\"has-text-align-center has-white-color has-black-background-color has-text-color has-background has-link-color has-medium-font-size wp-elements-24d4a8919f10040c8714c2d71c6678aa\"><strong>REVISTA LITER\u00c1RIA PLURAL N\u00b010<\/strong><\/p>\n\n\n\n<p><\/p>\n\n\n\n<figure class=\"wp-block-image size-large\"><img loading=\"lazy\" decoding=\"async\" width=\"1024\" height=\"686\" src=\"http:\/\/pontocomletra.nossopapel.org.br\/wp-content\/uploads\/2025\/09\/WhatsApp-Image-2025-09-11-at-19.50.53-1-1024x686.jpeg\" alt=\"\" class=\"wp-image-1148\" srcset=\"https:\/\/pontocomletra.nossopapel.org.br\/wp-content\/uploads\/2025\/09\/WhatsApp-Image-2025-09-11-at-19.50.53-1-1024x686.jpeg 1024w, https:\/\/pontocomletra.nossopapel.org.br\/wp-content\/uploads\/2025\/09\/WhatsApp-Image-2025-09-11-at-19.50.53-1-300x201.jpeg 300w, https:\/\/pontocomletra.nossopapel.org.br\/wp-content\/uploads\/2025\/09\/WhatsApp-Image-2025-09-11-at-19.50.53-1-768x515.jpeg 768w, https:\/\/pontocomletra.nossopapel.org.br\/wp-content\/uploads\/2025\/09\/WhatsApp-Image-2025-09-11-at-19.50.53-1.jpeg 1079w\" sizes=\"auto, (max-width: 1024px) 100vw, 1024px\" \/><\/figure>\n\n\n\n<p>Nesses 40 anos de literatura da OFICINA passamos por momentos inesquec\u00edveis. Respiramos! Aperfei\u00e7oamos nossos m\u00e9todos de trabalho e a valoriza\u00e7\u00e3o de nossos autores, nossa obra prima. Fizemos os mais diversos tipos de lan\u00e7amento, com recitais: em clubes, em bares, em bondes (a 1\u00b0 Revista Plural), em bibliotecas, pra\u00e7as p\u00fablicas, parque de divers\u00f5es, ringue de patina\u00e7\u00e3o, centros culturais, nos trens, metr\u00f4, vlt, barcos, diversos audit\u00f3rios e at\u00e9, mesmo, em passeatas. Montamos projetos de incentivo \u00e0 leitura, concursos liter\u00e1rios, festivais, feira de livros, m\u00eddias renovadas e nunca esquecendo nosso material b\u00e1sico: o livro. Uma vez mais em papel, cores, aromas, letras e imagens, presencialmente. Nessa edi\u00e7\u00e3o textos dos mais diferentes matizes: a j\u00e1 citada comemora\u00e7\u00e3o dos 40 anos da OFICINA Editores e 20 anos desta revista; a efem\u00e9ride Rio Capital Mundial do Livro, com a nossa participa\u00e7\u00e3o no Festival Ponto com Letra &#8211; Escritores em A\u00e7\u00e3o; o roteiro da poesia seguindo firme e forte nos 4 cantos do Rio de Janeiro, alcan\u00e7ando as redes sociais e m\u00eddias da internet. Nosso bate-papo de poetas \u00e9 com a fabulosa poeta alternativa (como ela se identifica) Juju Campbell, do nosso Conselheiro Editorial, desde sempre. Miniconto, conto, minicr\u00f4nica, cr\u00f4nica. Poemas que anunciam dissabores h\u00e1 d\u00e9cadas (em todos os lugares), mas rimam amores, encontros e desencontros. Par\u00f3dia, lenda, f\u00e1bula, haicai, trova, poesia visual. Cr\u00edtica e sinopses de livros que n\u00e3o se podem ignorar. E um pouco da nossa hist\u00f3ria em letras e imagens, fotos e eventos.<\/p>\n\n\n\n<p><\/p>\n\n\n\n<p class=\"has-text-align-center has-white-color has-black-background-color has-text-color has-background has-link-color has-medium-font-size wp-elements-4a203437767e659909538101b52073c7\"><strong>ANTA QUE ENCANTA &#8211; L\u00facia Guimar\u00e3es &amp; Laura Sp\u00edndola<\/strong><\/p>\n\n\n\n<p>   Sinopse:Todo escrito em versos rimados, A Anta que Encanta conta a hist\u00f3ria de Samanta, a famosa cantora que acabou ficando resfriada bem na v\u00e9spera de subir ao palco! Ser\u00e1 que ela vai se recuperar a tempo da grande apresenta\u00e7\u00e3o? Com autoria de Laura Sp\u00edndola e L\u00facia Guimar\u00e3es e ilustra\u00e7\u00f5es de Bruna Menezes, este \u00e9 o quarto volume da Cole\u00e7\u00e3o Bicharada Rimada, que traz hist\u00f3rias protagonizadas por bichos curiosos e bem engra\u00e7ados.Podem ter certeza que a brincadeira de fazer rimas vai encantar toda a fam\u00edlia!Sobre as autoras:Laura Sp\u00edndola e L\u00facia Guimar\u00e3es s\u00e3o escritoras e as idealizadoras da Estante Volante.L\u00facia \u00e9 respons\u00e1vel pelas aventuras da Lila Liloca e as divertidas rimas dos Tchucos, s\u00e9ries que trazem personagens emblem\u00e1ticos e j\u00e1 muito queridos pelos pequenos. Focando no p\u00fablico juvenil, Laura assina Os Dois Lados da Hist\u00f3ria e O Tesouro dos Mil Livros, hist\u00f3rias marcadas por muitas reviravoltas, emo\u00e7\u00f5es e um forte tra\u00e7o humor\u00edstico.Bicharada Rimada \u00e9 a primeira s\u00e9rie que m\u00e3e e filha escrevem a quatro m\u00e3os.<\/p>\n\n\n\n<p><\/p>\n\n\n\n<figure class=\"wp-block-image size-large\"><img loading=\"lazy\" decoding=\"async\" width=\"1024\" height=\"1024\" src=\"https:\/\/pontocomletra.nossopapel.org.br\/wp-content\/uploads\/2025\/10\/IMG-20251002-WA0111-1024x1024.jpg\" alt=\"\" class=\"wp-image-1330\" srcset=\"https:\/\/pontocomletra.nossopapel.org.br\/wp-content\/uploads\/2025\/10\/IMG-20251002-WA0111-1024x1024.jpg 1024w, https:\/\/pontocomletra.nossopapel.org.br\/wp-content\/uploads\/2025\/10\/IMG-20251002-WA0111-300x300.jpg 300w, https:\/\/pontocomletra.nossopapel.org.br\/wp-content\/uploads\/2025\/10\/IMG-20251002-WA0111-150x150.jpg 150w, https:\/\/pontocomletra.nossopapel.org.br\/wp-content\/uploads\/2025\/10\/IMG-20251002-WA0111-768x768.jpg 768w, https:\/\/pontocomletra.nossopapel.org.br\/wp-content\/uploads\/2025\/10\/IMG-20251002-WA0111-1536x1536.jpg 1536w, https:\/\/pontocomletra.nossopapel.org.br\/wp-content\/uploads\/2025\/10\/IMG-20251002-WA0111.jpg 1600w\" sizes=\"auto, (max-width: 1024px) 100vw, 1024px\" \/><\/figure>\n\n\n\n<p><\/p>\n\n\n\n<p class=\"has-text-align-center has-white-color has-black-background-color has-text-color has-background has-link-color wp-elements-7704a6b238ada6ab913349b3328b5178\"><strong>Na morada do Tempo- CELI LUZ<\/strong><\/p>\n\n\n\n<p>Na Morada do Tempo, 2021, 2a edi\u00e7\u00e3o<br>Ed. Oficina, Pr\u00eamio Livro In\u00e9dito, Concurso Internacional da UBE RJ<br>Poemas de Celi Luz sobre as inquieta\u00e7\u00f5es de tempo e espa\u00e7o.<\/p>\n\n\n\n<figure class=\"wp-block-image size-large\"><img loading=\"lazy\" decoding=\"async\" width=\"576\" height=\"1024\" src=\"http:\/\/pontocomletra.nossopapel.org.br\/wp-content\/uploads\/2025\/10\/IMG-20251002-WA0110-576x1024.jpg\" alt=\"\" class=\"wp-image-1327\" srcset=\"https:\/\/pontocomletra.nossopapel.org.br\/wp-content\/uploads\/2025\/10\/IMG-20251002-WA0110-576x1024.jpg 576w, https:\/\/pontocomletra.nossopapel.org.br\/wp-content\/uploads\/2025\/10\/IMG-20251002-WA0110-169x300.jpg 169w, https:\/\/pontocomletra.nossopapel.org.br\/wp-content\/uploads\/2025\/10\/IMG-20251002-WA0110-768x1365.jpg 768w, https:\/\/pontocomletra.nossopapel.org.br\/wp-content\/uploads\/2025\/10\/IMG-20251002-WA0110-864x1536.jpg 864w, https:\/\/pontocomletra.nossopapel.org.br\/wp-content\/uploads\/2025\/10\/IMG-20251002-WA0110.jpg 900w\" sizes=\"auto, (max-width: 576px) 100vw, 576px\" \/><\/figure>\n\n\n\n<h1 class=\"wp-block-heading has-text-align-center has-white-color has-white-background-color has-text-color has-background has-link-color has-medium-font-size wp-elements-c643a77be3de6c1295838bf495388c88\"><\/h1>\n\n\n\n<p class=\"has-text-align-center has-white-color has-black-background-color has-text-color has-background has-link-color has-medium-font-size wp-elements-80d32b7c7e9ebaca68ded178f69aeb14\"><strong>A RAPOSA E A CEGONHA &#8211; Mozart Carvalho<\/strong><\/p>\n\n\n\n<p>A Raposa e a Cegonha, Mozart CarvalhoOficina Editores\/Rio de Janeiro, 2012, 42 p\u00e1ginas, 21x21cmCarioca. Professor universit\u00e1rio. Mestre em Humanidades, Culturas e Artes. O segundo da s\u00e9rie da Cole\u00e7\u00e3o F\u00e1bulas, Lendas e Mitos &#8211; S\u00e9rie EsopoLendo MOZART CARVALHO Junto a um m\u00e1gico carvalho \/ sonhava um amigo meu \/ \u2013 o nome dele \u00e9 Mozart \u2013 \/ com a f\u00e1bula do cervo \/ e o lago de fabular. \/ T\u00e3o s\u00e1bio tudo ficava, \/ se fez tudo t\u00e3o bonito \/ que o cora\u00e7\u00e3o de quem lia \/ virou quase que outra f\u00e1bula. \/ Mas Mozart queria mais. \/ E Mozart abriu os ouvidos \/ para a f\u00e1bula escutar: \/ \u2013 V\u00f3, minha v\u00f3, vovozinha, \/ conta outra f\u00e1bula mais. \/ Essa f\u00e1bula \u00e9 uma hist\u00f3ria \/ que n\u00e3o se esquece jamais. \/ \u2013 A da raposa e a cegonha? \/ \u2013 Essa mesma que h\u00e1 no livro \/ dos desenhos de encantar. \/ \u2013 Est\u00e1 bem, meu neto, sonha. \/ Eu tamb\u00e9m quero sonhar.Stella Leonardos Secret\u00e1ria-geral da UBE\/RJ<\/p>\n\n\n\n<figure class=\"wp-block-image size-full\"><img loading=\"lazy\" decoding=\"async\" width=\"800\" height=\"805\" src=\"http:\/\/pontocomletra.nossopapel.org.br\/wp-content\/uploads\/2025\/10\/IMG-20251007-WA00151.jpg\" alt=\"\" class=\"wp-image-1376\" srcset=\"https:\/\/pontocomletra.nossopapel.org.br\/wp-content\/uploads\/2025\/10\/IMG-20251007-WA00151.jpg 800w, https:\/\/pontocomletra.nossopapel.org.br\/wp-content\/uploads\/2025\/10\/IMG-20251007-WA00151-298x300.jpg 298w, https:\/\/pontocomletra.nossopapel.org.br\/wp-content\/uploads\/2025\/10\/IMG-20251007-WA00151-150x150.jpg 150w, https:\/\/pontocomletra.nossopapel.org.br\/wp-content\/uploads\/2025\/10\/IMG-20251007-WA00151-768x773.jpg 768w\" sizes=\"auto, (max-width: 800px) 100vw, 800px\" \/><\/figure>\n\n\n\n<p><\/p>\n\n\n\n<p><\/p>\n\n\n\n<h1 class=\"wp-block-heading has-text-align-center has-white-color has-black-background-color has-text-color has-background has-link-color has-medium-font-size wp-elements-e72bf903f4ef547df3875a4cdb201ac3\"><strong>REBENTO- Fernanda Oliveira<\/strong><\/h1>\n\n\n\n<p id=\"block-eb8e6a83-6969-4c61-b079-331a32c08197\"><br>&#8220;Cuidado! N\u00e3o leia! Cuidado! Seu cora\u00e7\u00e3o ser\u00e1 transformado, seu pensamento, modificado e seu caminho n\u00e3o estar\u00e1 mais tra\u00e7ado. Por isso, n\u00e3o leia! Cuidado! Voc\u00ea corre o risco de ser raptado pelo desejo do progresso, para o qual est\u00e1 fadado.&#8221; &#8211; Fernanda Oliveira<\/p>\n\n\n\n<p id=\"block-d1af484f-c2af-4432-841a-bcb43b96bf33\">Fernanda Oliveira nasceu em 1981, no sub\u00farbio carioca. A filha mais velha da fam\u00edlia Oliveira, desde a inf\u00e2ncia gostava de inventar hist\u00f3rias e brincar de escrever. Iniciou a vida profissional por meio da Fonoaudiologia, em 2002, trabalhando com a Linguagem. Mas foi por interm\u00e9dio da Arteterapia que se reaproximou do universo da escrita sob as lentes da Arte. Escrevendo, lendo e falando poemas, Fernanda tem apertado seus la\u00e7os de amizade com o tempo.<br>Atualmente, trabalha com conta\u00e7\u00e3o de hist\u00f3rias e participa como mentora de cursos de Escrita Criativa, nos quais busca seu prop\u00f3sito de multiplicar o poder transformador das palavras em nossas vidas. Em 2022, olhando para o futuro e enraizada em esperan\u00e7a, Fernanda deu \u00e0 luz Rebento, a fim de germinar, com o compromisso de florescer e frutificar, assim como lindos carvalhos um dia foram sementes.<\/p>\n\n\n\n<figure class=\"wp-block-image\" id=\"block-9de1adc6-6d44-4ca8-8f46-b2a3e50597f7\"><img decoding=\"async\" src=\"http:\/\/pontocomletra.nossopapel.org.br\/wp-content\/uploads\/2025\/10\/WhatsApp-Image-2025-10-13-at-13.21.26-576x1024.jpeg\" alt=\"This image has an empty alt attribute; its file name is WhatsApp-Image-2025-10-13-at-13.21.26-576x1024.jpeg\"\/><\/figure>\n\n\n\n<p><\/p>\n\n\n\n<p class=\"has-text-align-center has-white-color has-black-background-color has-text-color has-background has-link-color has-medium-font-size wp-elements-0550740d4feec756fbdbbfbbd8841222\"><strong>EM RAZ\u00c3O DO AMOR &#8211; Celi Luz (Edi\u00e7\u00e3o bil\u00edngue)<\/strong><\/p>\n\n\n\n<p>Em raz\u00e3o do amor, 2017<br>Edi\u00e7\u00e3o bil\u00edngue portugu\u00eas\/espanhol<\/p>\n\n\n\n<p>Poemas de Celi Luz sobre o que encanta \u00e0 poeta<\/p>\n\n\n\n<figure class=\"wp-block-image size-large\"><img loading=\"lazy\" decoding=\"async\" width=\"576\" height=\"1024\" src=\"http:\/\/pontocomletra.nossopapel.org.br\/wp-content\/uploads\/2025\/10\/WhatsApp-Image-2025-10-13-at-13.32.49-576x1024.jpeg\" alt=\"\" class=\"wp-image-1389\" srcset=\"https:\/\/pontocomletra.nossopapel.org.br\/wp-content\/uploads\/2025\/10\/WhatsApp-Image-2025-10-13-at-13.32.49-576x1024.jpeg 576w, https:\/\/pontocomletra.nossopapel.org.br\/wp-content\/uploads\/2025\/10\/WhatsApp-Image-2025-10-13-at-13.32.49-169x300.jpeg 169w, https:\/\/pontocomletra.nossopapel.org.br\/wp-content\/uploads\/2025\/10\/WhatsApp-Image-2025-10-13-at-13.32.49-768x1365.jpeg 768w, https:\/\/pontocomletra.nossopapel.org.br\/wp-content\/uploads\/2025\/10\/WhatsApp-Image-2025-10-13-at-13.32.49-864x1536.jpeg 864w, https:\/\/pontocomletra.nossopapel.org.br\/wp-content\/uploads\/2025\/10\/WhatsApp-Image-2025-10-13-at-13.32.49.jpeg 900w\" sizes=\"auto, (max-width: 576px) 100vw, 576px\" \/><\/figure>\n","protected":false},"excerpt":{"rendered":"<p>O QUE SABIA O COLIBRI? AUTORA :Priscila Fernanda INLUSTRADORA: Val Mello O livro&nbsp;O QUE SABIA O COLIBRI?&nbsp;de Priscila Fernanda,\u00e9 uma<\/p>\n","protected":false},"author":2,"featured_media":463,"parent":0,"menu_order":0,"comment_status":"closed","ping_status":"closed","template":"","meta":{"colormag_page_layout":"default_layout","_editorskit_title_hidden":false,"_editorskit_reading_time":0,"_editorskit_is_block_options_detached":false,"_editorskit_block_options_position":"{}","footnotes":""},"class_list":["post-434","page","type-page","status-publish","has-post-thumbnail","hentry"],"_links":{"self":[{"href":"https:\/\/pontocomletra.nossopapel.org.br\/index.php?rest_route=\/wp\/v2\/pages\/434","targetHints":{"allow":["GET"]}}],"collection":[{"href":"https:\/\/pontocomletra.nossopapel.org.br\/index.php?rest_route=\/wp\/v2\/pages"}],"about":[{"href":"https:\/\/pontocomletra.nossopapel.org.br\/index.php?rest_route=\/wp\/v2\/types\/page"}],"author":[{"embeddable":true,"href":"https:\/\/pontocomletra.nossopapel.org.br\/index.php?rest_route=\/wp\/v2\/users\/2"}],"replies":[{"embeddable":true,"href":"https:\/\/pontocomletra.nossopapel.org.br\/index.php?rest_route=%2Fwp%2Fv2%2Fcomments&post=434"}],"version-history":[{"count":27,"href":"https:\/\/pontocomletra.nossopapel.org.br\/index.php?rest_route=\/wp\/v2\/pages\/434\/revisions"}],"predecessor-version":[{"id":1805,"href":"https:\/\/pontocomletra.nossopapel.org.br\/index.php?rest_route=\/wp\/v2\/pages\/434\/revisions\/1805"}],"wp:featuredmedia":[{"embeddable":true,"href":"https:\/\/pontocomletra.nossopapel.org.br\/index.php?rest_route=\/wp\/v2\/media\/463"}],"wp:attachment":[{"href":"https:\/\/pontocomletra.nossopapel.org.br\/index.php?rest_route=%2Fwp%2Fv2%2Fmedia&parent=434"}],"curies":[{"name":"wp","href":"https:\/\/api.w.org\/{rel}","templated":true}]}}