{"id":175,"date":"2025-04-01T18:22:14","date_gmt":"2025-04-01T21:22:14","guid":{"rendered":"http:\/\/pontocomletra.nossopapel.org.br\/?page_id=175"},"modified":"2025-12-13T17:48:15","modified_gmt":"2025-12-13T20:48:15","slug":"exposicao","status":"publish","type":"page","link":"https:\/\/pontocomletra.nossopapel.org.br\/?page_id=175","title":{"rendered":"Exposi\u00e7\u00e3o"},"content":{"rendered":"\n<figure class=\"wp-block-image size-large is-resized\"><img loading=\"lazy\" decoding=\"async\" width=\"709\" height=\"1024\" src=\"http:\/\/pontocomletra.nossopapel.org.br\/wp-content\/uploads\/2025\/06\/WhatsApp-Image-2025-06-03-at-17.08.43-709x1024.jpeg\" alt=\"\" class=\"wp-image-395\" style=\"width:625px;height:auto\" srcset=\"https:\/\/pontocomletra.nossopapel.org.br\/wp-content\/uploads\/2025\/06\/WhatsApp-Image-2025-06-03-at-17.08.43-709x1024.jpeg 709w, https:\/\/pontocomletra.nossopapel.org.br\/wp-content\/uploads\/2025\/06\/WhatsApp-Image-2025-06-03-at-17.08.43-208x300.jpeg 208w, https:\/\/pontocomletra.nossopapel.org.br\/wp-content\/uploads\/2025\/06\/WhatsApp-Image-2025-06-03-at-17.08.43-768x1109.jpeg 768w, https:\/\/pontocomletra.nossopapel.org.br\/wp-content\/uploads\/2025\/06\/WhatsApp-Image-2025-06-03-at-17.08.43.jpeg 923w\" sizes=\"auto, (max-width: 709px) 100vw, 709px\" \/><\/figure>\n\n\n\n<p><\/p>\n\n\n\n<figure class=\"wp-block-image size-large is-resized\"><img loading=\"lazy\" decoding=\"async\" width=\"1024\" height=\"768\" src=\"http:\/\/pontocomletra.nossopapel.org.br\/wp-content\/uploads\/2025\/06\/WhatsApp-Image-2025-06-03-at-17.08.52-1024x768.jpeg\" alt=\"\" class=\"wp-image-394\" style=\"width:722px;height:auto\" srcset=\"https:\/\/pontocomletra.nossopapel.org.br\/wp-content\/uploads\/2025\/06\/WhatsApp-Image-2025-06-03-at-17.08.52-1024x768.jpeg 1024w, https:\/\/pontocomletra.nossopapel.org.br\/wp-content\/uploads\/2025\/06\/WhatsApp-Image-2025-06-03-at-17.08.52-300x225.jpeg 300w, https:\/\/pontocomletra.nossopapel.org.br\/wp-content\/uploads\/2025\/06\/WhatsApp-Image-2025-06-03-at-17.08.52-768x576.jpeg 768w, https:\/\/pontocomletra.nossopapel.org.br\/wp-content\/uploads\/2025\/06\/WhatsApp-Image-2025-06-03-at-17.08.52-1536x1152.jpeg 1536w, https:\/\/pontocomletra.nossopapel.org.br\/wp-content\/uploads\/2025\/06\/WhatsApp-Image-2025-06-03-at-17.08.52.jpeg 1600w\" sizes=\"auto, (max-width: 1024px) 100vw, 1024px\" \/><\/figure>\n\n\n\n<p><strong>Governo Federal, Minist\u00e9rio da Cultura, Prefeitura da Cidade do Rio de Janeiro e Secretaria Municipal de Cultura apresentam: <a><\/a><\/strong><\/p>\n\n\n\n<p>O <strong>\u201cFestival Ponto com Letra &#8211; Escritores em A\u00e7\u00e3o\u201d &#8211; Edi\u00e7\u00e3o Cultura <\/strong><strong>Viva<\/strong>, realizado pela Ong O Nosso Papel, Ponto de Cultura Fazendo a Diferen\u00e7a em Paquet\u00e1, em estreita parceria com a APPERJ. O evento que acontecer\u00e1 de abril a dezembro de 2025, pretende ampliar as atividades liter\u00e1rias j\u00e1 realizadas desde 2008 pela Ong O Nosso Papel no projeto do Ponto de Cultura. O p\u00fablico-alvo priorit\u00e1rio \u00e9 de jovens e crian\u00e7as alunos que frequentam as escolas p\u00fablicas e a comunidade em geral. Ser\u00e3o realizadas a\u00e7\u00f5es virtuais atrav\u00e9s de um blog e presenciais nos Col\u00e9gio Estadual Augusto Ruschi, Biblioteca Escolar Municipal de Paquet\u00e1 Joaquim Manuel de Macedo, Casa de Cultura Jos\u00e9 Bonif\u00e1cio e Museu de Comunica\u00e7\u00e3o e Costumes, Biblioteca Escolar Municipal de Paquet\u00e1, Col\u00f4nia de Pescadores, espa\u00e7os p\u00fablicos. Tamb\u00e9m ser\u00e3o convidadas a participar Escolas do Munic\u00edpio e de comunidades externas a Ilha de Paquet\u00e1 para as quais ser\u00e1 disponibilizada a \u201c<strong>Exposi\u00e7\u00e3o Paquet\u00e1, Foto e Poesia<\/strong> \u201c, acervo do Ponto de Cultura, fruto do trabalho dos fot\u00f3grafos J\u00falio (Sorriso) e Cec\u00edlia Fonseca professores da Ilha audiovisual do Ponto de Cultura com alunos. Durante o ano de 2025 atuaremos em parceria com escritores e poetas da ACLAPAT CTC que realizar\u00e3o o Congresso dos Trovadores em Paquet\u00e1 e ser\u00e1 realizada cobertura fotogr\u00e1fica de SARAUS do Rio e do evento mineiro de Montes Claros, coordenado por Aroldo Pereira: RIO, PSIU POESIA.<\/p>\n\n\n\n<p><strong><em>BEM-VINDOS, A BORDO!<\/em><\/strong><\/p>\n\n\n\n<p><strong>&nbsp;RIO CAPITAL MUNDIAL DO LIVRO 2025<\/strong><strong><\/strong><\/p>\n\n\n\n<p>O Rio de Janeiro \u00e9 a primeira cidade de l\u00edngua portuguesa a receber este t\u00edtulo, concedido pela Unesco. Este \u00e9 um reconhecimento em virtude da excel\u00eancia dos programas de promo\u00e7\u00e3o da leitura no munic\u00edpio.<\/p>\n\n\n\n<p>A candidatura da Cidade Maravilhosa foi desenvolvida pela Secretaria Municipal de Cultura em parceria com o SNEL, que tamb\u00e9m promove a Bienal do Rio h\u00e1 40 anos. Para fortalecer ainda mais as atividades liter\u00e1rias, a Secretaria Municipal de Cultura RJ lan\u00e7ou o Edital Rio Capital Mundial do Livro 2025.<\/p>\n\n\n\n<p>Al\u00e9m de sediar por 12 meses uma programa\u00e7\u00e3o voltada para a promo\u00e7\u00e3o do livro e da leitura, a nova Capital Mundial do Livro entra para uma rede de coopera\u00e7\u00e3o internacional com as cidades dos anos anteriores.<\/p>\n\n\n\n<p>Recentemente as cidades selecionadas inclu\u00edram Sharjah (2019) Kuala Lumpur (2020), Tbilisi (2021), Guadalajara (2022), Accra (2023) e Estrasburgo (2024).<\/p>\n\n\n\n<p>A cidade escolhida assume o compromisso de difundir a import\u00e2ncia do livro e a desenvolver programas e atividades relacionados ao tema ao longo do ano.<\/p>\n\n\n\n<p>O objetivo dessa iniciativa \u00e9 garantir e democratizar o acesso \u00e0 leitura, com um foco especial em jovens e em comunidades mais vulner\u00e1veis. Isso ser\u00e1 alcan\u00e7ado por meio de uma s\u00e9rie de programas e atividades que promovam o livro e a leitura. Espera-se que a a\u00e7\u00e3o tenha impacto positivo na alfabetiza\u00e7\u00e3o entre jovens do Rio de Janeiro.<\/p>\n\n\n\n<p><a><strong>PONTO DE CULTURA<\/strong><\/a><\/p>\n\n\n\n<p><strong>FAZENDO A DIFEREN\u00c7A EM PAQUET\u00c1<\/strong><\/p>\n\n\n\n<p><strong>FOTOGRAFIA<\/strong><\/p>\n\n\n\n<p><strong>J\u00falio C\u00e9sar da Silva, <\/strong>fot\u00f3grafo, mais conhecido como \u201c<em>Sorriso\u201d, <\/em>nasceu em Paquet\u00e1 formou-se em Ci\u00eancias Cont\u00e1beis, mas descobriu na fotografia o prazer de trabalhar e me realizar como profissional. Trabalhou muito tempo como volunt\u00e1rio ministrando aulas de fotografia para a crian\u00e7ada das Escolas Municipais locais. Faz parte da equipe do Ponto de Cultura e trabalhou com turmas no Prevent\u00f3rio institui\u00e7\u00e3o que atendia a 120 crian\u00e7as da Ilha. Como fruto do seu trabalho foi organizada uma exposi\u00e7\u00e3o de cunho itinerante, com 200 fotos da Ilha de Paquet\u00e1 de excelente qualidade, tiradas por jovens e crian\u00e7as que frequentam as aulas. A exposi\u00e7\u00e3o encanta a todos e j\u00e1 passou por clubes locais, escolas, esta\u00e7\u00e3o das BARCAS SA, Iate Clube do Rio de janeiro, Pal\u00e1cio Gustavo Capanema entre muitos outros locais. Tamb\u00e9m foram feitos cart\u00f5es postais com os registros feitos pelos alunos e as imagens complementam as exposi\u00e7\u00f5es atuais.<\/p>\n\n\n\n<p><strong>PONTO DE CULTURA<\/strong><\/p>\n\n\n\n<p><strong>FAZENDO A DIFEREN\u00c7A EM PAQUET\u00c1<\/strong><\/p>\n\n\n\n<p><strong>FOTOGRAFIA <\/strong><strong><\/strong><\/p>\n\n\n\n<p><strong>Cec\u00edlia Fonseca<\/strong>, fot\u00f3grafa desde a d\u00e9cada de 90, iniciou seus estudos com Paulo Castiglione no projeto Semente da Imagem. Especializou- se em moda e eventos. Foi assistente dos fot\u00f3grafos de Moda Alfredo Faya e Bruno Mendes.&nbsp; Realizou uma breve incurs\u00e3o pelo Cinema em 2004, tendo feito a fotografia still do document\u00e1rio <em>Papo de Botequim<\/em> de Allan Ribeiro, premiado em diversos Festivais. Registrou mais de 110 antigos moradores de Paquet\u00e1, resultando na exposi\u00e7\u00e3o \u2018<em>Os Tradicionais\u2019<\/em>. Passou a trabalhar com as crian\u00e7as e jovens no Ponto de Cultura a partir de 2010. Os cursos ministrados por Cecilia Fonseca beneficiaram&nbsp;&nbsp; alunos do a partir de 9 anos de idade do CRAS Dod\u00f4 da Portela, Prevent\u00f3rio, CE Augusto Ruschi. Al\u00e9m de paisagens foi feita cobertura fotogr\u00e1fica de todos os trabalhadores da Ilha e de bairros do entorno da Ba\u00eda de Guanabara. Diversas exposi\u00e7\u00f5es foram organizadas. A CCR BARCAS decorou o interior da Barca Itapuca com as imagens.<\/p>\n\n\n\n<p><strong>EXPOSI\u00c7\u00c3O\u201d PAQUETA FOTO E POESIA\u201d<\/strong><\/p>\n\n\n\n<p><strong>POETAS COLABORADORES<\/strong><\/p>\n\n\n\n<p><strong>ALEXANDRE AC\u00c2MPORA<\/strong> \u2013 Poeta e escritor, carioca, tem cinco livros publicados entre cr\u00f4nicas, poemas, artigos de imprensa e hist\u00f3ria. Pertence a Academia Tocantinense de Letras.<\/p>\n\n\n\n<p><strong>ALUIZIO REZENDE (in memoriam)<\/strong> \u2013 carioca, poeta, cronista, ensa\u00edsta, contista, escritor, fundador do Poveb (Poesia, Voc\u00ea Est\u00e1 na Barra), movimento cultural com eventos na Barra da Tijuca, \u00e9 autor de dois livros de contos e um de poesia. Era frequentador ass\u00edduo de eventos po\u00e9ticos no Rio.<\/p>\n\n\n\n<p><strong>ANGELA MARIA CARROCINO<\/strong> \u2013 paulista de Pindamonhangaba, mas criada no Rio de Janeiro. Foi professora do extinto Estado da Guanabara, do Estado do Rio de Janeiro, do munic\u00edpio do Rio de Janeiro e, finalmente, professora federal do Col\u00e9gio Pedro II, onde se aposentou. Formada pela UERJ esta pedagoga al\u00e9m de artista pl\u00e1stica, escreve em prosa e verso. Tem 11 livros publicados ,5 doa quais associados a outras habilidades art\u00edsticas. Participou de diversas colet\u00e2neas e antologias. Foi Diretora Cultural do SEERJ \u2013 (Sindicato dos Escritores do Estado do Rio de Janeiro), onde criou o \u201cCHARAU\u201d -um sarau com ch\u00e1 e charme, em evento l\u00edtero &#8211; musical. \u00c9 integrante do Grupo Poesia Simplesmente, que este ano completa 25 anos de exist\u00eancia.<\/p>\n\n\n\n<p><strong>CELI LUZ<\/strong> \u2013Formada e p\u00f3s-graduada em portugu\u00eas e Literatura pela UFRJ. Celi se interessou pela leitura bem nova e descobriu a poesia atrav\u00e9s de autoras como Cec\u00edlia Meireles, Cora Coralina e Ad\u00e9lia Prado. Aos dez anos come\u00e7ou a escrever. Foi vencedora em 2017 do Trof\u00e9u Sem Fronteiras, concurso internacional de poesia. Seu livro \u201cTravessia \u201cfoi premiado antes de ser lan\u00e7ado no Concurso Internacional do Livro In\u00e9dito Escritora com 7 livros publicados, v\u00e1rios pr\u00eamios no Brasil e no exterior. \u00c9 membro do PEN Clube, da UBE e da APPERJ.<\/p>\n\n\n\n<p><strong>HELO\u00cdSA IGREJA (in memoriam) \u2013<\/strong>Dedicou-se a estudos ligados as \u00e1reas de Educa\u00e7\u00e3o e Cultura, Pedagoga, Professora de Portugu\u00eas e Literatura, Bacharelada em Filosofia pela UFRJ. P\u00f3s-Graduada em Literatura Brasileira (Machado de Assis) em Doc\u00eancia Superior (Educa\u00e7\u00e3o). Publicou: Sonho &amp; Realidade (Poesia) e participou de in\u00fameras Antologias e Revistas Liter\u00e1rias. Membro do SEERJ, APPERJ.<\/p>\n\n\n\n<p><strong>JORGE COSENDEY<\/strong> \u2013 Poeta, escritor, radialista, formado e p\u00f3s-graduado em Letras. Autor de 8 livros: o mais recente livro de poemas com o t\u00edtulo \u201c&amp;tenta\u00e7\u00f5es da Alma\u201d \u2013 baseado nos Sete Pecados Capitais. Coordenador do projeto Volunt\u00e1rios da Poesia que atua em hospitais, asilos e escolas com recitais de poemas.<\/p>\n\n\n\n<p><strong>JU\u00c7ARA REGINA VI\u00c9GAS VALVERDE &#8211; <\/strong>Ga\u00facha de Cruz Alta, pintora e escultora. M\u00e9dica, Mestre em Endocrinologia e Professora Assistente em Cirurgia Geral FCM UERJ; no Hospital dos Servidores do Estado do Minist\u00e9rio da Sa\u00fade &#8211; assessora da Divis\u00e3o M\u00e9dica; Coordenadora da Semana das Artes nos Hospitais; Humaniza\u00e7\u00e3o em Sa\u00fade. Membro da APPERJ, SOBRAMES\/RJ, ABRAMES, Movimento Poetas Sem Fronteiras, Poetas D\u2019el Mundo e Grupo de Humaniza\u00e7\u00e3o Po\u00e9tica\/ Poetas D\u2019Arlequim.E-mail:jucarvalverde2gmail.com;<\/p>\n\n\n\n<p><strong>L\u00cdGIA FEIJ\u00d3 &#8211;<\/strong> t\u00e9cnica qu\u00edmica aposentada, jornalista, professora de yoga, arte terapeuta, escritora e poeta, autora dos livros :Para Onde Vai a Folha e Amiga On\u00e7a.<\/p>\n\n\n\n<p><strong>MARCIA AGRAU <\/strong>\u2013 Diretora da APPERJ \u2013 Associa\u00e7\u00e3o Profissional de Poetas do Estado do Rio de Janeiro. Tesoureira da UBE\/RJ \u2013 Uni\u00e3o Brasileira de Escritores. \u00c9 membro do SEERJ, da SPOC, do C\u00edrculo de Poetas Lus\u00f3fonos de Paris, da Associa\u00e7\u00e3o &#8220;Actes de Pr\u00e9sence&#8221; (Paris). Coordenou e apresentou pela SPOC o projeto &#8220;Versos Noturnos&#8221;, tendo tamb\u00e9m coordenado, apresentado e participado de in\u00fameros recitais po\u00e9ticos realizados por essa sociedade e criado, coordenado e apresentado o projeto &#8220;Espalhando Poesia&#8221; com J.J. Germano. Autora dos livros de poesia &#8220;Canto Nu dos Meus Recantos&#8221;, &#8220;Sob o Signo da Lua&#8221;, \u201cA cabeceira dos anjos\u201d, coautora de &#8220;Cinco Damas de Ouros&#8221; e do livro de contos \u201cA faca e o brinco\u201d, no prelo o romance \u201cCobertor azul\u201d. Realizou programas de literatura na R\u00e1dio Imprensa FM a convite de Eunice Khoury.<\/p>\n\n\n\n<p><strong>NANCI VICENTE &#8211;<\/strong>Licenciatura Plena; Letras- Portugu\u00eas-Literatura.&nbsp;Primeiro livro editado: La\u00e7os de Vida -1989; segundo livro \u201c:Orgasmo Po\u00e9tico&#8221; -2001, em anos anteriores poesias premiadas e editadas em antologias pela Shogun Arte e Crisalis Editora. Nos anos 90: homenagem prestada pelo corpo docente e alunos do Col\u00e9gio de Aplica\u00e7\u00e3o da UFRRJ. Primeira placa exposta em homenagem \u00e0 Seresta em Paquet\u00e1, poesia -Seresta da lua cheia. 1999Terceiro livro de poesia ser\u00e1 publicado, ainda em 2008.Lan\u00e7amento em 2009.Atualmente, terminando um projeto de um livro infantil.<\/p>\n\n\n\n<p><strong>SERGIO GER\u00d4NIMO ALVES DELGADO<\/strong> \u2013 Carioca, poeta, cronista ensa\u00edsta. Editor chefe da Oficina Editores. Doze livros de poesia publicados, um infanto\u2013juvenil \u201cAGAMAN\u201d e o mais recente \u201cNa Ponta dos Cascos\u201d. Tamb\u00e9m conferencista, atuando nas po\u00e9ticas horas perform\u00e1ticas. Fundador da APPERJ \u2013 Associa\u00e7\u00e3o de Poetas no Estado do Rio de Janeiro\/Presidente de Honra. Tem poemas publicados e vertidos em ingl\u00eas, espanhol, franc\u00eas, italiano, russo. Coordenou o evento po\u00e9tico no Rio de Janeiro:\u201d Sarau Poesia\u201d, li na livraria. Participante ativo do circuito de poesia contempor\u00e2nea.<\/p>\n\n\n\n<p class=\"has-text-align-center has-white-color has-black-background-color has-text-color has-background has-link-color has-medium-font-size wp-elements-2dc55dda698a5adadb14ec0c6519258b\"><strong>PAQUET\u00c1 FOTO EXPOSI\u00c7\u00c3O<\/strong><\/p>\n\n\n\n<p><\/p>\n\n\n\n<p>Pensando na proximidade do dia da \u00e1rvore e aproveitando o c\u00e9u azul desse 17\/09, distribu\u00edmos pelas \u00e1rvores do quintal da Biblioteca Escolar Municipal de Paquet\u00e1 Joaquim Manuel de Macedo poemas sobre a Ilha de Paquet\u00e1, fazendo o &#8220;Poesia na \u00c1rvore&#8221; que junto com a exposi\u00e7\u00e3o de fotos &#8220;Paqueta Foto e Poesia&#8221;, transformou toda a \u00e1rea externa da Biblioteca em uma grande galera de Letras e Artes. A exposi\u00e7\u00e3o \u00e9 uma contrapartida do proponente na realiza\u00e7\u00e3o do Festival Ponto com Letra &#8211; Escritores em A\u00e7\u00e3o. Viram? O &#8220;Ch\u00e1 Liter\u00e1rio&#8221; foi complet\u00edssimo!!!<\/p>\n\n\n\n<p><\/p>\n\n\n\n<figure class=\"wp-block-image size-large\"><img loading=\"lazy\" decoding=\"async\" width=\"1024\" height=\"768\" src=\"https:\/\/pontocomletra.nossopapel.org.br\/wp-content\/uploads\/2025\/09\/IMG-20250921-WA0075-1024x768.jpg\" alt=\"\" class=\"wp-image-1288\" srcset=\"https:\/\/pontocomletra.nossopapel.org.br\/wp-content\/uploads\/2025\/09\/IMG-20250921-WA0075-1024x768.jpg 1024w, https:\/\/pontocomletra.nossopapel.org.br\/wp-content\/uploads\/2025\/09\/IMG-20250921-WA0075-300x225.jpg 300w, https:\/\/pontocomletra.nossopapel.org.br\/wp-content\/uploads\/2025\/09\/IMG-20250921-WA0075-768x576.jpg 768w, https:\/\/pontocomletra.nossopapel.org.br\/wp-content\/uploads\/2025\/09\/IMG-20250921-WA0075.jpg 1280w\" sizes=\"auto, (max-width: 1024px) 100vw, 1024px\" \/><\/figure>\n\n\n\n<p><\/p>\n\n\n\n<figure class=\"wp-block-gallery has-nested-images columns-default is-cropped wp-block-gallery-1 is-layout-flex wp-block-gallery-is-layout-flex\">\n<figure class=\"wp-block-image size-large\"><img loading=\"lazy\" decoding=\"async\" width=\"1024\" height=\"768\" data-id=\"1289\" src=\"https:\/\/pontocomletra.nossopapel.org.br\/wp-content\/uploads\/2025\/09\/IMG-20250921-WA0073-1024x768.jpg\" alt=\"\" class=\"wp-image-1289\" srcset=\"https:\/\/pontocomletra.nossopapel.org.br\/wp-content\/uploads\/2025\/09\/IMG-20250921-WA0073-1024x768.jpg 1024w, https:\/\/pontocomletra.nossopapel.org.br\/wp-content\/uploads\/2025\/09\/IMG-20250921-WA0073-300x225.jpg 300w, https:\/\/pontocomletra.nossopapel.org.br\/wp-content\/uploads\/2025\/09\/IMG-20250921-WA0073-768x576.jpg 768w, https:\/\/pontocomletra.nossopapel.org.br\/wp-content\/uploads\/2025\/09\/IMG-20250921-WA0073.jpg 1280w\" sizes=\"auto, (max-width: 1024px) 100vw, 1024px\" \/><\/figure>\n\n\n\n<figure class=\"wp-block-image size-large\"><img loading=\"lazy\" decoding=\"async\" width=\"768\" height=\"1024\" data-id=\"1290\" src=\"https:\/\/pontocomletra.nossopapel.org.br\/wp-content\/uploads\/2025\/09\/IMG-20250921-WA0074-768x1024.jpg\" alt=\"\" class=\"wp-image-1290\" srcset=\"https:\/\/pontocomletra.nossopapel.org.br\/wp-content\/uploads\/2025\/09\/IMG-20250921-WA0074-768x1024.jpg 768w, https:\/\/pontocomletra.nossopapel.org.br\/wp-content\/uploads\/2025\/09\/IMG-20250921-WA0074-225x300.jpg 225w, https:\/\/pontocomletra.nossopapel.org.br\/wp-content\/uploads\/2025\/09\/IMG-20250921-WA0074.jpg 960w\" sizes=\"auto, (max-width: 768px) 100vw, 768px\" \/><\/figure>\n\n\n\n<figure class=\"wp-block-image size-large\"><img loading=\"lazy\" decoding=\"async\" width=\"1024\" height=\"768\" data-id=\"1291\" src=\"https:\/\/pontocomletra.nossopapel.org.br\/wp-content\/uploads\/2025\/09\/IMG-20250921-WA0066-1-1024x768.jpg\" alt=\"\" class=\"wp-image-1291\" srcset=\"https:\/\/pontocomletra.nossopapel.org.br\/wp-content\/uploads\/2025\/09\/IMG-20250921-WA0066-1-1024x768.jpg 1024w, https:\/\/pontocomletra.nossopapel.org.br\/wp-content\/uploads\/2025\/09\/IMG-20250921-WA0066-1-300x225.jpg 300w, https:\/\/pontocomletra.nossopapel.org.br\/wp-content\/uploads\/2025\/09\/IMG-20250921-WA0066-1-768x576.jpg 768w, https:\/\/pontocomletra.nossopapel.org.br\/wp-content\/uploads\/2025\/09\/IMG-20250921-WA0066-1.jpg 1280w\" sizes=\"auto, (max-width: 1024px) 100vw, 1024px\" \/><\/figure>\n<\/figure>\n\n\n\n<p><\/p>\n\n\n\n<figure class=\"wp-block-image size-large\"><img loading=\"lazy\" decoding=\"async\" width=\"768\" height=\"1024\" src=\"https:\/\/pontocomletra.nossopapel.org.br\/wp-content\/uploads\/2025\/09\/IMG-20250921-WA0070-768x1024.jpg\" alt=\"\" class=\"wp-image-1292\" srcset=\"https:\/\/pontocomletra.nossopapel.org.br\/wp-content\/uploads\/2025\/09\/IMG-20250921-WA0070-768x1024.jpg 768w, https:\/\/pontocomletra.nossopapel.org.br\/wp-content\/uploads\/2025\/09\/IMG-20250921-WA0070-225x300.jpg 225w, https:\/\/pontocomletra.nossopapel.org.br\/wp-content\/uploads\/2025\/09\/IMG-20250921-WA0070.jpg 960w\" sizes=\"auto, (max-width: 768px) 100vw, 768px\" \/><\/figure>\n\n\n\n<p><\/p>\n\n\n\n<figure class=\"wp-block-gallery has-nested-images columns-default is-cropped wp-block-gallery-2 is-layout-flex wp-block-gallery-is-layout-flex\">\n<figure class=\"wp-block-image size-large\"><img loading=\"lazy\" decoding=\"async\" width=\"768\" height=\"1024\" data-id=\"1293\" src=\"https:\/\/pontocomletra.nossopapel.org.br\/wp-content\/uploads\/2025\/09\/IMG-20250921-WA0074-1-768x1024.jpg\" alt=\"\" class=\"wp-image-1293\" srcset=\"https:\/\/pontocomletra.nossopapel.org.br\/wp-content\/uploads\/2025\/09\/IMG-20250921-WA0074-1-768x1024.jpg 768w, https:\/\/pontocomletra.nossopapel.org.br\/wp-content\/uploads\/2025\/09\/IMG-20250921-WA0074-1-225x300.jpg 225w, https:\/\/pontocomletra.nossopapel.org.br\/wp-content\/uploads\/2025\/09\/IMG-20250921-WA0074-1.jpg 960w\" sizes=\"auto, (max-width: 768px) 100vw, 768px\" \/><\/figure>\n\n\n\n<figure class=\"wp-block-image size-large\"><img loading=\"lazy\" decoding=\"async\" width=\"768\" height=\"1024\" data-id=\"1294\" src=\"https:\/\/pontocomletra.nossopapel.org.br\/wp-content\/uploads\/2025\/09\/IMG-20250921-WA0078-768x1024.jpg\" alt=\"\" class=\"wp-image-1294\" srcset=\"https:\/\/pontocomletra.nossopapel.org.br\/wp-content\/uploads\/2025\/09\/IMG-20250921-WA0078-768x1024.jpg 768w, https:\/\/pontocomletra.nossopapel.org.br\/wp-content\/uploads\/2025\/09\/IMG-20250921-WA0078-225x300.jpg 225w, https:\/\/pontocomletra.nossopapel.org.br\/wp-content\/uploads\/2025\/09\/IMG-20250921-WA0078.jpg 960w\" sizes=\"auto, (max-width: 768px) 100vw, 768px\" \/><\/figure>\n\n\n\n<figure class=\"wp-block-image size-large\"><img loading=\"lazy\" decoding=\"async\" width=\"1024\" height=\"768\" data-id=\"1295\" src=\"https:\/\/pontocomletra.nossopapel.org.br\/wp-content\/uploads\/2025\/09\/IMG-20250921-WA0071-1024x768.jpg\" alt=\"\" class=\"wp-image-1295\" srcset=\"https:\/\/pontocomletra.nossopapel.org.br\/wp-content\/uploads\/2025\/09\/IMG-20250921-WA0071-1024x768.jpg 1024w, https:\/\/pontocomletra.nossopapel.org.br\/wp-content\/uploads\/2025\/09\/IMG-20250921-WA0071-300x225.jpg 300w, https:\/\/pontocomletra.nossopapel.org.br\/wp-content\/uploads\/2025\/09\/IMG-20250921-WA0071-768x576.jpg 768w, https:\/\/pontocomletra.nossopapel.org.br\/wp-content\/uploads\/2025\/09\/IMG-20250921-WA0071.jpg 1280w\" sizes=\"auto, (max-width: 1024px) 100vw, 1024px\" \/><\/figure>\n<\/figure>\n\n\n\n<p><\/p>\n\n\n\n<figure class=\"wp-block-image size-large\"><img loading=\"lazy\" decoding=\"async\" width=\"768\" height=\"1024\" src=\"https:\/\/pontocomletra.nossopapel.org.br\/wp-content\/uploads\/2025\/09\/IMG-20250921-WA0082-768x1024.jpg\" alt=\"\" class=\"wp-image-1296\" srcset=\"https:\/\/pontocomletra.nossopapel.org.br\/wp-content\/uploads\/2025\/09\/IMG-20250921-WA0082-768x1024.jpg 768w, https:\/\/pontocomletra.nossopapel.org.br\/wp-content\/uploads\/2025\/09\/IMG-20250921-WA0082-225x300.jpg 225w, https:\/\/pontocomletra.nossopapel.org.br\/wp-content\/uploads\/2025\/09\/IMG-20250921-WA0082-1152x1536.jpg 1152w, https:\/\/pontocomletra.nossopapel.org.br\/wp-content\/uploads\/2025\/09\/IMG-20250921-WA0082-1536x2048.jpg 1536w, https:\/\/pontocomletra.nossopapel.org.br\/wp-content\/uploads\/2025\/09\/IMG-20250921-WA0082-scaled.jpg 1920w\" sizes=\"auto, (max-width: 768px) 100vw, 768px\" \/><\/figure>\n\n\n\n<p><\/p>\n\n\n\n<figure class=\"wp-block-gallery has-nested-images columns-default is-cropped wp-block-gallery-3 is-layout-flex wp-block-gallery-is-layout-flex\">\n<figure class=\"wp-block-image size-large\"><img loading=\"lazy\" decoding=\"async\" width=\"768\" height=\"1024\" data-id=\"1297\" src=\"https:\/\/pontocomletra.nossopapel.org.br\/wp-content\/uploads\/2025\/09\/IMG-20250921-WA0082-1-768x1024.jpg\" alt=\"\" class=\"wp-image-1297\" srcset=\"https:\/\/pontocomletra.nossopapel.org.br\/wp-content\/uploads\/2025\/09\/IMG-20250921-WA0082-1-768x1024.jpg 768w, https:\/\/pontocomletra.nossopapel.org.br\/wp-content\/uploads\/2025\/09\/IMG-20250921-WA0082-1-225x300.jpg 225w, https:\/\/pontocomletra.nossopapel.org.br\/wp-content\/uploads\/2025\/09\/IMG-20250921-WA0082-1-1152x1536.jpg 1152w, https:\/\/pontocomletra.nossopapel.org.br\/wp-content\/uploads\/2025\/09\/IMG-20250921-WA0082-1-1536x2048.jpg 1536w, https:\/\/pontocomletra.nossopapel.org.br\/wp-content\/uploads\/2025\/09\/IMG-20250921-WA0082-1-scaled.jpg 1920w\" sizes=\"auto, (max-width: 768px) 100vw, 768px\" \/><\/figure>\n\n\n\n<figure class=\"wp-block-image size-large\"><img loading=\"lazy\" decoding=\"async\" width=\"768\" height=\"1024\" data-id=\"1298\" src=\"https:\/\/pontocomletra.nossopapel.org.br\/wp-content\/uploads\/2025\/09\/IMG-20250921-WA0083-768x1024.jpg\" alt=\"\" class=\"wp-image-1298\" srcset=\"https:\/\/pontocomletra.nossopapel.org.br\/wp-content\/uploads\/2025\/09\/IMG-20250921-WA0083-768x1024.jpg 768w, https:\/\/pontocomletra.nossopapel.org.br\/wp-content\/uploads\/2025\/09\/IMG-20250921-WA0083-225x300.jpg 225w, https:\/\/pontocomletra.nossopapel.org.br\/wp-content\/uploads\/2025\/09\/IMG-20250921-WA0083-1152x1536.jpg 1152w, https:\/\/pontocomletra.nossopapel.org.br\/wp-content\/uploads\/2025\/09\/IMG-20250921-WA0083-1536x2048.jpg 1536w, https:\/\/pontocomletra.nossopapel.org.br\/wp-content\/uploads\/2025\/09\/IMG-20250921-WA0083-scaled.jpg 1920w\" sizes=\"auto, (max-width: 768px) 100vw, 768px\" \/><\/figure>\n<\/figure>\n\n\n\n<p><\/p>\n\n\n\n<figure class=\"wp-block-image size-large\"><img loading=\"lazy\" decoding=\"async\" width=\"1024\" height=\"768\" src=\"https:\/\/pontocomletra.nossopapel.org.br\/wp-content\/uploads\/2025\/09\/IMG-20250921-WA0081-1024x768.jpg\" alt=\"\" class=\"wp-image-1299\" srcset=\"https:\/\/pontocomletra.nossopapel.org.br\/wp-content\/uploads\/2025\/09\/IMG-20250921-WA0081-1024x768.jpg 1024w, https:\/\/pontocomletra.nossopapel.org.br\/wp-content\/uploads\/2025\/09\/IMG-20250921-WA0081-300x225.jpg 300w, https:\/\/pontocomletra.nossopapel.org.br\/wp-content\/uploads\/2025\/09\/IMG-20250921-WA0081-768x576.jpg 768w, https:\/\/pontocomletra.nossopapel.org.br\/wp-content\/uploads\/2025\/09\/IMG-20250921-WA0081-1536x1152.jpg 1536w, https:\/\/pontocomletra.nossopapel.org.br\/wp-content\/uploads\/2025\/09\/IMG-20250921-WA0081-2048x1536.jpg 2048w\" sizes=\"auto, (max-width: 1024px) 100vw, 1024px\" \/><\/figure>\n\n\n\n<p><\/p>\n\n\n\n<figure class=\"wp-block-gallery has-nested-images columns-default is-cropped wp-block-gallery-4 is-layout-flex wp-block-gallery-is-layout-flex\">\n<figure class=\"wp-block-image size-large\"><img loading=\"lazy\" decoding=\"async\" width=\"1024\" height=\"768\" data-id=\"1301\" src=\"https:\/\/pontocomletra.nossopapel.org.br\/wp-content\/uploads\/2025\/09\/IMG-20250921-WA0084-1024x768.jpg\" alt=\"\" class=\"wp-image-1301\" srcset=\"https:\/\/pontocomletra.nossopapel.org.br\/wp-content\/uploads\/2025\/09\/IMG-20250921-WA0084-1024x768.jpg 1024w, https:\/\/pontocomletra.nossopapel.org.br\/wp-content\/uploads\/2025\/09\/IMG-20250921-WA0084-300x225.jpg 300w, https:\/\/pontocomletra.nossopapel.org.br\/wp-content\/uploads\/2025\/09\/IMG-20250921-WA0084-768x576.jpg 768w, https:\/\/pontocomletra.nossopapel.org.br\/wp-content\/uploads\/2025\/09\/IMG-20250921-WA0084-1536x1152.jpg 1536w, https:\/\/pontocomletra.nossopapel.org.br\/wp-content\/uploads\/2025\/09\/IMG-20250921-WA0084-2048x1536.jpg 2048w\" sizes=\"auto, (max-width: 1024px) 100vw, 1024px\" \/><\/figure>\n\n\n\n<figure class=\"wp-block-image size-large\"><img loading=\"lazy\" decoding=\"async\" width=\"768\" height=\"1024\" data-id=\"1300\" src=\"https:\/\/pontocomletra.nossopapel.org.br\/wp-content\/uploads\/2025\/09\/IMG-20250921-WA0072-768x1024.jpg\" alt=\"\" class=\"wp-image-1300\" srcset=\"https:\/\/pontocomletra.nossopapel.org.br\/wp-content\/uploads\/2025\/09\/IMG-20250921-WA0072-768x1024.jpg 768w, https:\/\/pontocomletra.nossopapel.org.br\/wp-content\/uploads\/2025\/09\/IMG-20250921-WA0072-225x300.jpg 225w, https:\/\/pontocomletra.nossopapel.org.br\/wp-content\/uploads\/2025\/09\/IMG-20250921-WA0072.jpg 960w\" sizes=\"auto, (max-width: 768px) 100vw, 768px\" \/><\/figure>\n<\/figure>\n\n\n\n<p><\/p>\n","protected":false},"excerpt":{"rendered":"<p>Governo Federal, Minist\u00e9rio da Cultura, Prefeitura da Cidade do Rio de Janeiro e Secretaria Municipal de Cultura apresentam: O \u201cFestival<\/p>\n","protected":false},"author":2,"featured_media":395,"parent":0,"menu_order":0,"comment_status":"closed","ping_status":"closed","template":"","meta":{"colormag_page_layout":"default_layout","_editorskit_title_hidden":false,"_editorskit_reading_time":0,"_editorskit_is_block_options_detached":false,"_editorskit_block_options_position":"{}","footnotes":""},"class_list":["post-175","page","type-page","status-publish","has-post-thumbnail","hentry"],"_links":{"self":[{"href":"https:\/\/pontocomletra.nossopapel.org.br\/index.php?rest_route=\/wp\/v2\/pages\/175","targetHints":{"allow":["GET"]}}],"collection":[{"href":"https:\/\/pontocomletra.nossopapel.org.br\/index.php?rest_route=\/wp\/v2\/pages"}],"about":[{"href":"https:\/\/pontocomletra.nossopapel.org.br\/index.php?rest_route=\/wp\/v2\/types\/page"}],"author":[{"embeddable":true,"href":"https:\/\/pontocomletra.nossopapel.org.br\/index.php?rest_route=\/wp\/v2\/users\/2"}],"replies":[{"embeddable":true,"href":"https:\/\/pontocomletra.nossopapel.org.br\/index.php?rest_route=%2Fwp%2Fv2%2Fcomments&post=175"}],"version-history":[{"count":4,"href":"https:\/\/pontocomletra.nossopapel.org.br\/index.php?rest_route=\/wp\/v2\/pages\/175\/revisions"}],"predecessor-version":[{"id":1675,"href":"https:\/\/pontocomletra.nossopapel.org.br\/index.php?rest_route=\/wp\/v2\/pages\/175\/revisions\/1675"}],"wp:featuredmedia":[{"embeddable":true,"href":"https:\/\/pontocomletra.nossopapel.org.br\/index.php?rest_route=\/wp\/v2\/media\/395"}],"wp:attachment":[{"href":"https:\/\/pontocomletra.nossopapel.org.br\/index.php?rest_route=%2Fwp%2Fv2%2Fmedia&parent=175"}],"curies":[{"name":"wp","href":"https:\/\/api.w.org\/{rel}","templated":true}]}}