{"id":125,"date":"2025-03-30T17:47:10","date_gmt":"2025-03-30T20:47:10","guid":{"rendered":"http:\/\/pontocomletra.nossopapel.org.br\/?page_id=125"},"modified":"2025-10-03T12:00:23","modified_gmt":"2025-10-03T15:00:23","slug":"navegando-na-poesia","status":"publish","type":"page","link":"https:\/\/pontocomletra.nossopapel.org.br\/?page_id=125","title":{"rendered":"Navegando na Poesia"},"content":{"rendered":"\n<p class=\"has-text-align-center has-white-color has-black-background-color has-text-color has-background has-link-color has-medium-font-size wp-elements-a2664b25f999c9294b1ddfed1ef26593\"><strong>Homenagem aos 460 anos do Rio de Janeiro<\/strong>, <strong>por  Nina Fernandes <\/strong><\/p>\n\n\n\n<p><\/p>\n\n\n\n<figure class=\"wp-block-embed is-type-video is-provider-youtube wp-block-embed-youtube wp-embed-aspect-16-9 wp-has-aspect-ratio\"><div class=\"wp-block-embed__wrapper\">\n<iframe loading=\"lazy\" title=\"Composi\u00e7\u00e3o da escritora Nina Fernandes\" width=\"800\" height=\"450\" src=\"https:\/\/www.youtube.com\/embed\/d5oyYFfdewk?feature=oembed\" frameborder=\"0\" allow=\"accelerometer; autoplay; clipboard-write; encrypted-media; gyroscope; picture-in-picture; web-share\" referrerpolicy=\"strict-origin-when-cross-origin\" allowfullscreen><\/iframe>\n<\/div><\/figure>\n\n\n\n<p>  Nina Fernandes &#8211; \u00e9 com muita alegria e encanto que inauguramos esse lugar especial no nosso BLOG &#8211; Festival Ponto com Letra &#8211; Escritores em A\u00e7\u00e3o, Edital Rio Capital Mundial do Livro 2025.Nesse ano onde o Rio de Janeiro \u00e9 Capital Mundial do Livro, nada como come\u00e7ar a navegar pela poesia com uma bela homenagem ao Rio e seu anivers\u00e1rio de 460 anos!!!E para isso, teremos ela, Nina Fernandes, jornalista, escritora, compositora, cantora e fot\u00f3grafa. Colunista dos jornais, Posto Seis e Terra da Gente. Vice-presidente de Rela\u00e7\u00f5es P\u00fablicas da UBT-Rio. Membro oficial da Rede Sem Fronteiras. Membro da ABRAMES, da Acad\u00eamia Luso-Brasileira de    Letras. Membro da UBE\/RJ. Artilheira da Cultura do Centro de Literatura do Forte de Copacabana. Membro do C\u00edrculo Liter\u00e1rio do Clube Naval. Associada a AJEB-RJ. E claro, nossa parceira nessa jornada linda que estamos fazendo por esse Oceano Liter\u00e1rio.Obrigada Nina <\/p>\n\n\n\n<p class=\"has-text-align-center has-white-color has-black-background-color has-text-color has-background has-link-color has-medium-font-size wp-elements-02841eb1e9c1032ee7c55fe9f8bdc828\"><strong>Maravilhosa<\/strong><br>(Celi Luz)<\/p>\n\n\n\n<p>Vento beija os seios da manh\u00e3<br>Bela Guanabara! Navio se achega<br>Velho casario, castelos igrejas<br>Canto do sabi\u00e1 nunca nos falta<br>Sopra no azul o dia carioca<br>Gira surf! Ginga sereia! Brinca na areia!<br>Serra insinua o vento brejeiro<br>For\u00e7a do passado, luta do presente<br>Teatro, biblioteca, sarau, cinema<br>Nosso futebol, Carnaval, molejo<br>Mas ainda h\u00e1 raios que nos partem<br>Gente com fome, furto, suborno viol\u00eancia!<\/p>\n\n\n\n<p>Tarde dengosa passa pelos Arcos<br>P\u00f4r do sol mais belo que vejo<br>Povo se alegra aos p\u00e9s do Redentor<br>F\u00e9 e esperan\u00e7a para esta cidade<br>\u00c9 o nosso clamor no registro das fotos<br>Abre os bra\u00e7os, canta o louvor<br>Rio de Janeiro: Leme ao Pontal, o meu amor!<\/p>\n\n\n\n<figure class=\"wp-block-image size-large\"><img loading=\"lazy\" decoding=\"async\" width=\"472\" height=\"1024\" src=\"http:\/\/pontocomletra.nossopapel.org.br\/wp-content\/uploads\/2025\/06\/IMG-20250606-WA0034-472x1024.jpg\" alt=\"\" class=\"wp-image-415\" srcset=\"https:\/\/pontocomletra.nossopapel.org.br\/wp-content\/uploads\/2025\/06\/IMG-20250606-WA0034-472x1024.jpg 472w, https:\/\/pontocomletra.nossopapel.org.br\/wp-content\/uploads\/2025\/06\/IMG-20250606-WA0034-138x300.jpg 138w, https:\/\/pontocomletra.nossopapel.org.br\/wp-content\/uploads\/2025\/06\/IMG-20250606-WA0034-708x1536.jpg 708w, https:\/\/pontocomletra.nossopapel.org.br\/wp-content\/uploads\/2025\/06\/IMG-20250606-WA0034.jpg 737w\" sizes=\"auto, (max-width: 472px) 100vw, 472px\" \/><\/figure>\n\n\n\n<p><\/p>\n\n\n\n<p class=\"has-text-align-center has-white-color has-black-background-color has-text-color has-background has-link-color has-medium-font-size wp-elements-31cc1ecd4e21473bb301dc7667c58d18\">  <strong>SILVIO RIBEIRO DE CASTRO &#8211; Interpreta\u00e7\u00e3o po\u00e9tica da letra  Fim de   semana  em Paquet\u00e1. M\u00fasica de Alberto Ribeiro &amp; Jo\u00e3o de Barro <\/strong><\/p>\n\n\n\n<figure class=\"wp-block-embed is-type-video is-provider-youtube wp-block-embed-youtube wp-embed-aspect-16-9 wp-has-aspect-ratio\"><div class=\"wp-block-embed__wrapper\">\n<iframe loading=\"lazy\" title=\"Silvio Ribeiro de Castro- Interpreta\u00e7\u00e3o po\u00e9tica da m\u00fasica PAQUET\u00c1\" width=\"800\" height=\"450\" src=\"https:\/\/www.youtube.com\/embed\/n1R7JxBLIf4?feature=oembed\" frameborder=\"0\" allow=\"accelerometer; autoplay; clipboard-write; encrypted-media; gyroscope; picture-in-picture; web-share\" referrerpolicy=\"strict-origin-when-cross-origin\" allowfullscreen><\/iframe>\n<\/div><\/figure>\n\n\n\n<p><strong>Fim de semana em Paquet\u00e1<\/strong><\/p>\n\n\n\n<p>\u2018Esquece por um momento os seus cuidados E passe o seu domingo em Paquet\u00e1 Onde v\u00e3o casais de namorados Buscar a paz que a natureza d\u00e1 O povo invade a barca lentamente A velha barca deixa o velho cais Fim de semana aqui transforma a gente Em bando alegre de colegiais Em Paquet\u00e1 a lua cheia Faz rendas de luz por sobre o mar A alma da gente se incendeia H\u00e1 ternura sobre a areia E romances ao luar E quando rompe a madrugada Na mais feiticeira das manh\u00e3s Agarradinhos, descuidados Ainda dormem namorados Sob um c\u00e9u de flamboyant \u2018<\/p>\n\n\n\n<p>M\u00fasica de Alberto Ribeiro &amp; Jo\u00e3o de Barro<\/p>\n\n\n\n<p>Interpreta\u00e7\u00e3o da letra \u2013 Silvio Ribeiro de Castro<\/p>\n\n\n\n<p><\/p>\n\n\n\n<p class=\"has-text-align-center has-white-color has-black-background-color has-text-color has-background has-link-color has-mobile-text-align-center wp-elements-bd899cf7c45ad46f9d975033d787688e\"><strong>FOTOPOEMA &#8211; S\u00e9rgio Ger\u00f4nimo <\/strong><\/p>\n\n\n\n<p><\/p>\n\n\n\n<figure class=\"wp-block-image size-large\"><img loading=\"lazy\" decoding=\"async\" width=\"1018\" height=\"1024\" src=\"http:\/\/pontocomletra.nossopapel.org.br\/wp-content\/uploads\/2025\/06\/IMG-20250615-WA0014-1018x1024.jpg\" alt=\"\" class=\"wp-image-546\" srcset=\"https:\/\/pontocomletra.nossopapel.org.br\/wp-content\/uploads\/2025\/06\/IMG-20250615-WA0014-1018x1024.jpg 1018w, https:\/\/pontocomletra.nossopapel.org.br\/wp-content\/uploads\/2025\/06\/IMG-20250615-WA0014-298x300.jpg 298w, https:\/\/pontocomletra.nossopapel.org.br\/wp-content\/uploads\/2025\/06\/IMG-20250615-WA0014-150x150.jpg 150w, https:\/\/pontocomletra.nossopapel.org.br\/wp-content\/uploads\/2025\/06\/IMG-20250615-WA0014-768x773.jpg 768w, https:\/\/pontocomletra.nossopapel.org.br\/wp-content\/uploads\/2025\/06\/IMG-20250615-WA0014.jpg 1302w\" sizes=\"auto, (max-width: 1018px) 100vw, 1018px\" \/><\/figure>\n\n\n\n<p>procurei aterrissar meus olhos<\/p>\n\n\n\n<p>e no espelhado aeroporto\/ba\u00edaguana<\/p>\n\n\n\n<p>barei minhas asas<\/p>\n\n\n\n<p>minha envergadura de norte a sul<\/p>\n\n\n\n<p>do lameir\u00e3o \u00e0 imbucaes<\/p>\n\n\n\n<p>pregui\u00e7ando nas ondas do climaes<\/p>\n\n\n\n<p>praiando dos tamoios ao macedo<\/p>\n\n\n\n<p>fiz e fa\u00e7o hist\u00f3ria<\/p>\n\n\n\n<p>fot\u00f3grafo minhas esta\u00e7\u00f5es<\/p>\n\n\n\n<p>morenando sabores<\/p>\n\n\n\n<p>a s\u00e3o roque ofere\u00e7o iguarias<\/p>\n\n\n\n<p>descanso baob\u00e1s centen\u00e1rios<\/p>\n\n\n\n<p>e coqueiros atrevidos de bra\u00e7os ao ar<\/p>\n\n\n\n<p>que em cores fortalecem<\/p>\n\n\n\n<p>castelos, covancas<\/p>\n\n\n\n<p>pedreiras, vig\u00e1rios, paineiras<\/p>\n\n\n\n<p>costallats e velosos<\/p>\n\n\n\n<p>vento<\/p>\n\n\n\n<p>praiovolatizo<\/p>\n\n\n\n<p>porque nunca deixo de voar<\/p>\n\n\n\n<p>minha sorte planar<\/p>\n\n\n\n<p>em \u00e1guas<\/p>\n\n\n\n<p>morenar, bonifaciar<\/p>\n\n\n\n<p>catimbauar, gaivotarinspiro o abra\u00e7o<\/p>\n\n\n\n<p>car\u00edcia em flashes<\/p>\n\n\n\n<p>de um Rio de Janeiro<\/p>\n\n\n\n<p><\/p>\n\n\n\n<p><\/p>\n\n\n\n<p class=\"has-white-color has-black-background-color has-text-color has-background has-link-color has-medium-font-size wp-elements-f7e345a1c6d00e001551f343a05d7c82\"><strong>OH! PAQUET\u00c1 &#8211; Jorge Cosendey<\/strong><br><\/p>\n\n\n\n<figure class=\"wp-block-image size-full\"><img loading=\"lazy\" decoding=\"async\" width=\"331\" height=\"331\" src=\"http:\/\/pontocomletra.nossopapel.org.br\/wp-content\/uploads\/2025\/06\/IMG-20250621-WA0065.jpg\" alt=\"\" class=\"wp-image-588\" srcset=\"https:\/\/pontocomletra.nossopapel.org.br\/wp-content\/uploads\/2025\/06\/IMG-20250621-WA0065.jpg 331w, https:\/\/pontocomletra.nossopapel.org.br\/wp-content\/uploads\/2025\/06\/IMG-20250621-WA0065-300x300.jpg 300w, https:\/\/pontocomletra.nossopapel.org.br\/wp-content\/uploads\/2025\/06\/IMG-20250621-WA0065-150x150.jpg 150w\" sizes=\"auto, (max-width: 331px) 100vw, 331px\" \/><\/figure>\n\n\n\n<p><br>Oh! Paquet\u00e1! Oh! Paquet\u00e1!<br>De tantos poemas em louvores<br>A ti venho poetar tamb\u00e9m<br>Querida Ilha dos Amores<br>Aconchego a todos que v\u00eam<br><br>\u00c9s poesia por natureza<br>Uma pintura linda e Real<br>Faz jus \u00e0 sua plena beleza<br>Solo f\u00e9rtil, tur\u00edstico e da cal<\/p>\n\n\n\n<p>Aqui reina a cultura e o mar<br>Uma rica hist\u00f3ria colonial<br>Que d\u00e1 prazer em passear<br>Nesse lugar t\u00e3o genial<br>Oh! Paquet\u00e1!<br>Oh! Paquet\u00e1!<br>Como \u00e9 bom te amar!<\/p>\n\n\n\n<p><\/p>\n\n\n\n<p class=\"has-text-align-center has-white-color has-black-background-color has-text-color has-background has-link-color has-medium-font-size wp-elements-1219ca55b0a2c03b78bb4126142d0060\"><strong>PAQUET\u00c1- L\u00facia Mattos<\/strong><\/p>\n\n\n\n<figure class=\"wp-block-image size-large\"><img loading=\"lazy\" decoding=\"async\" width=\"576\" height=\"1024\" src=\"http:\/\/pontocomletra.nossopapel.org.br\/wp-content\/uploads\/2025\/06\/WhatsApp-Image-2025-06-24-at-08.33.19-576x1024.jpeg\" alt=\"\" class=\"wp-image-635\"\/><\/figure>\n\n\n\n<p>Sua beleza infinita, outrora fascinante\u2026 Preserva o fasc\u00ednio buc\u00f3lico estendido em sua praia famosa, a moreninha\u2026<br>Eterniza sonhos e devaneios.<br>Em suas praias caminha\u2026<br>Brinca de amar, amar, o mar!<\/p>\n\n\n\n<p>O tra\u00e7o geogr\u00e1fico semelhante \u00e0 cidade de Cabo Verde, unida pelo mesmo tra\u00e7o lingu\u00edstico.<br>Afro-brasileiro\u2026<br>Preserva o Baob\u00e1.<br>Sua Maria Gorda!<\/p>\n\n\n\n<p>Em noite de lua cheia\u2026<br>Seu canto de sereia<br>clama pescadores ao luar.<br>Sua saga narrada no romance de Joaquim Manoel de Macedo.<br>Consagra o jovem escritor.<br>A marca do amor!<br>Com cheiro de fantasia\u2026<br>No imenso mundo da Poesia.<br>A saudade do seresteiro.<br>Em ti Paquet\u00e1!!!<br>Faz da can\u00e7\u00e3o um<br>Cancioneiro.<\/p>\n\n\n\n<p>Rio, 9\/06\/2025.<br>L\u00facia Mattos.<\/p>\n\n\n\n<p class=\"has-text-align-center has-white-color has-black-background-color has-text-color has-background has-link-color has-medium-font-size wp-elements-10f93064fea1e8992331cfb910af7db5\">Elisa Flores \u2013 Hino da Academia Luso Brasileira de Letras<\/p>\n\n\n\n<iframe loading=\"lazy\" width=\"560\" height=\"315\" src=\"https:\/\/www.youtube.com\/embed\/tTxT7PF5Zys?si=iRmuhjr0lZ5ilk_g\" title=\"YouTube video player\" frameborder=\"0\" allow=\"accelerometer; autoplay; clipboard-write; encrypted-media; gyroscope; picture-in-picture; web-share\" referrerpolicy=\"strict-origin-when-cross-origin\" allowfullscreen><\/iframe>\n\n\n\n<p>Por aqui temos a nossa querida Elisa Flores, professora, trovadora, autora de aldravias, apresenta\u00e7\u00f5es de recitais na UFRJ, Casa Julieta de Serpa, Teatro Gl\u00e1ucio Gil, v\u00e1rios pr\u00eamios da UBE e de outras entidades.<\/p>\n\n\n\n<p>Canta o Hino da Acad\u00eamia em solenidade pelo Jubileu sessenta anos dessa Acad\u00eamia. Sendo ela, Elisa Flores, autora da m\u00fasica, letra e partitura do Hino.<\/p>\n\n\n\n<p>Letra do Hino da Acad\u00eamia Luso-Brasileira:<\/p>\n\n\n\n<p>Vamos todos sempre juntos,<br>bra\u00e7os dados com fervor,<br>elevando nossas vozes,<br>\u201cflor do L\u00e1cio\u201d em esplendor<br>Viva a L\u00edngua Portuguesa<br>Salve a Luso Brasileira<br>Recitativo:<br>Por Cam\u00f5es agraciados, exaltamos<br>a bandeira, todos juntos, irmanados<br>Salve a Luso Brasileira<\/p>\n\n\n\n<figure class=\"wp-block-gallery has-nested-images columns-default is-cropped wp-block-gallery-1 is-layout-flex wp-block-gallery-is-layout-flex\">\n<figure class=\"wp-block-image size-large\"><img loading=\"lazy\" decoding=\"async\" width=\"577\" height=\"1024\" data-id=\"645\" src=\"https:\/\/pontocomletra.nossopapel.org.br\/wp-content\/uploads\/2025\/06\/WhatsApp-Image-2025-06-24-at-08.28.33-577x1024.jpeg\" alt=\"\" class=\"wp-image-645\" srcset=\"https:\/\/pontocomletra.nossopapel.org.br\/wp-content\/uploads\/2025\/06\/WhatsApp-Image-2025-06-24-at-08.28.33-577x1024.jpeg 577w, https:\/\/pontocomletra.nossopapel.org.br\/wp-content\/uploads\/2025\/06\/WhatsApp-Image-2025-06-24-at-08.28.33-169x300.jpeg 169w, https:\/\/pontocomletra.nossopapel.org.br\/wp-content\/uploads\/2025\/06\/WhatsApp-Image-2025-06-24-at-08.28.33-768x1364.jpeg 768w, https:\/\/pontocomletra.nossopapel.org.br\/wp-content\/uploads\/2025\/06\/WhatsApp-Image-2025-06-24-at-08.28.33-865x1536.jpeg 865w, https:\/\/pontocomletra.nossopapel.org.br\/wp-content\/uploads\/2025\/06\/WhatsApp-Image-2025-06-24-at-08.28.33.jpeg 901w\" sizes=\"auto, (max-width: 577px) 100vw, 577px\" \/><\/figure>\n<\/figure>\n\n\n\n<p><\/p>\n\n\n\n<p class=\"has-text-align-center has-white-color has-black-background-color has-text-color has-background has-link-color has-medium-font-size wp-elements-7b10ea08b16efb44644ab984d36dc0f9\"><strong>MULHER-Renata Sayuri<\/strong><\/p>\n\n\n\n<p>Renata Sayuri recita MULHER &#8211; As Letras de Paquet\u00e1, texto do cronista, residente da Ilha, Roberto de Lacerda.<\/p>\n\n\n\n<iframe loading=\"lazy\" width=\"560\" height=\"315\" src=\"https:\/\/www.youtube.com\/embed\/jpMEuucDCW4?si=UqwRkdePJv5VhKI-\" title=\"YouTube video player\" frameborder=\"0\" allow=\"accelerometer; autoplay; clipboard-write; encrypted-media; gyroscope; picture-in-picture; web-share\" referrerpolicy=\"strict-origin-when-cross-origin\" allowfullscreen><\/iframe>\n\n\n\n<p class=\"has-text-align-center has-white-color has-black-background-color has-text-color has-background has-link-color has-medium-font-size wp-elements-ce67bf999471bb7045f3671198c2b4ca\">BAOB\u00c1 PAQUETA- Alexandre Acampora<\/p>\n\n\n\n<figure class=\"wp-block-image size-full\"><img loading=\"lazy\" decoding=\"async\" width=\"470\" height=\"312\" src=\"http:\/\/pontocomletra.nossopapel.org.br\/wp-content\/uploads\/2025\/06\/WhatsApp-Image-2025-06-26-at-14.08.12.jpeg\" alt=\"\" class=\"wp-image-666\" srcset=\"https:\/\/pontocomletra.nossopapel.org.br\/wp-content\/uploads\/2025\/06\/WhatsApp-Image-2025-06-26-at-14.08.12.jpeg 470w, https:\/\/pontocomletra.nossopapel.org.br\/wp-content\/uploads\/2025\/06\/WhatsApp-Image-2025-06-26-at-14.08.12-300x199.jpeg 300w\" sizes=\"auto, (max-width: 470px) 100vw, 470px\" \/><\/figure>\n\n\n\n<p>Baob\u00e1 b\u00e1 Paquet\u00e1<br>T\u00e1 Paquet\u00e1 B\u00e1 Baob\u00e1<br>Beijei o Baob\u00e1<br>Nas lonjuras de minha inf\u00e2ncia<br>Baobei beijei o Baob\u00e1<br>Naquela noite n\u00e3o dormi<br>Lembrando beijo Baob\u00e1<\/p>\n\n\n\n<p>De pouco detalhes recordava<br>Joaquim Manuel de Macedo<br>Moreninhas morenar.<br>Foi quando vislumbrei o Baob\u00e1<br>Tomando de instant\u00e2neo arrepio<br>Abracei meu amigo<br>Renovei meu carinho<br>Senti toda a vida girar<br>Paquet\u00e1 b\u00e1 Baob\u00e1<br>Baobando<br>B\u00e1 beleza brilho no mar<br>B\u00e1 Baob\u00e1<br>Baobei<br>Beijei o Baob\u00e1.<\/p>\n\n\n\n<p class=\"has-text-align-center has-white-color has-black-background-color has-text-color has-background has-link-color has-medium-font-size wp-elements-846f59ddf7e817f4375ff3e85ccde7a0\">VERS\u00c3O INDEFINIDA- F\u00e1bio Fernando<\/p>\n\n\n\n<figure class=\"wp-block-image size-full\"><img loading=\"lazy\" decoding=\"async\" width=\"864\" height=\"948\" src=\"http:\/\/pontocomletra.nossopapel.org.br\/wp-content\/uploads\/2025\/06\/WhatsApp-Image-2025-06-26-at-12.13.50.jpeg\" alt=\"\" class=\"wp-image-667\" srcset=\"https:\/\/pontocomletra.nossopapel.org.br\/wp-content\/uploads\/2025\/06\/WhatsApp-Image-2025-06-26-at-12.13.50.jpeg 864w, https:\/\/pontocomletra.nossopapel.org.br\/wp-content\/uploads\/2025\/06\/WhatsApp-Image-2025-06-26-at-12.13.50-273x300.jpeg 273w, https:\/\/pontocomletra.nossopapel.org.br\/wp-content\/uploads\/2025\/06\/WhatsApp-Image-2025-06-26-at-12.13.50-768x843.jpeg 768w\" sizes=\"auto, (max-width: 864px) 100vw, 864px\" \/><\/figure>\n\n\n\n<p>\u201cJe est um autre\u201d<br>&#8211; Arthur Rimbaud<\/p>\n\n\n\n<p>Nasci, tomado de poesia e tra\u00e7os,<br>Num mundo repleto de pessoas,<br>Flores, montanhas, cidades e<br>colmeias. Estradas, estrelas<br>de lata e verdadeiras.<\/p>\n\n\n\n<p>Riachos, lavouras, f\u00e1bricas,<br>ger\u00eancias de cores e sombras,<br>artefatos do instinto e da raz\u00e3o,<br>entre seres, hom\u00fanculos e pag\u00e3os:<br>tanto n\u00e3o a mesma natureza.<\/p>\n\n\n\n<p>Em crescimento, assumi<br>letras\/chaves\/objetos\/olhares,<br>muitos \u201csempre\u201d e alguns \u201cn\u00e3os\u201d.<br>Formas, t\u00e3o diferentes, de tempos<br>ainda sem explica\u00e7\u00e3o.<\/p>\n\n\n\n<p>Hoje, sou todos os dias, velho,<br>ainda sem resto, menino inacabado \u2013<br>n\u00e3o trago o dizer que apreendi,<br>surgindo a poesia ao redor.<\/p>\n\n\n\n<p>Preciso e caudaloso, masco o celho,<br>Sangue l\u00edmpido atrav\u00e9s do suor.<\/p>\n\n\n\n<p><\/p>\n\n\n\n<p class=\"has-text-align-center has-white-color has-black-background-color has-text-color has-background has-link-color wp-elements-f0393cf22980983dc7704d03ae1ced13\"><strong>PAQUET\u00c1- \u00c2ngela Maria Carrocino<\/strong><\/p>\n\n\n\n<figure class=\"wp-block-image size-large\"><img loading=\"lazy\" decoding=\"async\" width=\"1024\" height=\"768\" src=\"http:\/\/pontocomletra.nossopapel.org.br\/wp-content\/uploads\/2025\/06\/WhatsApp-Image-2025-06-26-at-14.10.49-1024x768.jpeg\" alt=\"\" class=\"wp-image-664\" srcset=\"https:\/\/pontocomletra.nossopapel.org.br\/wp-content\/uploads\/2025\/06\/WhatsApp-Image-2025-06-26-at-14.10.49-1024x768.jpeg 1024w, https:\/\/pontocomletra.nossopapel.org.br\/wp-content\/uploads\/2025\/06\/WhatsApp-Image-2025-06-26-at-14.10.49-300x225.jpeg 300w, https:\/\/pontocomletra.nossopapel.org.br\/wp-content\/uploads\/2025\/06\/WhatsApp-Image-2025-06-26-at-14.10.49-768x576.jpeg 768w, https:\/\/pontocomletra.nossopapel.org.br\/wp-content\/uploads\/2025\/06\/WhatsApp-Image-2025-06-26-at-14.10.49.jpeg 1238w\" sizes=\"auto, (max-width: 1024px) 100vw, 1024px\" \/><\/figure>\n\n\n\n<p>Paquet\u00e1 me remete a inf\u00e2ncia<br>N\u00e3o s\u00f3 pelas lembran\u00e7as<br>Dos piqueniques familiares de ent\u00e3o<br>Mas principalmente pela alma de hoje,<br>Nesse mundo em turbilh\u00e3o\u2026<br>Onde mais se pode ver<br>Crian\u00e7as nas ruas a brincar?<br>N\u00e3o h\u00e1 medo de carros,<br>Porque carros n\u00e3o h\u00e1!<br>As \u00e1guas, calmas e serenas,<br>Impedem o medo do mar.<\/p>\n\n\n\n<p><\/p>\n\n\n\n<p>PAQUET\u00c1 E SEUS AMORES &#8211; Nanci Vicente<\/p>\n\n\n\n<figure class=\"wp-block-image size-full\"><img loading=\"lazy\" decoding=\"async\" width=\"960\" height=\"720\" src=\"http:\/\/pontocomletra.nossopapel.org.br\/wp-content\/uploads\/2025\/06\/WhatsApp-Image-2025-06-26-at-14.09.46.jpeg\" alt=\"\" class=\"wp-image-665\" srcset=\"https:\/\/pontocomletra.nossopapel.org.br\/wp-content\/uploads\/2025\/06\/WhatsApp-Image-2025-06-26-at-14.09.46.jpeg 960w, https:\/\/pontocomletra.nossopapel.org.br\/wp-content\/uploads\/2025\/06\/WhatsApp-Image-2025-06-26-at-14.09.46-300x225.jpeg 300w, https:\/\/pontocomletra.nossopapel.org.br\/wp-content\/uploads\/2025\/06\/WhatsApp-Image-2025-06-26-at-14.09.46-768x576.jpeg 768w\" sizes=\"auto, (max-width: 960px) 100vw, 960px\" \/><\/figure>\n\n\n\n<p>Paquet\u00e1 de todos os amores,<br>que circulam por suas ruas buc\u00f3licas:<br>os pueris, saudados pelas gaivotas<br>numa aquarela de liberdade<br>e beleza infantis;<br>os unidos pelo sacramento,<br>cortejados por sinfonias de p\u00e1ssaros<br>a cada manh\u00e3 e entardecer;<br>os marginalizados, protegidos pelo manto<br>de flamboyants, bougainvilles e ip\u00eas,<br>mesclando poesia no ar;<br>os clandestinos, que buscam a parceria<br>de praias calmas beijando a areia,<br>enquanto o desejo incendeia.<br>Paquet\u00e1 de todos os amores,<br>ningu\u00e9m resiste a voc\u00ea!<br>Tamb\u00e9m, como n\u00e3o ceder<br>a um p\u00f4r-do-sol afrodis\u00edaco<br>e a um luar para l\u00e1 de zen?!<\/p>\n\n\n\n<p>Nanci Vicente<\/p>\n\n\n\n<p>COVERSA COM A NATUREZA &#8211; Ju\u00e7ara Valverde<\/p>\n\n\n\n<figure class=\"wp-block-image size-large\"><img loading=\"lazy\" decoding=\"async\" width=\"707\" height=\"1024\" src=\"http:\/\/pontocomletra.nossopapel.org.br\/wp-content\/uploads\/2025\/06\/IMG-20250630-WA0009-707x1024.jpg\" alt=\"\" class=\"wp-image-708\" srcset=\"https:\/\/pontocomletra.nossopapel.org.br\/wp-content\/uploads\/2025\/06\/IMG-20250630-WA0009-707x1024.jpg 707w, https:\/\/pontocomletra.nossopapel.org.br\/wp-content\/uploads\/2025\/06\/IMG-20250630-WA0009-207x300.jpg 207w, https:\/\/pontocomletra.nossopapel.org.br\/wp-content\/uploads\/2025\/06\/IMG-20250630-WA0009-768x1112.jpg 768w, https:\/\/pontocomletra.nossopapel.org.br\/wp-content\/uploads\/2025\/06\/IMG-20250630-WA0009.jpg 829w\" sizes=\"auto, (max-width: 707px) 100vw, 707px\" \/><\/figure>\n\n\n\n<p>Inf\u00e2ncia entre jardins,<br>lembran\u00e7as perfumadas,<br>trazidas pelo verde-natureza<br>das paisagens de Paquet\u00e1.<\/p>\n\n\n\n<p>Vislumbro o Baob\u00e1,<br>que n\u00e3o consigo abra\u00e7ar,<br>o fato \u00e9 dif\u00edcil de enquadrar.<br>Persist\u00eancia e resist\u00eancia.<\/p>\n\n\n\n<p>\u00c9 a obstina\u00e7\u00e3o da natureza,<br>que o tempo deixou para ficar.<br>Encheu minha vida vazia,<br>esta tarde de paz e harmonia,<\/p>\n\n\n\n<p>Passado chegando ao presente,<br>em que a m\u00e3e-natureza,<br>acalmou minha alma<br>ao deslumbrar meu olhar.<\/p>\n\n\n\n<p>Ju\u00e7ara Valverde<\/p>\n\n\n\n<p><\/p>\n\n\n\n<p class=\"has-text-align-center has-white-color has-black-background-color has-text-color has-background has-link-color has-medium-font-size wp-elements-9925c8c6644f6ef6808aaafcdece8538\">MOUSSE DE CHOCOLATE &#8211; Roberto Vasco<\/p>\n\n\n\n<figure class=\"wp-block-image size-full\"><img loading=\"lazy\" decoding=\"async\" width=\"481\" height=\"612\" src=\"http:\/\/pontocomletra.nossopapel.org.br\/wp-content\/uploads\/2025\/07\/WhatsApp-Image-2025-07-07-at-11.31.19.jpeg\" alt=\"\" class=\"wp-image-802\" srcset=\"https:\/\/pontocomletra.nossopapel.org.br\/wp-content\/uploads\/2025\/07\/WhatsApp-Image-2025-07-07-at-11.31.19.jpeg 481w, https:\/\/pontocomletra.nossopapel.org.br\/wp-content\/uploads\/2025\/07\/WhatsApp-Image-2025-07-07-at-11.31.19-236x300.jpeg 236w\" sizes=\"auto, (max-width: 481px) 100vw, 481px\" \/><\/figure>\n\n\n\n<p>Quem conhece a Moreninha?<br>Sim cada um tem a sua!<br>O congresso tamb\u00e9m tem:<br>Lucia Matos luz da lua!<br>Com o seu manto escarlate,<br>a mousse de chocolate,<br>\u00e9 aquela escultura nua.<\/p>\n\n\n\n<p>Nua de toda a soberba,<br>e tamb\u00e9m de preconceito,<br>consci\u00eancia, \u00e9 seu travesseiro,<br>sem inveja, pior defeito.<br>Pureza, sem vaidade,<br>raz\u00e3o da felicidade,<br>da dignidade e respeito.<\/p>\n\n\n\n<p>Tem uma parte mulher,<br>a outra parte \u00e9 entidade,<br>Nan\u00e3 da terra e luar,<br>singela dualidade,<br>meia Deusa, meia gente,<br>em cada mundo presente,<br>sutil, materialidade!<\/p>\n\n\n\n<p>Mousse doce, como amor!<br>Fustigada tem pimenta,<br>mais ardente que a fogueira,<br>provocou, agora aguenta:<br>\u00c9 pimenta malagueta,<br>estoura qual espoleta,<br>mas, com o amor, acalenta.<\/p>\n\n\n\n<p>Total, a causa se entrega,<br>exemplo de abnega\u00e7\u00e3o!<br>Tem o c\u00e9u como limite,<br>na \u00e9tica e na raz\u00e3o.<br>Com saber e compet\u00eancia,<br>primando pela dec\u00eancia,<br>prov\u00ea a coordena\u00e7\u00e3o!<\/p>\n\n\n\n<p>N\u00e3o querendo ser submissa,<br>sabe agir com resili\u00eancia,<br>se mudar for imposs\u00edvel.<br>Por\u00e9m com muita paci\u00eancia,<br>se \u00e9 poss\u00edvel a mudan\u00e7a,<br>luta com perseveran\u00e7a!<br>Fa\u00e7o a minha rever\u00eancia!<\/p>\n\n\n\n<p>Finalmente a apoteose:<br>a avenida iluminada,<br>no ch\u00e3o, tapete vermelho.<br>Com graciosa passada,<br>a mousse de chocolate,<br>com o seu manto escarlate,<br>evolui quase apressada!<\/p>\n\n\n\n<p>Agito em Paquet\u00e1!<br>Eleita a musa da festa,<br>L\u00facia Matos, na cabe\u00e7a,<br>Tiara e estrela na testa,<br>Chega a mousse, maravilha,<br>\u201cTroveata\u201d pela ilha,<br>aplaudir \u00e9 o que nos resta!<\/p>\n\n\n\n<p>Roberto Vasco<\/p>\n\n\n\n<p><\/p>\n\n\n\n<p class=\"has-text-align-center has-white-color has-black-background-color has-text-color has-background has-link-color wp-elements-132b5366a0a4c31100f4526253113d8a\"><strong>A MORENINHA DE PAQUET\u00c1<\/strong><\/p>\n\n\n\n<iframe loading=\"lazy\" width=\"560\" height=\"315\" src=\"https:\/\/www.youtube.com\/embed\/V0FfGmpPAUA?si=SzirOdHaMrqicFPA\" title=\"YouTube video player\" frameborder=\"0\" allow=\"accelerometer; autoplay; clipboard-write; encrypted-media; gyroscope; picture-in-picture; web-share\" referrerpolicy=\"strict-origin-when-cross-origin\" allowfullscreen><\/iframe>\n\n\n\n<p>Refr\u00e3o<br>Oh! Moreninha vem c\u00e1!<br>Me leva pra Paquet\u00e1!<br>Teu beijo tem magia e luar!<br>Oh! Moreninha deixa eu te amar!<\/p>\n\n\n\n<p>Oh! Moreninha, flor do luar,<br>Teu riso \u00e9 mel, teu olhar \u00e9 mar!<br>o poeta numa aposta ousada:<br>Se o cora\u00e7\u00e3o apaixonado ficasse,<br>Um romance seria publicado.<\/p>\n\n\n\n<p>O amigo travesso numa trama insana:<br>&#8220;Esque\u00e7a \u00e0quela dama&#8221;,<br>Por\u00e9m o prisioneiro numa jura de amor:<br>Jamais esqueceu a minha flor!<\/p>\n\n\n\n<p>O camafeu guardado no peito,<br>Destino de um gesto perfeito.<br>No final da gruta, o v\u00e9u se desfaz,<br>Carolina \u00e9 a Menina,<br>Da promessa, paix\u00e3o e da paz!<\/p>\n\n\n\n<p>A ilha eternizada pelo autor,<br>Virou o para\u00edso do amor!<br>Paquet\u00e1 anfitri\u00e3 de poetas e escritores,<br>Mem\u00f3rias da Moreninha, sucessos do Congresso Brasileiro Poetas Trovadores!<\/p>\n\n\n\n<p>Edilson Celestino Ferreira<br>Autor<\/p>\n\n\n\n<p class=\"has-white-color has-black-background-color has-text-color has-background has-link-color has-medium-font-size wp-elements-f1af259f1a73e701d8a141021ab6b742\">Homenagem a Paquet\u00e1, ao seu povo invulgar e a S\u00e3o Roque, o seu padroeiro. Tais fatores transformam nossa Ilha  num lugar maravilhoso e encantador!<\/p>\n\n\n\n<iframe loading=\"lazy\" width=\"560\" height=\"315\" src=\"https:\/\/www.youtube.com\/embed\/ippYiri1-Rk?si=hu4tJqgZNX-ICCcT\" title=\"YouTube video player\" frameborder=\"0\" allow=\"accelerometer; autoplay; clipboard-write; encrypted-media; gyroscope; picture-in-picture; web-share\" referrerpolicy=\"strict-origin-when-cross-origin\" allowfullscreen><\/iframe>\n\n\n\n<p class=\"has-text-align-center has-white-color has-black-background-color has-text-color has-background has-link-color has-medium-font-size wp-elements-071b4c4c123fcc87f908ee79f7af14f0\"><strong>A ponte chora, a pedra sorri &#8211; Mar\u00edlia Galante<\/strong><\/p>\n\n\n\n<figure class=\"wp-block-image size-full\"><img loading=\"lazy\" decoding=\"async\" width=\"640\" height=\"640\" src=\"http:\/\/pontocomletra.nossopapel.org.br\/wp-content\/uploads\/2025\/08\/IMG-20250827-WA0029.jpg\" alt=\"\" class=\"wp-image-1106\" srcset=\"https:\/\/pontocomletra.nossopapel.org.br\/wp-content\/uploads\/2025\/08\/IMG-20250827-WA0029.jpg 640w, https:\/\/pontocomletra.nossopapel.org.br\/wp-content\/uploads\/2025\/08\/IMG-20250827-WA0029-300x300.jpg 300w, https:\/\/pontocomletra.nossopapel.org.br\/wp-content\/uploads\/2025\/08\/IMG-20250827-WA0029-150x150.jpg 150w\" sizes=\"auto, (max-width: 640px) 100vw, 640px\" \/><\/figure>\n\n\n\n<p>Na curva serena da ilha encantada<br>A ponte da saudade repousa calada<br>Sobre as \u00e1guas conta, num lamento doce<br>As lembran\u00e7as que o tempo jamais adormece<\/p>\n\n\n\n<p><br>Quem passa por ela, sente no peito<br>O eco de um beijo, um amor desfeito<br>\u00c9 ponte que leva, mas nunca se vai<br>Guarda segredos que o cora\u00e7\u00e3o atrai.<\/p>\n\n\n\n<p><br>Mais adiante, sobre o c\u00e9u estrelado<br>Est\u00e1 a pedra dos namorados<br>Ali dois cora\u00e7\u00f5es, ou mais de mil<br>Juraram promessas num sonho sutil<\/p>\n\n\n\n<p><br>A brisa que sopra, conhece os amantes,<br>Sabe dos risos, dos olhos brilhantes<br>Pedra firme, guardi\u00e3 do querer<br>Onde o tempo n\u00e3o cansa de florescer<\/p>\n\n\n\n<p><br>A ponte chora o que ficou pra tr\u00e1s<br>Entre saudade e paix\u00e3o acesa<br>Mora a beleza da vida<br>Com toda certeza.<\/p>\n\n\n\n<p><br>Por<br>Mar\u00edlia Galante Mendes<\/p>\n\n\n\n<p><\/p>\n\n\n\n<p><\/p>\n\n\n\n<p class=\"has-text-align-center has-white-color has-black-background-color has-text-color has-background has-link-color wp-elements-2d4f8559e4ada0553700bf4b6a2884b1\"><strong>Rio, seu lindo!  &#8211; MARISA QUEIROZ<\/strong><\/p>\n\n\n\n<figure class=\"wp-block-image size-full\"><img loading=\"lazy\" decoding=\"async\" width=\"692\" height=\"726\" src=\"http:\/\/pontocomletra.nossopapel.org.br\/wp-content\/uploads\/2025\/10\/WhatsApp-Image-2025-10-03-at-11.15.42.jpeg\" alt=\"\" class=\"wp-image-1343\" srcset=\"https:\/\/pontocomletra.nossopapel.org.br\/wp-content\/uploads\/2025\/10\/WhatsApp-Image-2025-10-03-at-11.15.42.jpeg 692w, https:\/\/pontocomletra.nossopapel.org.br\/wp-content\/uploads\/2025\/10\/WhatsApp-Image-2025-10-03-at-11.15.42-286x300.jpeg 286w\" sizes=\"auto, (max-width: 692px) 100vw, 692px\" \/><\/figure>\n\n\n\n<p>Caminhar pelas praias do Rio<br>\u00c9 se esbarrar nos sete pecados capitais<br>Encho-me de pregui\u00e7a nas areias de Ipanema,<br>a velha garota, m\u00fasica, musa e poema<br>Caminho com soberba do Leme ao Leblon<br>e me encho de orgulho em Copacabana.<br>\u00c9 bacana! \u00c9 bacana!\u2026<\/p>\n\n\n\n<p>Sinto gula pelo P\u00e3o de A\u00e7\u00facar<br>E adoraria come-lo inteiro na Mesa do Imperador<br>Tomando uma \u00e1gua de coco e fazendo Vista Chinesa<br>Morro de desejo e lux\u00faria pelos Dois Irm\u00e3os<br>N\u00e3o sou l\u00e1 uma puta Pedra Bonita,<br>mas s\u00f3 Deus sabe o que faria com eles l\u00e1 na Praia do Diabo<\/p>\n\n\n\n<p>Tenho avareza pelas conchinhas do mar<br>E queria esconder todas pra ningu\u00e9m pegar<br>Invejo as curvas da Princesa do Mar<br>Sempre elegante com seu colar de p\u00e9rolas<br>Mas tomo-me iracunda na hora de lhe deixar<\/p>\n\n\n\n<p>Oro quando aplaudo o por do sol na pedra do Arpoador<br>E sempre pe\u00e7o perd\u00e3o por meus pecados ao Redentor<\/p>\n\n\n\n<p>Ser carioca \u00e9 ser feliz o ano inteiro<br>E \u00e9 por isso que eu rio, de janeiro a janeiro<br>Rio e me encanto ao som da cu\u00edca e do pandeiro<br>Sou aquarela e sou brasileiro<br>Sou carioca, natural do Rio de Janeiro.<\/p>\n\n\n\n<p><\/p>\n\n\n\n<p class=\"has-text-align-center has-white-color has-black-background-color has-text-color has-background has-link-color has-medium-font-size wp-elements-ca39cdb71c60195f82b65093d462fa3a\"><strong>Hino do Grupo Ilha dos Amores<\/strong><\/p>\n\n\n\n<figure class=\"wp-block-image size-large\"><img loading=\"lazy\" decoding=\"async\" width=\"1024\" height=\"781\" src=\"http:\/\/pontocomletra.nossopapel.org.br\/wp-content\/uploads\/2025\/10\/WhatsApp-Image-2025-10-03-at-06.31.57-1024x781.jpeg\" alt=\"\" class=\"wp-image-1342\" srcset=\"https:\/\/pontocomletra.nossopapel.org.br\/wp-content\/uploads\/2025\/10\/WhatsApp-Image-2025-10-03-at-06.31.57-1024x781.jpeg 1024w, https:\/\/pontocomletra.nossopapel.org.br\/wp-content\/uploads\/2025\/10\/WhatsApp-Image-2025-10-03-at-06.31.57-300x229.jpeg 300w, https:\/\/pontocomletra.nossopapel.org.br\/wp-content\/uploads\/2025\/10\/WhatsApp-Image-2025-10-03-at-06.31.57-768x586.jpeg 768w, https:\/\/pontocomletra.nossopapel.org.br\/wp-content\/uploads\/2025\/10\/WhatsApp-Image-2025-10-03-at-06.31.57.jpeg 1258w\" sizes=\"auto, (max-width: 1024px) 100vw, 1024px\" \/><\/figure>\n\n\n\n<p><\/p>\n\n\n\n<p>Entre os framboyants<br>Na encantadora Paquet\u00e1<br>Nasceu o grupo Ilha dos Amores<br>Que agora vai se apresentar<br>Dando exemplo de vida, amizade e amor<br>Promovendo encontros de alegria<br>Levando otimismo aonde for<br>Nosso compromisso \u00e9 levar fraternidade<br>Aos cora\u00e7\u00f5es abertos de emo\u00e7\u00e3o<br>\u00c9 mostrar que n\u00e3o existe idade<br>Para ser feliz e fazer o que se gosta<br>Cantamos, dan\u00e7amos e interpretamos<br>E n\u00e3o deixamos de acreditar<br>Que a vida \u00e9 bela pra quem sabe aproveitar<br>Que a vida \u00e9 bela pra quem sabe aproveitar<\/p>\n\n\n\n<p><\/p>\n\n\n\n<p class=\"has-text-align-center has-white-color has-black-background-color has-text-color has-background has-link-color has-medium-font-size wp-elements-c9519bcf473bcee3a88a800e99874e82\"><strong>Rio antigo: bondes, moda e carnaval<\/strong><\/p>\n\n\n\n<p><\/p>\n\n\n\n<p>\u201cA cidade que um dia existiu<\/p>\n\n\n\n<p> e est\u00e1 para sempre perdida <\/p>\n\n\n\n<p>Foi um Rio que passou <\/p>\n\n\n\n<p>em nossas vidas\u201d <\/p>\n\n\n\n<p>    \ud83d\ude4b\ud83c\udffb\u200d\u2642\ufe0f S.R.C. \u270d\ufe0f<\/p>\n\n\n\n<figure class=\"wp-block-image size-large\"><img loading=\"lazy\" decoding=\"async\" width=\"734\" height=\"1024\" src=\"https:\/\/pontocomletra.nossopapel.org.br\/wp-content\/uploads\/2025\/10\/IMG-20251002-WA0112-1-734x1024.jpg\" alt=\"\" class=\"wp-image-1334\" srcset=\"https:\/\/pontocomletra.nossopapel.org.br\/wp-content\/uploads\/2025\/10\/IMG-20251002-WA0112-1-734x1024.jpg 734w, https:\/\/pontocomletra.nossopapel.org.br\/wp-content\/uploads\/2025\/10\/IMG-20251002-WA0112-1-215x300.jpg 215w, https:\/\/pontocomletra.nossopapel.org.br\/wp-content\/uploads\/2025\/10\/IMG-20251002-WA0112-1-768x1071.jpg 768w, https:\/\/pontocomletra.nossopapel.org.br\/wp-content\/uploads\/2025\/10\/IMG-20251002-WA0112-1.jpg 918w\" sizes=\"auto, (max-width: 734px) 100vw, 734px\" \/><\/figure>\n","protected":false},"excerpt":{"rendered":"<p>Homenagem aos 460 anos do Rio de Janeiro, por Nina Fernandes Nina Fernandes &#8211; \u00e9 com muita alegria e encanto<\/p>\n","protected":false},"author":2,"featured_media":0,"parent":0,"menu_order":0,"comment_status":"closed","ping_status":"closed","template":"","meta":{"colormag_page_layout":"default_layout","_editorskit_title_hidden":false,"_editorskit_reading_time":0,"_editorskit_is_block_options_detached":false,"_editorskit_block_options_position":"{}","footnotes":""},"class_list":["post-125","page","type-page","status-publish","hentry"],"_links":{"self":[{"href":"https:\/\/pontocomletra.nossopapel.org.br\/index.php?rest_route=\/wp\/v2\/pages\/125","targetHints":{"allow":["GET"]}}],"collection":[{"href":"https:\/\/pontocomletra.nossopapel.org.br\/index.php?rest_route=\/wp\/v2\/pages"}],"about":[{"href":"https:\/\/pontocomletra.nossopapel.org.br\/index.php?rest_route=\/wp\/v2\/types\/page"}],"author":[{"embeddable":true,"href":"https:\/\/pontocomletra.nossopapel.org.br\/index.php?rest_route=\/wp\/v2\/users\/2"}],"replies":[{"embeddable":true,"href":"https:\/\/pontocomletra.nossopapel.org.br\/index.php?rest_route=%2Fwp%2Fv2%2Fcomments&post=125"}],"version-history":[{"count":22,"href":"https:\/\/pontocomletra.nossopapel.org.br\/index.php?rest_route=\/wp\/v2\/pages\/125\/revisions"}],"predecessor-version":[{"id":1353,"href":"https:\/\/pontocomletra.nossopapel.org.br\/index.php?rest_route=\/wp\/v2\/pages\/125\/revisions\/1353"}],"wp:attachment":[{"href":"https:\/\/pontocomletra.nossopapel.org.br\/index.php?rest_route=%2Fwp%2Fv2%2Fmedia&parent=125"}],"curies":[{"name":"wp","href":"https:\/\/api.w.org\/{rel}","templated":true}]}}